{"id":39866,"date":"2020-06-19T21:19:57","date_gmt":"2020-06-19T19:19:57","guid":{"rendered":"https:\/\/sg.admk-dev.de\/lobbytransparenz-2009-2016\/"},"modified":"2020-06-22T13:43:06","modified_gmt":"2020-06-22T11:43:06","slug":"lobbytransparenz-2009-2016","status":"publish","type":"page","link":"https:\/\/sven-giegold.de\/en\/lobbytransparenz-2009-2016\/","title":{"rendered":"Lobbytransparenz 2009-2016"},"content":{"rendered":"<p>These are all lobby meetings and lobby input before the introduction of LobbyCal.<\/p>\n\n<table id=\"tablepress-3\" class=\"tablepress tablepress-id-3\">\n<thead>\n<tr class=\"row-1\">\n\t<th class=\"column-1\">WER hat uns kontaktiert?<br \/>\nWHO did contact us?<\/th><th class=\"column-2\">WANN?<br \/>\nWHEN?<\/th><th class=\"column-3\">WAS war das Anliegen?<br \/>\nWHAT was the request?<\/th><th class=\"column-4\">WIE haben wir reagiert?<br \/>\nHOW did we respond?<\/th>\n<\/tr>\n<\/thead>\n<tbody class=\"row-striping\">\n<tr class=\"row-2\">\n\t<td class=\"column-1\"><\/td><td class=\"column-2\"><\/td><td class=\"column-3\"><\/td><td class=\"column-4\"><\/td>\n<\/tr>\n<tr class=\"row-3\">\n\t<td class=\"column-1\">M\u00e4rz 2014<\/td><td class=\"column-2\"><\/td><td class=\"column-3\"><\/td><td class=\"column-4\"><\/td>\n<\/tr>\n<tr class=\"row-4\">\n\t<td class=\"column-1\"><\/td><td class=\"column-2\"><\/td><td class=\"column-3\"><\/td><td class=\"column-4\"><\/td>\n<\/tr>\n<tr class=\"row-5\">\n\t<td class=\"column-1\">Deutscher Verein f\u00fcr \u00f6ffentliche und private F\u00fcrsorge e. V.<\/td><td class=\"column-2\">19.03.14<\/td><td class=\"column-3\">Forderungen im Rahmen der laufenden \u00dcberpr\u00fcfung der EU-Vorschirften zur Mehrwertsteuer f\u00fcr \u00f6ffentliche und private Tr\u00e4ger<\/td><td class=\"column-4\"><\/td>\n<\/tr>\n<tr class=\"row-6\">\n\t<td class=\"column-1\">Carrefour<\/td><td class=\"column-2\">17.03.14<\/td><td class=\"column-3\">Statement on the report on interchange fees for card-based payment transactions<\/td><td class=\"column-4\"><\/td>\n<\/tr>\n<tr class=\"row-7\">\n\t<td class=\"column-1\">Zentralverband Elektrotechnik- und Elektroindustrie e.V. (ZVEI)<\/td><td class=\"column-2\">17.03.14<\/td><td class=\"column-3\">Stellungnahme zur geplanten Abstimmung zur Verbraucherproduktesicherheitsverordnung<\/td><td class=\"column-4\"><\/td>\n<\/tr>\n<tr class=\"row-8\">\n\t<td class=\"column-1\">Aktionsb\u00fcndnis No Moor Fracking<\/td><td class=\"column-2\">11.03.14<\/td><td class=\"column-3\">Aufforderung die Richtlinie \u00fcber Umweltvertr\u00e4glichkeitspr\u00fcfung bei bestimmten \u00f6ffentlichen und privaten Projekten abzulehnen<\/td><td class=\"column-4\"><\/td>\n<\/tr>\n<tr class=\"row-9\">\n\t<td class=\"column-1\">The European Consumer Organisation (BEUC)<\/td><td class=\"column-2\">11.03.14<\/td><td class=\"column-3\">Statement ont the revision of the Package Travel Directive<\/td><td class=\"column-4\"><\/td>\n<\/tr>\n<tr class=\"row-10\">\n\t<td class=\"column-1\">European Small Business Alliance (ESBA)<\/td><td class=\"column-2\">11.03.14<\/td><td class=\"column-3\">Statement on the the data protection report<\/td><td class=\"column-4\"><\/td>\n<\/tr>\n<tr class=\"row-11\">\n\t<td class=\"column-1\">Ecommerce Europe<\/td><td class=\"column-2\">11.03.14<\/td><td class=\"column-3\">Statement on the Reform of the Data Protection Regulation with plea to vote against it<\/td><td class=\"column-4\"><\/td>\n<\/tr>\n<tr class=\"row-12\">\n\t<td class=\"column-1\">BusinessEurope<\/td><td class=\"column-2\">11.03.14<\/td><td class=\"column-3\">Statement on the General Data Protection Regulation<\/td><td class=\"column-4\"><\/td>\n<\/tr>\n<tr class=\"row-13\">\n\t<td class=\"column-1\">European Dignity Watch<\/td><td class=\"column-2\">10.03.14<\/td><td class=\"column-3\">Statement on the report \"On equality between women and men in the European Union - 2012\" with plea to reject it<\/td><td class=\"column-4\"><\/td>\n<\/tr>\n<tr class=\"row-14\">\n\t<td class=\"column-1\">Deutsche Umwelthilfe e.V.<\/td><td class=\"column-2\">10.03.14<\/td><td class=\"column-3\">Stellungnahme zur Abstimmung \u00fcber die F-Gas Verordnung<\/td><td class=\"column-4\"><\/td>\n<\/tr>\n<tr class=\"row-15\">\n\t<td class=\"column-1\">European Seed Association<\/td><td class=\"column-2\">10.03.14<\/td><td class=\"column-3\">Statement on the proposal on the production and marketing of seeds in Europe<\/td><td class=\"column-4\"><\/td>\n<\/tr>\n<tr class=\"row-16\">\n\t<td class=\"column-1\">European Women\u00b4s Lobby<\/td><td class=\"column-2\">08.03.14<\/td><td class=\"column-3\">Manifesto for the European Parliament elections 2014<\/td><td class=\"column-4\"><\/td>\n<\/tr>\n<tr class=\"row-17\">\n\t<td class=\"column-1\">Bundesverband Informationswirtschaft, Telekommunikation und neue Medien e.V. (BITKOM)<\/td><td class=\"column-2\">07.03.14<\/td><td class=\"column-3\">Stellungnahme zum Entwurf der EU-Datenschutzverordnung<\/td><td class=\"column-4\"><\/td>\n<\/tr>\n<tr class=\"row-18\">\n\t<td class=\"column-1\">Deutscher Hotel- und Gastst\u00e4ttenverband e.V. (DEHOGA)<\/td><td class=\"column-2\">07.03.14<\/td><td class=\"column-3\">Vorschlag f\u00fcr eine Richtlinie \u00fcber Pauschal- und Bausteinreisen<\/td><td class=\"column-4\"><\/td>\n<\/tr>\n<tr class=\"row-19\">\n\t<td class=\"column-1\">Internationale Handwerksmesse<\/td><td class=\"column-2\">06.03.14<\/td><td class=\"column-3\">Einladung zur Er\u00f6ffnung der Internationalen Handwerksmesse am 12. M\u00e4rz<\/td><td class=\"column-4\">abgesagt<\/td>\n<\/tr>\n<tr class=\"row-20\">\n\t<td class=\"column-1\">Hannover Messe<\/td><td class=\"column-2\">06.03.14<\/td><td class=\"column-3\">Einladung zur Er\u00f6ffnungsfeier der Hannover Messe 2014 am 6. April<\/td><td class=\"column-4\">abgesagt<\/td>\n<\/tr>\n<tr class=\"row-21\">\n\t<td class=\"column-1\">Gesamtverband der Deutschen Versicherungswirtschaft e.V.<\/td><td class=\"column-2\">06.03.14<\/td><td class=\"column-3\">Einladung zum Parlamentarischen Abend am 9. April<\/td><td class=\"column-4\">abgesagt<\/td>\n<\/tr>\n<tr class=\"row-22\">\n\t<td class=\"column-1\">Bundesverband deutscher Banken e.V.<\/td><td class=\"column-2\">06.03.14<\/td><td class=\"column-3\">Einladung zum 20. Deutschen Bankentag am 8. und 9. April in Berlin<\/td><td class=\"column-4\">abgesagt<\/td>\n<\/tr>\n<tr class=\"row-23\">\n\t<td class=\"column-1\">Association of Investment Companies<\/td><td class=\"column-2\">04.03.14<\/td><td class=\"column-3\">Statement on the 4th Money Laundering Directive<\/td><td class=\"column-4\"><\/td>\n<\/tr>\n<tr class=\"row-24\">\n\t<td class=\"column-1\">Deutscher Industrie- und Handelskammertag e.V.<\/td><td class=\"column-2\">03.03.14<\/td><td class=\"column-3\">Anfrage f\u00fcr ein Treffen mit dem neuen DIHK-Leiter bei der EU in Br\u00fcssel<\/td><td class=\"column-4\"><\/td>\n<\/tr>\n<tr class=\"row-25\">\n\t<td class=\"column-1\"><\/td><td class=\"column-2\"><\/td><td class=\"column-3\"><\/td><td class=\"column-4\"><\/td>\n<\/tr>\n<tr class=\"row-26\">\n\t<td class=\"column-1\">Februar 2014<\/td><td class=\"column-2\"><\/td><td class=\"column-3\"><\/td><td class=\"column-4\"><\/td>\n<\/tr>\n<tr class=\"row-27\">\n\t<td class=\"column-1\"><\/td><td class=\"column-2\"><\/td><td class=\"column-3\"><\/td><td class=\"column-4\"><\/td>\n<\/tr>\n<tr class=\"row-28\">\n\t<td class=\"column-1\">BusinessEurope<\/td><td class=\"column-2\">26.02.14<\/td><td class=\"column-3\">Statement on the proceedings of the Single Resolution Mechanism<\/td><td class=\"column-4\"><\/td>\n<\/tr>\n<tr class=\"row-29\">\n\t<td class=\"column-1\">Community of European Railway and Infrastructure Companies<\/td><td class=\"column-2\">25.02.14<\/td><td class=\"column-3\">Statement on the 4th Railway Package<\/td><td class=\"column-4\"><\/td>\n<\/tr>\n<tr class=\"row-30\">\n\t<td class=\"column-1\">European Promotional Products Association (eppa)<\/td><td class=\"column-2\">25.02.14<\/td><td class=\"column-3\">Statement on the regulation of e-cigarettes<\/td><td class=\"column-4\"><\/td>\n<\/tr>\n<tr class=\"row-31\">\n\t<td class=\"column-1\">Irish Countrywomen's Association<\/td><td class=\"column-2\">25.02.14<\/td><td class=\"column-3\">Statement on the report on sexual exploitation and prostitution and its impact on gender equality<\/td><td class=\"column-4\"><\/td>\n<\/tr>\n<tr class=\"row-32\">\n\t<td class=\"column-1\">European Network of Migrant Women (ENoMW)<\/td><td class=\"column-2\">25.02.14<\/td><td class=\"column-3\">Statement on the report on sexual exploitation and prostitution and its impact on gender equality<\/td><td class=\"column-4\"><\/td>\n<\/tr>\n<tr class=\"row-33\">\n\t<td class=\"column-1\">European Automobile Manufacturers' Association (ACEA)<\/td><td class=\"column-2\">25.02.14<\/td><td class=\"column-3\">Statement on the deployment of the eCall in-vehicle system<\/td><td class=\"column-4\"><\/td>\n<\/tr>\n<tr class=\"row-34\">\n\t<td class=\"column-1\">European Public Health Alliance (EPHA)<\/td><td class=\"column-2\">25.02.14<\/td><td class=\"column-3\">Statement on the report \"Fund for European Aid to the Most Deprived\"<\/td><td class=\"column-4\"><\/td>\n<\/tr>\n<tr class=\"row-35\">\n\t<td class=\"column-1\">European Rail Infrastructure Managers (EIM)<\/td><td class=\"column-2\">24.02.14<\/td><td class=\"column-3\">Statement on the 4th Railway Package<\/td><td class=\"column-4\"><\/td>\n<\/tr>\n<tr class=\"row-36\">\n\t<td class=\"column-1\">Gemeinn\u00fctzige Stiftung Sexualit\u00e4t und Gesundheit (GSSG)<\/td><td class=\"column-2\">24.02.14<\/td><td class=\"column-3\">Stellungnahme zum Bericht \u00fcber sexuelle Ausbeutung und Prostitution und deren Auswirkungen auf die<br \/>\nGleichstellung der Geschlechter<\/td><td class=\"column-4\"><\/td>\n<\/tr>\n<tr class=\"row-37\">\n\t<td class=\"column-1\">Berufsverband erotische und sexuelle Dienstleistungen<\/td><td class=\"column-2\">24.02.14<\/td><td class=\"column-3\">Stellungnahme zum Bericht \u00fcber sexuelle Ausbeutung und Prostitution und deren Auswirkungen auf die<br \/>\nGleichstellung der Geschlechter<\/td><td class=\"column-4\"><\/td>\n<\/tr>\n<tr class=\"row-38\">\n\t<td class=\"column-1\">Federated Investors, Inc. D.<\/td><td class=\"column-2\">24.02.14<\/td><td class=\"column-3\">Copy of \"A guide to understanding how Money Market Funds Serve Investors and Borrowers in the European Community\"<\/td><td class=\"column-4\"><\/td>\n<\/tr>\n<tr class=\"row-39\">\n\t<td class=\"column-1\">Interessengemeinschaft E-Dampfen<\/td><td class=\"column-2\">24.02.14<\/td><td class=\"column-3\">Stellungnahme zur Abstimmung der neuen Tabakrichtlinie der EU<\/td><td class=\"column-4\"><\/td>\n<\/tr>\n<tr class=\"row-40\">\n\t<td class=\"column-1\">Levizja FOL<\/td><td class=\"column-2\">22.02.14<\/td><td class=\"column-3\">Open Letter to EU Leadership and EU's representation and Presence in Kosovo<\/td><td class=\"column-4\"><\/td>\n<\/tr>\n<tr class=\"row-41\">\n\t<td class=\"column-1\">Flughafenverband ADV<\/td><td class=\"column-2\">20.02.14<\/td><td class=\"column-3\">Position zur neuen EU-Beihilfeleitlinie der EU-Kommission<\/td><td class=\"column-4\"><\/td>\n<\/tr>\n<tr class=\"row-42\">\n\t<td class=\"column-1\">Fundaci\u00f3n Internacional y para Iberoam\u00e9rica de Administraci\u00f3n y Pol\u00edticas P\u00fablicas (FIIAPP)<\/td><td class=\"column-2\">20.02.14<\/td><td class=\"column-3\">Invitation to be a panelist at the Eurosocial meeting on the 24th of March<\/td><td class=\"column-4\">abgesagt<\/td>\n<\/tr>\n<tr class=\"row-43\">\n\t<td class=\"column-1\">Bundesverband der Deutschen Industrie e.V.<\/td><td class=\"column-2\">20.02.14<\/td><td class=\"column-3\">Stellungnahme zum Verordnungsvorschlag f\u00fcr ein Gemeinsames Europ\u00e4isches Kaufrecht<\/td><td class=\"column-4\"><\/td>\n<\/tr>\n<tr class=\"row-44\">\n\t<td class=\"column-1\">European Digital Media Association (EDiMA)<\/td><td class=\"column-2\">20.02.14<\/td><td class=\"column-3\">Voting recommendations on the Payment Services Directive<\/td><td class=\"column-4\"><\/td>\n<\/tr>\n<tr class=\"row-45\">\n\t<td class=\"column-1\">American Chamber of Commerce to the EU (AmCham EU)<\/td><td class=\"column-2\">20.02.14<\/td><td class=\"column-3\">Statement on the Trademark Package<\/td><td class=\"column-4\"><\/td>\n<\/tr>\n<tr class=\"row-46\">\n\t<td class=\"column-1\">EuropeanIssuers<\/td><td class=\"column-2\">19.02.14<\/td><td class=\"column-3\">Meeting request to talk about PRIPs\/KID<\/td><td class=\"column-4\">abgesagt<\/td>\n<\/tr>\n<tr class=\"row-47\">\n\t<td class=\"column-1\">EuroCommerce<\/td><td class=\"column-2\">19.02.14<\/td><td class=\"column-3\">Recommendations on the MIF Regulation<\/td><td class=\"column-4\"><\/td>\n<\/tr>\n<tr class=\"row-48\">\n\t<td class=\"column-1\">European Transport Workers' Federation<\/td><td class=\"column-2\">19.02.14<\/td><td class=\"column-3\">Statement on the public passenger transport report<\/td><td class=\"column-4\"><\/td>\n<\/tr>\n<tr class=\"row-49\">\n\t<td class=\"column-1\">BusinessEurope<\/td><td class=\"column-2\">18.02.14<\/td><td class=\"column-3\">Position paper on the Quality framework for anticipation of change and restructuring by the European Commission<\/td><td class=\"column-4\"><\/td>\n<\/tr>\n<tr class=\"row-50\">\n\t<td class=\"column-1\">Danish Insurance Association<\/td><td class=\"column-2\">18.02.14<\/td><td class=\"column-3\">Statement on the IMD II report<\/td><td class=\"column-4\"><\/td>\n<\/tr>\n<tr class=\"row-51\">\n\t<td class=\"column-1\">British Retail Consortium (BRC)<\/td><td class=\"column-2\">18.02.14<\/td><td class=\"column-3\">Statement on the European payments market<\/td><td class=\"column-4\"><\/td>\n<\/tr>\n<tr class=\"row-52\">\n\t<td class=\"column-1\">American Express<\/td><td class=\"column-2\">18.02.14<\/td><td class=\"column-3\">Statement on the Payment Services Directive<\/td><td class=\"column-4\"><\/td>\n<\/tr>\n<tr class=\"row-53\">\n\t<td class=\"column-1\">Zentralverband Deutsches Baugewerbe (ZDB)<\/td><td class=\"column-2\">17.02.14<\/td><td class=\"column-3\">Stellungnahme zu der Richtlinie zur besseren Durchsetzung der Entsenderichtlinie<\/td><td class=\"column-4\"><\/td>\n<\/tr>\n<tr class=\"row-54\">\n\t<td class=\"column-1\">TheCityUK<\/td><td class=\"column-2\">14.02.14<\/td><td class=\"column-3\">Invitation to the report presentation \"Finance for Jobs and Growth in Europe\" on the 18th of March<\/td><td class=\"column-4\"><\/td>\n<\/tr>\n<tr class=\"row-55\">\n\t<td class=\"column-1\">European Federation of Financial Advisers and Financial Intermediaries (FECIF)<\/td><td class=\"column-2\">13.02.14<\/td><td class=\"column-3\">Statement on the ECON Report on Insurance Mediation<\/td><td class=\"column-4\"><\/td>\n<\/tr>\n<tr class=\"row-56\">\n\t<td class=\"column-1\">European trade association of hotels, restaurants and cafes (HOTREC)<\/td><td class=\"column-2\">13.02.14<\/td><td class=\"column-3\">Statement in the interchange fees for card-based payment transactions<\/td><td class=\"column-4\"><\/td>\n<\/tr>\n<tr class=\"row-57\">\n\t<td class=\"column-1\">European Banking Federation (EBF)<\/td><td class=\"column-2\">12.02.14<\/td><td class=\"column-3\">Invitation to a dinner event on on EU banking legislation on the 20th of March<\/td><td class=\"column-4\"><\/td>\n<\/tr>\n<tr class=\"row-58\">\n\t<td class=\"column-1\">European Savings and Retail Banking Group<\/td><td class=\"column-2\">12.02.14<\/td><td class=\"column-3\">Statement on the Interchange Fees Regulation<\/td><td class=\"column-4\"><\/td>\n<\/tr>\n<tr class=\"row-59\">\n\t<td class=\"column-1\">Autorit\u00e9 des march\u00e9s financiers (AMF)<\/td><td class=\"column-2\">12.02.14<\/td><td class=\"column-3\">Meeting request with the Chairmen of AMF regarding UCITs V and ESFS<\/td><td class=\"column-4\">angenommen<\/td>\n<\/tr>\n<tr class=\"row-60\">\n\t<td class=\"column-1\">Raiffeisenbank Dellmensingen eG<\/td><td class=\"column-2\">12.02.14<\/td><td class=\"column-3\">Einsch\u00e4tzung zu der Deckelung von Interchanges f\u00fcr Debit Transaktionen in der MIF Verordnung<\/td><td class=\"column-4\"><\/td>\n<\/tr>\n<tr class=\"row-61\">\n\t<td class=\"column-1\">European Digital Media Association (EDiMA)<\/td><td class=\"column-2\">12.02.14<\/td><td class=\"column-3\">Statement on amendments to the report on the MIF Regulation<\/td><td class=\"column-4\"><\/td>\n<\/tr>\n<tr class=\"row-62\">\n\t<td class=\"column-1\">European Federation of Financial Services Users<\/td><td class=\"column-2\">12.02.14<\/td><td class=\"column-3\">Invitation to the conference \"The Better Finance Manifesto - Challenges for the next 5 years\" on the 28th of March<\/td><td class=\"column-4\">abgesagt<\/td>\n<\/tr>\n<tr class=\"row-63\">\n\t<td class=\"column-1\">Deutscher Anwaltverein<\/td><td class=\"column-2\">11.02.14<\/td><td class=\"column-3\">Stellungnahme zu den \u00c4nderungsantr\u00e4gen der 4. Geldw\u00e4scherichtlinie<\/td><td class=\"column-4\"><\/td>\n<\/tr>\n<tr class=\"row-64\">\n\t<td class=\"column-1\">Austrian Economics Center<\/td><td class=\"column-2\">11.02.14<\/td><td class=\"column-3\">Einsch\u00e4tzung zu der Regulierung von multilateralen Abwicklungsgeb\u00fchren<\/td><td class=\"column-4\"><\/td>\n<\/tr>\n<tr class=\"row-65\">\n\t<td class=\"column-1\">European Parliamentary Financial Services Forum<\/td><td class=\"column-2\">10.02.14<\/td><td class=\"column-3\">Briefing paper on \"Review of the European Supervisory Authorities\" and invitation to a lunch discussion on the 11th of February<\/td><td class=\"column-4\">abgesagt<\/td>\n<\/tr>\n<tr class=\"row-66\">\n\t<td class=\"column-1\">Alber &amp; Geiger (for Gauselmann Group)<\/td><td class=\"column-2\">10.02.14<\/td><td class=\"column-3\">Statement on the EU Directive on Money Laundering<\/td><td class=\"column-4\"><\/td>\n<\/tr>\n<tr class=\"row-67\">\n\t<td class=\"column-1\">PayPal<\/td><td class=\"column-2\">09.02.14<\/td><td class=\"column-3\">Statement on amendments regarding the MIF Regulation<\/td><td class=\"column-4\"><\/td>\n<\/tr>\n<tr class=\"row-68\">\n\t<td class=\"column-1\">TUI AG<\/td><td class=\"column-2\">07.02.14<\/td><td class=\"column-3\">Politik-Agenda der TUI-Group<\/td><td class=\"column-4\"><\/td>\n<\/tr>\n<tr class=\"row-69\">\n\t<td class=\"column-1\">TenneT TSO GmbH<\/td><td class=\"column-2\">05.02.14<\/td><td class=\"column-3\">Grundsatzpapier zur Errichtung der Gleichstrom-Leitung \"SuedLink'<\/td><td class=\"column-4\"><\/td>\n<\/tr>\n<tr class=\"row-70\">\n\t<td class=\"column-1\">IG Bauen-Agrar-Umwelt<\/td><td class=\"column-2\">04.02.14<\/td><td class=\"column-3\">Stellungnahme zu der dualen Ausbildung in Deutschland<\/td><td class=\"column-4\"><\/td>\n<\/tr>\n<tr class=\"row-71\">\n\t<td class=\"column-1\">RES Deutschland GmbH<\/td><td class=\"column-2\">04.02.14<\/td><td class=\"column-3\">Stellungnahme zu der Abstimmung \u00fcber den Bericht zur Klima- und Energiepolitik<\/td><td class=\"column-4\"><\/td>\n<\/tr>\n<tr class=\"row-72\">\n\t<td class=\"column-1\">Health Care Without Harm Europe<\/td><td class=\"column-2\">04.02.14<\/td><td class=\"column-3\">Statement on the 2030 framwork for climate and energy policies<\/td><td class=\"column-4\"><\/td>\n<\/tr>\n<tr class=\"row-73\">\n\t<td class=\"column-1\">The Whitehouse Consulting and CLF Distribution Ltd.<\/td><td class=\"column-2\">04.02.14<\/td><td class=\"column-3\">Meeting request to discussion the EU rules to the import of certain whey protein products<\/td><td class=\"column-4\">abgesagt<\/td>\n<\/tr>\n<tr class=\"row-74\">\n\t<td class=\"column-1\">The European Federation of Steel Wire Rope Industries (EWRIS)<\/td><td class=\"column-2\">04.02.14<\/td><td class=\"column-3\">Statement on the modernisation of the Trade Defence Instruments<\/td><td class=\"column-4\"><\/td>\n<\/tr>\n<tr class=\"row-75\">\n\t<td class=\"column-1\">Wirtschaftsvereinigung Stahl<\/td><td class=\"column-2\">04.02.14<\/td><td class=\"column-3\">Stellungnahme zu der Modernisierung der EU-Handelsschutzinstrumente<\/td><td class=\"column-4\"><\/td>\n<\/tr>\n<tr class=\"row-76\">\n\t<td class=\"column-1\">EuroCommerce<\/td><td class=\"column-2\">04.02.14<\/td><td class=\"column-3\">Statement on the modernisation of the EU Trade Defence Instruments (TDI)<\/td><td class=\"column-4\"><\/td>\n<\/tr>\n<tr class=\"row-77\">\n\t<td class=\"column-1\">Ministerium f\u00fcr Wirtschaft, Arbeit und Technologie des Freistaates Th\u00fcringen<\/td><td class=\"column-2\">04.02.14<\/td><td class=\"column-3\">Einladung zu der Konferenz \"Zukunft der Energiewende - Th\u00fcringen Erneuer!bar 2014\" am 12. Februar<\/td><td class=\"column-4\">abgesagt<\/td>\n<\/tr>\n<tr class=\"row-78\">\n\t<td class=\"column-1\">Embassy of the Kingdom of Bahrain<\/td><td class=\"column-2\">03.02.14<\/td><td class=\"column-3\">Statement on the draft report concerning Saudi Arabia, its relations with the EU and its role in the Middle East and North Africa<\/td><td class=\"column-4\"><\/td>\n<\/tr>\n<tr class=\"row-79\">\n\t<td class=\"column-1\">Verbraucherzentrale Bundesverband e.V.<\/td><td class=\"column-2\">03.02.14<\/td><td class=\"column-3\">Stellungnahme zu der Durchf\u00fchrungsverordnung zur Herkunftskennzeichnung von Fleisch<\/td><td class=\"column-4\"><\/td>\n<\/tr>\n<tr class=\"row-80\">\n\t<td class=\"column-1\">Embassy of the Kingdom of Bahrain<\/td><td class=\"column-2\">03.02.14<\/td><td class=\"column-3\">Statement on the inclusion of Bahrain under the topic \"motions for resolutions concerning debates on cases of breaches of human rights, democracy and the rule of law\"<\/td><td class=\"column-4\"><\/td>\n<\/tr>\n<tr class=\"row-81\">\n\t<td class=\"column-1\">Deutcher Naturschutzring (DNR)<\/td><td class=\"column-2\">03.02.14<\/td><td class=\"column-3\">Stellungnahme zu dem EU-Energieeffizienzziel nach 2020<\/td><td class=\"column-4\"><\/td>\n<\/tr>\n<tr class=\"row-82\">\n\t<td class=\"column-1\">Deutscher Gewerkschaftsbund (DGB), Nieders\u00e4chsische Staatskanzlei und Unternehmensverb\u00e4nde Niedersachsen e.V. (UVN)<\/td><td class=\"column-2\">03.02.14<\/td><td class=\"column-3\">Einladung zur Veranstaltung \"Was bringt das Freihandelsabkommen zwischen der EU und den USA? - Chancen und Risiken\" am 11. Februar<\/td><td class=\"column-4\">abgesagt<\/td>\n<\/tr>\n<tr class=\"row-83\">\n\t<td class=\"column-1\">European Steel Tube Association (ESTA)<\/td><td class=\"column-2\">03.02.14<\/td><td class=\"column-3\">Statement on the Modernization of the Trade Defense Instruments<\/td><td class=\"column-4\"><\/td>\n<\/tr>\n<tr class=\"row-84\">\n\t<td class=\"column-1\">Alstom EU<\/td><td class=\"column-2\">03.02.14<\/td><td class=\"column-3\">Statement on the 2030 framework for climate and energy policies<\/td><td class=\"column-4\"><\/td>\n<\/tr>\n<tr class=\"row-85\">\n\t<td class=\"column-1\">Bundesverband deutscher Wohnungs- und Immobilienunternehmen e.V. (GdW)<\/td><td class=\"column-2\">03.02.14<\/td><td class=\"column-3\">Gespr\u00e4chsanfrage zu Solvency II<\/td><td class=\"column-4\">zugesagt<\/td>\n<\/tr>\n<tr class=\"row-86\">\n\t<td class=\"column-1\">Knaufinsulation GmbH<\/td><td class=\"column-2\">03.02.14<\/td><td class=\"column-3\">Stellungnahme zu dem EU-Energieeffizienzziel nach 2020<\/td><td class=\"column-4\"><\/td>\n<\/tr>\n<tr class=\"row-87\">\n\t<td class=\"column-1\">European Dignity Watch<\/td><td class=\"column-2\">03.02.14<\/td><td class=\"column-3\">Statement on the Lunacek-Report<\/td><td class=\"column-4\"><\/td>\n<\/tr>\n<tr class=\"row-88\">\n\t<td class=\"column-1\">International Liga f\u00fcr Menschenrechte<\/td><td class=\"column-2\">03.02.14<\/td><td class=\"column-3\">Pressemitteilung zur Strafanzeige gegen Geheimdienste wegen Massen\u00fcberwachung<\/td><td class=\"column-4\"><\/td>\n<\/tr>\n<tr class=\"row-89\">\n\t<td class=\"column-1\">The European Ceramic Industry Association (CerameUnie)<\/td><td class=\"column-2\">03.02.14<\/td><td class=\"column-3\">Statement on the EU Trade Defence Instruments Modernisation<\/td><td class=\"column-4\"><\/td>\n<\/tr>\n<tr class=\"row-90\">\n\t<td class=\"column-1\">Euro Alliages<\/td><td class=\"column-2\">03.02.14<\/td><td class=\"column-3\">Statement on the report on the modernisation of the EU`s trade defense instruments (TDI)<\/td><td class=\"column-4\"><\/td>\n<\/tr>\n<tr class=\"row-91\">\n\t<td class=\"column-1\">DENEFF e.V.<\/td><td class=\"column-2\">03.02.14<\/td><td class=\"column-3\">Stellungnahme \u00fcber das EU-Energieeffizienzziel nach 2020<\/td><td class=\"column-4\"><\/td>\n<\/tr>\n<tr class=\"row-92\">\n\t<td class=\"column-1\">BITKOM und CeBIT<\/td><td class=\"column-2\">03.02.14<\/td><td class=\"column-3\">Einladung zur BITKOM Executive Night anl\u00e4sslich der CeBIT am 13. M\u00e4rz<\/td><td class=\"column-4\">abgesagt<\/td>\n<\/tr>\n<tr class=\"row-93\">\n\t<td class=\"column-1\">The IP Law Offices<\/td><td class=\"column-2\">02.02.14<\/td><td class=\"column-3\">Statement on a proposed resolution on taxpayer relief from the long term giving of financial assistance<\/td><td class=\"column-4\"><\/td>\n<\/tr>\n<tr class=\"row-94\">\n\t<td class=\"column-1\"><\/td><td class=\"column-2\"><\/td><td class=\"column-3\"><\/td><td class=\"column-4\"><\/td>\n<\/tr>\n<tr class=\"row-95\">\n\t<td class=\"column-1\">Januar 2014<\/td><td class=\"column-2\"><\/td><td class=\"column-3\"><\/td><td class=\"column-4\"><\/td>\n<\/tr>\n<tr class=\"row-96\">\n\t<td class=\"column-1\"><\/td><td class=\"column-2\"><\/td><td class=\"column-3\"><\/td><td class=\"column-4\"><\/td>\n<\/tr>\n<tr class=\"row-97\">\n\t<td class=\"column-1\">Glass for Europe<\/td><td class=\"column-2\">31.01.14<\/td><td class=\"column-3\">Statement on the amendments for the 2030 framework for climate and energy policies<\/td><td class=\"column-4\"><\/td>\n<\/tr>\n<tr class=\"row-98\">\n\t<td class=\"column-1\">Gemeinwohl \u00d6konomie Berlin<\/td><td class=\"column-2\">31.01.14<\/td><td class=\"column-3\">Einladung zur Veranstaltung \"Anders Wirtschaften - aber wie? Auf dem Weg zum Wirtschaftskonvent\"<\/td><td class=\"column-4\">abgesagt<\/td>\n<\/tr>\n<tr class=\"row-99\">\n\t<td class=\"column-1\">Brot f\u00fcr die Welt, Bund f\u00fcr Umwelt und Naturschutz Deutschland, Germanwatch, Greenpeace Deutschland, Misereor und WWF Deutschland<\/td><td class=\"column-2\">31.01.14<\/td><td class=\"column-3\">Positionspapier f\u00fcr ein ehrgeiziges 2030 Klima- und Energiepaket der EU<\/td><td class=\"column-4\"><\/td>\n<\/tr>\n<tr class=\"row-100\">\n\t<td class=\"column-1\">TA Heimeier GmbH<\/td><td class=\"column-2\">31.01.14<\/td><td class=\"column-3\">Stellungnahme zu der Abstimmung \u00fcber das Energieeffizienzziel 2030<\/td><td class=\"column-4\"><\/td>\n<\/tr>\n<tr class=\"row-101\">\n\t<td class=\"column-1\">The European Chemical Industry Council (cefic)<\/td><td class=\"column-2\">31.01.14<\/td><td class=\"column-3\">Comment on the modernisation of the EU Trade Defence Instruments<\/td><td class=\"column-4\"><\/td>\n<\/tr>\n<tr class=\"row-102\">\n\t<td class=\"column-1\">E-Lites<\/td><td class=\"column-2\">31.01.14<\/td><td class=\"column-3\">Comment on the e-cigarettes regulation<\/td><td class=\"column-4\"><\/td>\n<\/tr>\n<tr class=\"row-103\">\n\t<td class=\"column-1\">Zentralverband Sanit\u00e4r Heizung Klima<\/td><td class=\"column-2\">31.01.14<\/td><td class=\"column-3\">Stellungnahme zu der Abstimmung \u00fcber das Energieeffizienzziel 2030<\/td><td class=\"column-4\"><\/td>\n<\/tr>\n<tr class=\"row-104\">\n\t<td class=\"column-1\">Landkreistag NordRhein-Westfalen<\/td><td class=\"column-2\">31.01.14<\/td><td class=\"column-3\">Eildienst Brosch\u00fcre \u00fcber kommunale Koordinierung Schule\/Beruf und 15 Jahre Gesundheitskonferenzen in NRW<\/td><td class=\"column-4\"><\/td>\n<\/tr>\n<tr class=\"row-105\">\n\t<td class=\"column-1\">VDA Technischer Kongress 2014<\/td><td class=\"column-2\">31.01.14<\/td><td class=\"column-3\">Programm des 16. VDA Technischer Kongress in Hannover<\/td><td class=\"column-4\">abgesagt<\/td>\n<\/tr>\n<tr class=\"row-106\">\n\t<td class=\"column-1\">Bretton Woods observer<\/td><td class=\"column-2\">31.01.14<\/td><td class=\"column-3\">Quarterly critical review of developments at the World Bank and IMF<\/td><td class=\"column-4\"><\/td>\n<\/tr>\n<tr class=\"row-107\">\n\t<td class=\"column-1\">European Foundation for the Improvement of Living and Working Conditions<\/td><td class=\"column-2\">31.01.14<\/td><td class=\"column-3\">Position paperon \"Feeling the squeeze? Pay, wages and income under pressure\"<\/td><td class=\"column-4\"><\/td>\n<\/tr>\n<tr class=\"row-108\">\n\t<td class=\"column-1\">Bundesverband der Immobilien-Investment-Sachverst\u00e4ndigen e.V. (BIIS)<\/td><td class=\"column-2\">30.01.14<\/td><td class=\"column-3\">Einladung zur Fachtagung zum Thema Fondsabwicklung am 26.03.<\/td><td class=\"column-4\">abgesagt<\/td>\n<\/tr>\n<tr class=\"row-109\">\n\t<td class=\"column-1\">The European federation of tax advisers<\/td><td class=\"column-2\">30.01.14<\/td><td class=\"column-3\">Statement on the current review of the EU Accounting Directive<\/td><td class=\"column-4\"><\/td>\n<\/tr>\n<tr class=\"row-110\">\n\t<td class=\"column-1\">Europ\u00e4isches Informations-Zentrum Niedersachsen<\/td><td class=\"column-2\">30.01.14<\/td><td class=\"column-3\">Brosch\u00fcre \u00fcber die Veranstaltungsreihe zur EU-Ratspr\u00e4sidentschaft der Hellenischen Republik<\/td><td class=\"column-4\"><\/td>\n<\/tr>\n<tr class=\"row-111\">\n\t<td class=\"column-1\">Europe Direct Information Centres (EDICs)<\/td><td class=\"column-2\">30.01.14<\/td><td class=\"column-3\">\u00dcbersicht der Veranstaltungs- und Projektplanungen f\u00fcr die \u00d6ffentlichkeitsarbeit zu Europa in Niedersachsen<\/td><td class=\"column-4\"><\/td>\n<\/tr>\n<tr class=\"row-112\">\n\t<td class=\"column-1\">Oidhaco<\/td><td class=\"column-2\">29.01.14<\/td><td class=\"column-3\">Invitation for a meeting to discuss the situation in Colombia<\/td><td class=\"column-4\">abgesagt<\/td>\n<\/tr>\n<tr class=\"row-113\">\n\t<td class=\"column-1\">Hans B\u00f6ckler Stiftung<\/td><td class=\"column-2\">29.01.14<\/td><td class=\"column-3\">B\u00f6ckler implus - Brosch\u00fcre<\/td><td class=\"column-4\"><\/td>\n<\/tr>\n<tr class=\"row-114\">\n\t<td class=\"column-1\">Green European Foundation<\/td><td class=\"column-2\">28.01.14<\/td><td class=\"column-3\">Invitation to the seminar \"Make the Case for a Green Europe\"<\/td><td class=\"column-4\">abgesagt<\/td>\n<\/tr>\n<tr class=\"row-115\">\n\t<td class=\"column-1\">Deutscher Bauernverband<\/td><td class=\"column-2\">28.01.14<\/td><td class=\"column-3\">Stellungnahme zu dem Entschlie\u00dfungsabtrag zur Angabe des Ursprungslandes von Fleisch<\/td><td class=\"column-4\"><\/td>\n<\/tr>\n<tr class=\"row-116\">\n\t<td class=\"column-1\">Deutscher Anwaltverein<\/td><td class=\"column-2\">28.01.14<\/td><td class=\"column-3\">Stellungnahme zur Initiative Eckpfeiler der Justizpolitik der Jahre 2014-2020 der Europ\u00e4ischen Kommission<\/td><td class=\"column-4\"><\/td>\n<\/tr>\n<tr class=\"row-117\">\n\t<td class=\"column-1\">NRW.BANK<\/td><td class=\"column-2\">28.01.14<\/td><td class=\"column-3\">Kalender der griechischen Ratspr\u00e4sidentschaft<\/td><td class=\"column-4\"><\/td>\n<\/tr>\n<tr class=\"row-118\">\n\t<td class=\"column-1\">The Consumer Council<\/td><td class=\"column-2\">28.01.14<\/td><td class=\"column-3\">Statement on the enforcement of passenger rights<\/td><td class=\"column-4\"><\/td>\n<\/tr>\n<tr class=\"row-119\">\n\t<td class=\"column-1\">EuroCommerce<\/td><td class=\"column-2\">28.01.14<\/td><td class=\"column-3\">EuroCommerce Manifesto for the new Parliament and Commission on how retail and wholesale can boost growth and create jobs in Europe<\/td><td class=\"column-4\"><\/td>\n<\/tr>\n<tr class=\"row-120\">\n\t<td class=\"column-1\">Vertretung des Landes Nordrhein-Westfalen bei der Europ\u00e4ischen Union<\/td><td class=\"column-2\">27.01.14<\/td><td class=\"column-3\">Einladung zum energiepolitischen Dinner am 4. Februar<\/td><td class=\"column-4\">abgesagt<\/td>\n<\/tr>\n<tr class=\"row-121\">\n\t<td class=\"column-1\">Society of the Protection of Unborn Children (SPUC)<\/td><td class=\"column-2\">27.01.14<\/td><td class=\"column-3\">Stellungnahme zum Lunacek-Bericht<\/td><td class=\"column-4\"><\/td>\n<\/tr>\n<tr class=\"row-122\">\n\t<td class=\"column-1\">European Union of the Deaf (EUD)<\/td><td class=\"column-2\">27.01.14<\/td><td class=\"column-3\">Statement on the Manifesto of the European Union of the Deaf<\/td><td class=\"column-4\"><\/td>\n<\/tr>\n<tr class=\"row-123\">\n\t<td class=\"column-1\">Finnish Transport and Logistics (SKAL)<\/td><td class=\"column-2\">27.01.14<\/td><td class=\"column-3\">Statement on the regulations that specify driving times and rest periods in Finland`s road transport system<\/td><td class=\"column-4\"><\/td>\n<\/tr>\n<tr class=\"row-124\">\n\t<td class=\"column-1\">Treasury Strategies Inc.<\/td><td class=\"column-2\">27.01.14<\/td><td class=\"column-3\">Statement on the money market mutul fund (MMF) regulation<\/td><td class=\"column-4\"><\/td>\n<\/tr>\n<tr class=\"row-125\">\n\t<td class=\"column-1\">Finanzgruppe Deutscher Sprakassen- und Giroverband<\/td><td class=\"column-2\">27.01.14<\/td><td class=\"column-3\">Informationsbrosch\u00fcre Diagnose Mittelstand 2014 - Der Investitionsaufschwung muss kommen<\/td><td class=\"column-4\"><\/td>\n<\/tr>\n<tr class=\"row-126\">\n\t<td class=\"column-1\">Film und Medien Stiftung NRW und die Landesregierung Nordrhein-Westfalen<\/td><td class=\"column-2\">25.01.14<\/td><td class=\"column-3\">Einladung zum NRW Empfang anl\u00e4sslich der Berlinale 2014<\/td><td class=\"column-4\">abgesagt<\/td>\n<\/tr>\n<tr class=\"row-127\">\n\t<td class=\"column-1\">Landschaftsverband Rheinland<\/td><td class=\"column-2\">24.01.14<\/td><td class=\"column-3\">Einladung zur Verleihung des Ehrenring des Rheimlandes am 24. Februar<\/td><td class=\"column-4\">abgesagt<\/td>\n<\/tr>\n<tr class=\"row-128\">\n\t<td class=\"column-1\">Deutsche Post DHL<\/td><td class=\"column-2\">24.01.14<\/td><td class=\"column-3\">Aktuelle Ausgabe von \"Deutschland kommunal\" mit Kontaktdaten von Vertretern aus Verwaltung und Politik<\/td><td class=\"column-4\"><\/td>\n<\/tr>\n<tr class=\"row-129\">\n\t<td class=\"column-1\">Vereinigung der Bayrischen Wirtschaft (vbw)<\/td><td class=\"column-2\">24.01.14<\/td><td class=\"column-3\">Stellungnahme \"Starkes Bayern - starkes Europa. Zehn Argumente f\u00fcr die EU\"<\/td><td class=\"column-4\"><\/td>\n<\/tr>\n<tr class=\"row-130\">\n\t<td class=\"column-1\">Institut Finanzen und Steuern (ifst)<\/td><td class=\"column-2\">23.01.14<\/td><td class=\"column-3\">Einladung zum ifst-Kolloquium \"Reformfokus Steuerbilanz - Streitpunkte und Strategien zu einer Weiterentwicklung der Steuerbilanzierung\"<\/td><td class=\"column-4\">abgesagt<\/td>\n<\/tr>\n<tr class=\"row-131\">\n\t<td class=\"column-1\">Handwerkskammer D\u00fcsseldorf und Nordrhein-Westf\u00e4lischer Handwerkstag<\/td><td class=\"column-2\">23.01.14<\/td><td class=\"column-3\">Einladung zum 6. R\u00f6pke-Symposium \"Welche Chancen hat Subsidarit\u00e4t in Europa?\" am 18.02.<\/td><td class=\"column-4\">abgesagt<\/td>\n<\/tr>\n<tr class=\"row-132\">\n\t<td class=\"column-1\">Verband f\u00fcr Schiffbau und Meerestechnik e.V.<\/td><td class=\"column-2\">23.01.14<\/td><td class=\"column-3\">Einladung zum Parlamentarischen Abend am 29.01.14<\/td><td class=\"column-4\"><\/td>\n<\/tr>\n<tr class=\"row-133\">\n\t<td class=\"column-1\">Institut der deutschen Wirtschaft K\u00f6ln (iwd)<\/td><td class=\"column-2\">23.01.14<\/td><td class=\"column-3\">Informationsbrosch\u00fcre mit Artikeln der deutschen Wirtschaft K\u00f6ln<\/td><td class=\"column-4\"><\/td>\n<\/tr>\n<tr class=\"row-134\">\n\t<td class=\"column-1\">Deutsches Milchkontor GmbH (dmk)<\/td><td class=\"column-2\">23.01.14<\/td><td class=\"column-3\">Stellungnahme \"Unsere Milchwelt\"<\/td><td class=\"column-4\"><\/td>\n<\/tr>\n<tr class=\"row-135\">\n\t<td class=\"column-1\">Friends of Europe<\/td><td class=\"column-2\">22.01.14<\/td><td class=\"column-3\">Invitation to be a speaker at the seminar of the European Young Leaders programme<\/td><td class=\"column-4\">abgesagt<\/td>\n<\/tr>\n<tr class=\"row-136\">\n\t<td class=\"column-1\">Deutscher Industrie- und Handelskammertag<\/td><td class=\"column-2\">22.01.14<\/td><td class=\"column-3\">Einladung zur Podiumsdiskussion \"F\u00fcr Europa: Reformen wagen, Vertrauen st\u00e4rken\" am 18. Februar<\/td><td class=\"column-4\"><\/td>\n<\/tr>\n<tr class=\"row-137\">\n\t<td class=\"column-1\">Helsinki EU Office<\/td><td class=\"column-2\">22.01.14<\/td><td class=\"column-3\">Invitation to the event \"Economic potential of migrant entrepreneurship in cities\" on the 18th of February<\/td><td class=\"column-4\"><\/td>\n<\/tr>\n<tr class=\"row-138\">\n\t<td class=\"column-1\">Commerzbank<\/td><td class=\"column-2\">22.01.14<\/td><td class=\"column-3\">Zusendung des Meinungsbeitrages von Martin Blessing \u00fcber die unheilige Allianz von Staaten und Banken im Handelsblatt<\/td><td class=\"column-4\"><\/td>\n<\/tr>\n<tr class=\"row-139\">\n\t<td class=\"column-1\">Handwerkskammer Braunschweig-L\u00fcneburg-Stade<\/td><td class=\"column-2\">21.01.14<\/td><td class=\"column-3\">Appell gegen die Ausweitung von Fremdenverkehrsbeitr\u00e4gen und f\u00fcr die Korrektur der Gewerbesteuer<\/td><td class=\"column-4\"><\/td>\n<\/tr>\n<tr class=\"row-140\">\n\t<td class=\"column-1\">European Disability Forum and Microsoft<\/td><td class=\"column-2\">20.01.14<\/td><td class=\"column-3\">Invitation to the panel discussion \"New eSkills for New Jobs. Challenges and opportunities for persons with diabilities\" on 11th of February<\/td><td class=\"column-4\">abgesagt<\/td>\n<\/tr>\n<tr class=\"row-141\">\n\t<td class=\"column-1\">Deutscher Gewerkschaftsbund<\/td><td class=\"column-2\">20.01.14<\/td><td class=\"column-3\">Stellungnahme zur Richtlinie 96\/71\/EG \u00fcber die Entsendung von Arbeitnehmern im Rahmen der Erbringung von Dienstleistungen<\/td><td class=\"column-4\"><\/td>\n<\/tr>\n<tr class=\"row-142\">\n\t<td class=\"column-1\">Global Prolife Alliance (GPA)<\/td><td class=\"column-2\">20.01.14<\/td><td class=\"column-3\">Letter to applaud the Law to ban Homosexuality in Nigeria<\/td><td class=\"column-4\"><\/td>\n<\/tr>\n<tr class=\"row-143\">\n\t<td class=\"column-1\">F\u00e9d\u00e9ration Nationale Ind\u00e9pendante des Mutuelles (fnim)<\/td><td class=\"column-2\">20.01.14<\/td><td class=\"column-3\">Statement on the Solvency II Directive<\/td><td class=\"column-4\"><\/td>\n<\/tr>\n<tr class=\"row-144\">\n\t<td class=\"column-1\">Linklaters LLP<\/td><td class=\"column-2\">20.01.14<\/td><td class=\"column-3\">Meeting request on the topic of bank resolution<\/td><td class=\"column-4\">abgesagt<\/td>\n<\/tr>\n<tr class=\"row-145\">\n\t<td class=\"column-1\">Initiative Citoyenne Alsacienne<\/td><td class=\"column-2\">20.01.14<\/td><td class=\"column-3\">Mitteilung der B\u00fcrgerinitiative f\u00fcr Einheit in der Vielfalt zu der gegew\u00e4rtigen Lage der Stadt Stra\u00dfburg<\/td><td class=\"column-4\"><\/td>\n<\/tr>\n<tr class=\"row-146\">\n\t<td class=\"column-1\">Totally Wicked Ltd<\/td><td class=\"column-2\">20.01.14<\/td><td class=\"column-3\">Letter regarding the Tobacco Produts Directive (TPD) with plea to encourage e-cigarettes<\/td><td class=\"column-4\"><\/td>\n<\/tr>\n<tr class=\"row-147\">\n\t<td class=\"column-1\">Bundesverband mittelst\u00e4ndische Wirtschaft (BVMW)<\/td><td class=\"column-2\">20.01.14<\/td><td class=\"column-3\">Einladung zum Jahresempfang des BVMW am 11. Februar<\/td><td class=\"column-4\">abgesagt<\/td>\n<\/tr>\n<tr class=\"row-148\">\n\t<td class=\"column-1\">Deutsche Bank AG<\/td><td class=\"column-2\">20.01.14<\/td><td class=\"column-3\">Statement of the Deutsche Bank Research on \"Testing Times\" in Europe<\/td><td class=\"column-4\"><\/td>\n<\/tr>\n<tr class=\"row-149\">\n\t<td class=\"column-1\">ForHumHilfe - Humanit\u00e4re Hilfe unter der Lupe<\/td><td class=\"column-2\">19.01.14<\/td><td class=\"column-3\">Neujahresbotschaft des Forums Humanit\u00e4re Hilfe<\/td><td class=\"column-4\"><\/td>\n<\/tr>\n<tr class=\"row-150\">\n\t<td class=\"column-1\">The State Government of North Rhein-Westphalia<\/td><td class=\"column-2\">17.01.14<\/td><td class=\"column-3\">Invitation to the discussion Safeguarding Europe\u00b4s Raw Materials Demand<\/td><td class=\"column-4\"><\/td>\n<\/tr>\n<tr class=\"row-151\">\n\t<td class=\"column-1\">MasterCard Europe<\/td><td class=\"column-2\">16.01.14<\/td><td class=\"column-3\">Statement on the proposal for the regulation of interchange fees for card-based transactions<\/td><td class=\"column-4\"><\/td>\n<\/tr>\n<tr class=\"row-152\">\n\t<td class=\"column-1\">European Patients Forum (EPF)<\/td><td class=\"column-2\">16.01.14<\/td><td class=\"column-3\">Statement on the transparency provisions and patiens involvement<\/td><td class=\"column-4\"><\/td>\n<\/tr>\n<tr class=\"row-153\">\n\t<td class=\"column-1\">International Fund for Animal Welfare (IFAW)<\/td><td class=\"column-2\">15.01.14<\/td><td class=\"column-3\">Statement on the resolution on Wildlife Crime<\/td><td class=\"column-4\"><\/td>\n<\/tr>\n<tr class=\"row-154\">\n\t<td class=\"column-1\">Businesseurope<\/td><td class=\"column-2\">15.01.14<\/td><td class=\"column-3\">Statement on the damages actions for antitrust breaches<\/td><td class=\"column-4\"><\/td>\n<\/tr>\n<tr class=\"row-155\">\n\t<td class=\"column-1\">Testbiotech<\/td><td class=\"column-2\">15.01.14<\/td><td class=\"column-3\">Statement on the genetically engineered maize 1507<\/td><td class=\"column-4\"><\/td>\n<\/tr>\n<tr class=\"row-156\">\n\t<td class=\"column-1\">Bruegel<\/td><td class=\"column-2\">15.01.14<\/td><td class=\"column-3\">Invitation to the lunchtalk \"Employment in Europe: the contribution of the high tech sector\"<\/td><td class=\"column-4\"><\/td>\n<\/tr>\n<tr class=\"row-157\">\n\t<td class=\"column-1\">European Vapers United Network (EVUN)<\/td><td class=\"column-2\">15.01.14<\/td><td class=\"column-3\">Appell der Tabakrichtlinie (TRL) nicht zuzustimmen, da sie elektronische Zigaretten regulieren w\u00fcrde<\/td><td class=\"column-4\"><\/td>\n<\/tr>\n<tr class=\"row-158\">\n\t<td class=\"column-1\">Spitzenverband der Geb\u00e4udetechnik (VdZ)<\/td><td class=\"column-2\">15.01.14<\/td><td class=\"column-3\">Aufruf zur Unterst\u00fctzung der Steigerung der Energieeffizienz bei der Abstimmung \"Ein Rahmen f\u00fcr die Klima- und Energiepolitik bis 2030\"<\/td><td class=\"column-4\"><\/td>\n<\/tr>\n<tr class=\"row-159\">\n\t<td class=\"column-1\">Strategis Communications<\/td><td class=\"column-2\">14.01.14<\/td><td class=\"column-3\">Position paper on money laudering and terrorist financing<\/td><td class=\"column-4\"><\/td>\n<\/tr>\n<tr class=\"row-160\">\n\t<td class=\"column-1\">Bruegel<\/td><td class=\"column-2\">14.01.14<\/td><td class=\"column-3\">Invitation to the breakfast seminar: \"Caught in the middle? Central Europe\u00b4s strategy for growth 10 years after EU accession\" on the 29th of January<\/td><td class=\"column-4\"><\/td>\n<\/tr>\n<tr class=\"row-161\">\n\t<td class=\"column-1\">Alkol Bioenergy<\/td><td class=\"column-2\">14.01.14<\/td><td class=\"column-3\">Statement about the opportunities of biofuels<\/td><td class=\"column-4\"><\/td>\n<\/tr>\n<tr class=\"row-162\">\n\t<td class=\"column-1\">Vereinigung der Bayrischen Wirtschaft e.V. (vbw)<\/td><td class=\"column-2\">14.01.14<\/td><td class=\"column-3\">Einladung zum politischen Jahresauftakt am 28. Januar<\/td><td class=\"column-4\"><\/td>\n<\/tr>\n<tr class=\"row-163\">\n\t<td class=\"column-1\">Zurich<\/td><td class=\"column-2\">13.01.14<\/td><td class=\"column-3\">Invitation to meet with a representative of Zurich about the ESA on the 18th of February<\/td><td class=\"column-4\">zugesagt<\/td>\n<\/tr>\n<tr class=\"row-164\">\n\t<td class=\"column-1\">Hessische Ministerium der Finanzen und Vertretung des Landes Hessen bei der EU<\/td><td class=\"column-2\">13.01.14<\/td><td class=\"column-3\">Diskussionsveranstaltung \"EPSAS (European Public Sector Accounting Standards) - die Zukunft des \u00f6ffentlichen Rechnungswesens?\" am 14 Februar<\/td><td class=\"column-4\"><\/td>\n<\/tr>\n<tr class=\"row-165\">\n\t<td class=\"column-1\">Deutscher Allergie- und Asthmabund e.V.<\/td><td class=\"column-2\">13.01.14<\/td><td class=\"column-3\">Stellungnahme zur Unterzeichung von \"Written Declaration on Recognising the Burden of Allergic Disease\"<\/td><td class=\"column-4\"><\/td>\n<\/tr>\n<tr class=\"row-166\">\n\t<td class=\"column-1\">Deutsches Aktieninstitut e.V.<\/td><td class=\"column-2\">13.01.14<\/td><td class=\"column-3\">Anfrage zu einem Treffen zur PRIPs-Verordnung am 29. Januar<\/td><td class=\"column-4\"><\/td>\n<\/tr>\n<tr class=\"row-167\">\n\t<td class=\"column-1\">Association des Etats G\u00e9n\u00e9raux des Etudiants de l\u00b4Europe (AEGEE)<\/td><td class=\"column-2\">12.01.14<\/td><td class=\"column-3\">Anfrage um die Teilnahme an der Diskussionsrunde \"The Future of the Eurozone - more austerity or solidarity?\" am 1. Februar<\/td><td class=\"column-4\">abgesagt<\/td>\n<\/tr>\n<tr class=\"row-168\">\n\t<td class=\"column-1\">Hessische Ministerium der Finanzen und Vertretung des Landes Hessen bei der EU<\/td><td class=\"column-2\">13.01.14<\/td><td class=\"column-3\">Diskussionsveranstaltung \"EPSAS (European Public Sector Accounting Standards) - die Zukunft des \u00f6ffentlichen Rechnungswesens?\" am 14 Februar<\/td><td class=\"column-4\"><\/td>\n<\/tr>\n<tr class=\"row-169\">\n\t<td class=\"column-1\">Deutsches Aktieninstitut e.V.<\/td><td class=\"column-2\">13.01.14<\/td><td class=\"column-3\">Anfrage zu einem Treffen zur PRIPs-Verordnung am 29. Januar<\/td><td class=\"column-4\"><\/td>\n<\/tr>\n<tr class=\"row-170\">\n\t<td class=\"column-1\">Association des Etats G\u00e9n\u00e9raux des Etudiants de l\u00b4Europe (AEGEE)<\/td><td class=\"column-2\">12.01.14<\/td><td class=\"column-3\">Anfrage um die Teilnahme an der Diskussionsrunde \"The Future of the Eurozone - more austerity or solidarity?\" am 1. Februar<\/td><td class=\"column-4\"><\/td>\n<\/tr>\n<tr class=\"row-171\">\n\t<td class=\"column-1\">Gesamtverband der Deutschen Versicherungswirtschaft e.V.<\/td><td class=\"column-2\">12.01.14<\/td><td class=\"column-3\">Einladung zum Neujahrsempfang am 31. Januar<\/td><td class=\"column-4\">abgesagt<\/td>\n<\/tr>\n<tr class=\"row-172\">\n\t<td class=\"column-1\">Allianz der \u00f6ffentlichen Wasserwirtschaft (A\u00f6W) e.V.<\/td><td class=\"column-2\">10.01.14<\/td><td class=\"column-3\">Stellungnahme zum Umsetzungsbericht 2013: Weiterentwicklung und Anwendung von Technologien zur Abscheidung und Speicherung von Kohlenstoff in Europa<\/td><td class=\"column-4\"><\/td>\n<\/tr>\n<tr class=\"row-173\">\n\t<td class=\"column-1\">European Payment Institutions Federation (EPIF)<\/td><td class=\"column-2\">10.01.14<\/td><td class=\"column-3\">Invitation to a meeting to discuss the Anti-Money Laundering Directive on the 28th of January<\/td><td class=\"column-4\"><\/td>\n<\/tr>\n<tr class=\"row-174\">\n\t<td class=\"column-1\">AECA<\/td><td class=\"column-2\">09.01.14<\/td><td class=\"column-3\">Invitation to the conference-luncheon on \"Priotities of the Greek Presidency\" on the 31th of January<\/td><td class=\"column-4\">abgesagt<\/td>\n<\/tr>\n<tr class=\"row-175\">\n\t<td class=\"column-1\">Global Tamil Forum (GTF)<\/td><td class=\"column-2\">09.01.14<\/td><td class=\"column-3\">New Years Message on aspirations for Sri Lanka and the Tamil people<\/td><td class=\"column-4\"><\/td>\n<\/tr>\n<tr class=\"row-176\">\n\t<td class=\"column-1\">F\u00e9d\u00e9ration Nationale Ind\u00e9pendante de Mutuelles (fnim)<\/td><td class=\"column-2\">08.01.14<\/td><td class=\"column-3\">Statement on the Solvency II Directive<\/td><td class=\"column-4\"><\/td>\n<\/tr>\n<tr class=\"row-177\">\n\t<td class=\"column-1\">BBC Credito Cooperativo Federcasse<\/td><td class=\"column-2\">08.01.14<\/td><td class=\"column-3\">Bildband \u00fcber Parks in Italien<\/td><td class=\"column-4\"><\/td>\n<\/tr>\n<tr class=\"row-178\">\n\t<td class=\"column-1\">Austrian Federal Chamber of Labour (AK)<\/td><td class=\"column-2\">08.01.14<\/td><td class=\"column-3\">Stellungnahme zum Entwurf eines Gemeinsamen Europ\u00e4ischen Kaufrechts<\/td><td class=\"column-4\"><\/td>\n<\/tr>\n<tr class=\"row-179\">\n\t<td class=\"column-1\">European Parliamentary Financial Services Forum (EPFSF)<\/td><td class=\"column-2\">07.01.14<\/td><td class=\"column-3\">Invitation to the lunch discussion \"Review of the European Supervisory Authorities\" on the 11st of February<\/td><td class=\"column-4\">abgesagt<\/td>\n<\/tr>\n<tr class=\"row-180\">\n\t<td class=\"column-1\">ESCP Europe<\/td><td class=\"column-2\">06.01.14<\/td><td class=\"column-3\">Anfrage zur Teilnahme an einer Podiumsdiskussion zur Besteuerung von Banken<\/td><td class=\"column-4\">abgesagt<\/td>\n<\/tr>\n<tr class=\"row-181\">\n\t<td class=\"column-1\">Re-Define<\/td><td class=\"column-2\">06.01.14<\/td><td class=\"column-3\">Meeting with Mr. Kapoor on the 20th January<\/td><td class=\"column-4\">zugesagt<\/td>\n<\/tr>\n<tr class=\"row-182\">\n\t<td class=\"column-1\">Bundestier\u00e4rztekammer e. V.<\/td><td class=\"column-2\">07.10.13<\/td><td class=\"column-3\">Positionspapier zur <br \/>\nResolution B7-0438\/2013 - Abstimmung am 9.10.2013<br \/>\n<\/td><td class=\"column-4\"><\/td>\n<\/tr>\n<tr class=\"row-183\">\n\t<td class=\"column-1\">European Environmental Bureau (EEB)<\/td><td class=\"column-2\">07.10.13<\/td><td class=\"column-3\">Vote EP Plenary Session, Wednesday 11 September 2013 on the<br \/>\nAmendment of Directive 2011\/92\/EU on the assessment of the effects of certain public and private projects on the environment:<br \/>\nNGO call on MEPs to support Zanoni report<br \/>\n<\/td><td class=\"column-4\"><\/td>\n<\/tr>\n<tr class=\"row-184\">\n\t<td class=\"column-1\">Bundesverband Erneuerbare Energie e.V. (BEE)<\/td><td class=\"column-2\">07.10.13<\/td><td class=\"column-3\">Abstimmung am 8. Oktober \u00fcber die \u00c4nderung der Richtlinie 2011\/92\/EU \u00fcber die Umweltvertr\u00e4glichkeitspr\u00fcfung<\/td><td class=\"column-4\"><\/td>\n<\/tr>\n<tr class=\"row-185\">\n\t<td class=\"column-1\">Head of EU Representation<\/td><td class=\"column-2\">Deutsche Bank AG<\/td><td class=\"column-3\">07.10.13<\/td><td class=\"column-4\">Deutsche Bank Global Markets Research:  the latest version of the Focus Europe entitled \"One small step at the time\"<\/td>\n<\/tr>\n<tr class=\"row-186\">\n\t<td class=\"column-1\">Unabh\u00e4ngige Flugbegleiter Organisation (UFO e.V.)<\/td><td class=\"column-2\">07.10.13<\/td><td class=\"column-3\">Neuregelung der Flugdienst- und Ruhezeiten<\/td><td class=\"column-4\">Neuregelung der Flugdienst- und Ruhezeiten: die Kabinenbesatzungen profitieren leider praktisch gar nicht von teilweisen Verbesserungen im vorgelegten Entwurf.<br \/>\nSicherheits-, Erholungs-, und Ruhebelange der Kabinenbesatzungen werden weiterhin stiefm\u00fctterlich behandelt<br \/>\n<\/td>\n<\/tr>\n<tr class=\"row-187\">\n\t<td class=\"column-1\">Association of Private Client Investment Managers and Stockbrokers (APCIMS)<\/td><td class=\"column-2\">07.10.13<\/td><td class=\"column-3\">APCIMS meeting request: to discuss MIFID and PRIPS<\/td><td class=\"column-4\">abgesagt<\/td>\n<\/tr>\n<tr class=\"row-188\">\n\t<td class=\"column-1\">Centrum f\u00fcr Europ\u00e4ische Politik (CEP)<\/td><td class=\"column-2\">07.10.13<\/td><td class=\"column-3\">cepAnalyse: Bankenabwicklung f\u00fcr die SSM-Staaten<\/td><td class=\"column-4\"><\/td>\n<\/tr>\n<tr class=\"row-189\">\n\t<td class=\"column-1\">VEREINIGUNG COCKPIT e.V.<\/td><td class=\"column-2\">07.10.13<\/td><td class=\"column-3\">EP-Sitzung 09.10.: Kommissionsvorschlag zur Neuregelung der Flugdienst- und Ruhezeiten f\u00fcr Piloten und Flugbegleiter<\/td><td class=\"column-4\"><\/td>\n<\/tr>\n<tr class=\"row-190\">\n\t<td class=\"column-1\">WHO Regional Office for Europe<\/td><td class=\"column-2\">04.10.13<\/td><td class=\"column-3\">regarding the ongoing revision of the Tobacco Products Directive<\/td><td class=\"column-4\"><\/td>\n<\/tr>\n<tr class=\"row-191\">\n\t<td class=\"column-1\">unicredit<\/td><td class=\"column-2\">04.10.13<\/td><td class=\"column-3\">A Bel Canto Night<br \/>\nwith Arena di Verona Opera Singer<br \/>\n<br \/>\nIOSCO guest speaker<\/td><td class=\"column-4\">abgesagt<\/td>\n<\/tr>\n<tr class=\"row-192\">\n\t<td class=\"column-1\">Whale and Dolphin Conservation (WDC)<\/td><td class=\"column-2\">04.10.13<\/td><td class=\"column-3\">Regarding: Zanoni-Report<\/td><td class=\"column-4\">Plenary Vote October 8th<\/td>\n<\/tr>\n<tr class=\"row-193\">\n\t<td class=\"column-1\">Alcoa Europe<\/td><td class=\"column-2\">04.10.13<\/td><td class=\"column-3\">MiFID \/ MiFIR: Ensuring robust trade transparency rules for commodity markets<\/td><td class=\"column-4\"><\/td>\n<\/tr>\n<tr class=\"row-194\">\n\t<td class=\"column-1\">Deutscher Bauernverband e. V. (DBV)<\/td><td class=\"column-2\">04.10.13<\/td><td class=\"column-3\">Abstimmung \u00fcber die UVP-Richtlinie im EP-Plenum<\/td><td class=\"column-4\"><\/td>\n<\/tr>\n<tr class=\"row-195\">\n\t<td class=\"column-1\">Strategis Communications<\/td><td class=\"column-2\">04.10.13<\/td><td class=\"column-3\">PayPal meeting request on AML<\/td><td class=\"column-4\">abgesagt<\/td>\n<\/tr>\n<tr class=\"row-196\">\n\t<td class=\"column-1\">Eurogroup for Animals<\/td><td class=\"column-2\">04.10.13<\/td><td class=\"column-3\">Eurogroup support letter for next weeks plenary vote on the Motion for a Resolution B7 0438\/2013 on the draft Commission<\/td><td class=\"column-4\"><\/td>\n<\/tr>\n<tr class=\"row-197\">\n\t<td class=\"column-1\">European Working Community for Food Inspection and Consumer Protection - EWFC<\/td><td class=\"column-2\">03.10.13<\/td><td class=\"column-3\">Aktion gegen die Einf\u00fchrung der ausschlie\u00dflich visuellen Kontrolle in der Schweineschlachtung und der Privatisierung der Fleischkontrollen in Europa<\/td><td class=\"column-4\"><\/td>\n<\/tr>\n<tr class=\"row-198\">\n\t<td class=\"column-1\">BI SCHIEFESgas<\/td><td class=\"column-2\">Weinviertel statt Gasviertel<\/td><td class=\"column-3\">03.10.13<\/td><td class=\"column-4\">verschobene Abstimmung \u00fcber generelle UVP Pflicht bei Fracking<\/td>\n<\/tr>\n<tr class=\"row-199\">\n\t<td class=\"column-1\">EFA European Federation of Allergy and Airways Diseases Patients'<\/td><td class=\"column-2\">03.10.13<\/td><td class=\"column-3\">Plenary vote on the tobacco products directive &amp; perspective of patients with respiratory diseases<\/td><td class=\"column-4\"><\/td>\n<\/tr>\n<tr class=\"row-200\">\n\t<td class=\"column-1\">French Association of Large Companies (AFEP)<\/td><td class=\"column-2\">03.10.13<\/td><td class=\"column-3\">AFEP - Response to the consultation \u201cTowards more effective merger control\u201d<\/td><td class=\"column-4\"><\/td>\n<\/tr>\n<tr class=\"row-201\">\n\t<td class=\"column-1\">European Milk Board (EMB)<\/td><td class=\"column-2\">03.10.13<\/td><td class=\"column-3\">Wissenschaftliche Studie \u00fcber eine Monitoring Agency im EU-Milchmarkt<\/td><td class=\"column-4\"><\/td>\n<\/tr>\n<tr class=\"row-202\">\n\t<td class=\"column-1\">Raiffeisen Zentralbank \u00d6sterreich AG<\/td><td class=\"column-2\">03.10.13<\/td><td class=\"column-3\">Einladung zu einem kurzen Gedankenaustausch zur Ausgestaltung des SRM sowie der Verhandlungen zur Verabschiedung der BRRD und DGS<\/td><td class=\"column-4\">abgesagt<\/td>\n<\/tr>\n<tr class=\"row-203\">\n\t<td class=\"column-1\">die Deutsche Kreditwirtschaft<\/td><td class=\"column-2\">02.10.13<\/td><td class=\"column-3\">Treffen mit den Hauptgesch\u00e4ftsf\u00fchrern der Deutschen Kreditwirtschaft<\/td><td class=\"column-4\"><\/td>\n<\/tr>\n<tr class=\"row-204\">\n\t<td class=\"column-1\">Gesamtverband Steinkohle e. V.<\/td><td class=\"column-2\">02.10.13<\/td><td class=\"column-3\">Einladung zur Veranstaltung \"Steinkohle - Partner der Energiewende\": Bericht zur aktuellen Lage unseres Wirtschaftszweiges und Ausf\u00fchrungen des Pr\u00e4sidenten des Bundesverbandes der deutschen Industrie e. V.<\/td><td class=\"column-4\">abgesagt<\/td>\n<\/tr>\n<tr class=\"row-205\">\n\t<td class=\"column-1\">BDI\/BDA The German Business Representation<\/td><td class=\"column-2\">02.10.13<\/td><td class=\"column-3\">Einladung zum 33. \"Br\u00fcsseler Wirtschaftsgespr\u00e4ch\": Vorstandsvorsitzender der Lanxess AG zum Thema \"Industrie &amp; Handel: Europas untersch\u00e4tzte St\u00e4rken\"<\/td><td class=\"column-4\">abgesagt<\/td>\n<\/tr>\n<tr class=\"row-206\">\n\t<td class=\"column-1\">BI Fracking freies Hessen<\/td><td class=\"column-2\">02.10.13<\/td><td class=\"column-3\">\u00c4nderung UVP-Richtlinie (RICHTLINIE 2011\/92\/EU) - Abstimmung am Dienstag<\/td><td class=\"column-4\">08. Oktober 2013: Aufforderung f\u00fcr eine gesetzliche Klarstellung der UVP-Pflicht bei der Aufsuchung und Gewinnung von sogenannten unkonventionellen fossilen Energietr\u00e4gern zu stimmen<\/td>\n<\/tr>\n<tr class=\"row-207\">\n\t<td class=\"column-1\">Bundesverband deutscher Banken<\/td><td class=\"column-2\">02.10.13<\/td><td class=\"column-3\">Stellungnahme zum Verordnungsvorschlag zum Einheitlichen Abwicklungsmechanismus<\/td><td class=\"column-4\"><\/td>\n<\/tr>\n<tr class=\"row-208\">\n\t<td class=\"column-1\">Deutsche Hauptstelle f\u00fcr Suchtfragen (DHS) e.V.<\/td><td class=\"column-2\">01.10.13<\/td><td class=\"column-3\">Tabakproduktrichtlinie<\/td><td class=\"column-4\"><\/td>\n<\/tr>\n<tr class=\"row-209\">\n\t<td class=\"column-1\">European Foundation for Financial Inclusion (EUFFI)<\/td><td class=\"column-2\">01.10.13<\/td><td class=\"column-3\">Meeting to discuss basic payment account proposal<\/td><td class=\"column-4\">angenommen<\/td>\n<\/tr>\n<tr class=\"row-210\">\n\t<td class=\"column-1\">Fundamental Rights Agency (FRA)<\/td><td class=\"column-2\">01.10.13<\/td><td class=\"column-3\">Situation of equality in the European Union<\/td><td class=\"column-4\"><\/td>\n<\/tr>\n<tr class=\"row-211\">\n\t<td class=\"column-1\"><\/td><td class=\"column-2\"><\/td><td class=\"column-3\"><\/td><td class=\"column-4\"><\/td>\n<\/tr>\n<tr class=\"row-212\">\n\t<td class=\"column-1\">September 2013<\/td><td class=\"column-2\"><\/td><td class=\"column-3\"><\/td><td class=\"column-4\"><\/td>\n<\/tr>\n<tr class=\"row-213\">\n\t<td class=\"column-1\"><\/td><td class=\"column-2\"><\/td><td class=\"column-3\"><\/td><td class=\"column-4\"><\/td>\n<\/tr>\n<tr class=\"row-214\">\n\t<td class=\"column-1\">TheCityUK<\/td><td class=\"column-2\">30.09.13<\/td><td class=\"column-3\">Invitation to lunchtime roundtable and launch of TheCityUK Report on Alternative Finance - Frankfurt - 16 October 2013<\/td><td class=\"column-4\">abgesagt<\/td>\n<\/tr>\n<tr class=\"row-215\">\n\t<td class=\"column-1\">Bundesverband der Arzneimittel-Hersteller e.V.<\/td><td class=\"column-2\">30.09.13<\/td><td class=\"column-3\">Plenarabstimmung zur Tabakrichtlinie (TPD) am 8. Oktober 2013: Einheitlicher arzneimittelrechtlicher Rechtsrahmen f\u00fcr alle nikotinhaltige<\/td><td class=\"column-4\"><\/td>\n<\/tr>\n<tr class=\"row-216\">\n\t<td class=\"column-1\">European Public Health Alliance (EPHA)<\/td><td class=\"column-2\">30.09.13<\/td><td class=\"column-3\">Tobacco Products Directive (TPD)<\/td><td class=\"column-4\"><\/td>\n<\/tr>\n<tr class=\"row-217\">\n\t<td class=\"column-1\">International Trademark Company<\/td><td class=\"column-2\">30.09.13<\/td><td class=\"column-3\">The impact of the Anti-Money Laundering Directive in Europe: Perspectives from the gambling industry<\/td><td class=\"column-4\"><\/td>\n<\/tr>\n<tr class=\"row-218\">\n\t<td class=\"column-1\">Bundesverband Erneuerbare Energie e.V. (BEE)<\/td><td class=\"column-2\">30.09.13<\/td><td class=\"column-3\">Beihilfe-Richtlinien f\u00fcr Umweltschutz<\/td><td class=\"column-4\"><\/td>\n<\/tr>\n<tr class=\"row-219\">\n\t<td class=\"column-1\">Northern Provincial Council (NPC)<\/td><td class=\"column-2\">30.09.13<\/td><td class=\"column-3\">Briefing on Sri Lanka's Northern Provincial Council elections'<\/td><td class=\"column-4\"><\/td>\n<\/tr>\n<tr class=\"row-220\">\n\t<td class=\"column-1\">Centrum f\u00fcr Europ\u00e4ische Politik<\/td><td class=\"column-2\">30.09.13<\/td><td class=\"column-3\">Analyse des cep \u00fcber Produktsicherheit und Markt\u00fcberwachung<\/td><td class=\"column-4\"><\/td>\n<\/tr>\n<tr class=\"row-221\">\n\t<td class=\"column-1\">Verband des eZigarettenhandels e.V. <br \/>\nVdeH<br \/>\n<\/td><td class=\"column-2\">26.09.13<\/td><td class=\"column-3\">Gedanken zum Thema eZigarette<\/td><td class=\"column-4\"><\/td>\n<\/tr>\n<tr class=\"row-222\">\n\t<td class=\"column-1\">European Social Insurance Platform (ESIP)<br \/>\nThe Social Insurers of Europe<\/td><td class=\"column-2\">26.09.13<\/td><td class=\"column-3\">ENVI Committee on Medical devices<\/td><td class=\"column-4\"><\/td>\n<\/tr>\n<tr class=\"row-223\">\n\t<td class=\"column-1\">Secretary - 'Fish for the Future'<\/td><td class=\"column-2\">26.09.13<\/td><td class=\"column-3\">Common Fisheries Policy<\/td><td class=\"column-4\"><\/td>\n<\/tr>\n<tr class=\"row-224\">\n\t<td class=\"column-1\">Deutsche Umwelthilfe e. V.<\/td><td class=\"column-2\">26.09.13<\/td><td class=\"column-3\">Abstimmung \u00fcber den EMFF am 23.10.2013: Position der Umweltverb\u00e4nde<\/td><td class=\"column-4\"><\/td>\n<\/tr>\n<tr class=\"row-225\">\n\t<td class=\"column-1\">EU Climate and Energy Policy<\/td><td class=\"column-2\">26.09.13<\/td><td class=\"column-3\">Letter from EUROFER on the EU climate and energy policy<\/td><td class=\"column-4\"><\/td>\n<\/tr>\n<tr class=\"row-226\">\n\t<td class=\"column-1\">French Association of Large Companies<\/td><td class=\"column-2\">25.09.13<\/td><td class=\"column-3\">Markets and Financial Instruments Directive<br \/>\nMIFID\/MIFIR<\/td><td class=\"column-4\"><\/td>\n<\/tr>\n<tr class=\"row-227\">\n\t<td class=\"column-1\">Nordic Securities Association<\/td><td class=\"column-2\">25.09.13<\/td><td class=\"column-3\">Availability for a meeting on 30 September with the Nordic Securities Dealers Association on market structure in MIFID\/MIFIR<\/td><td class=\"column-4\">abgesagt<\/td>\n<\/tr>\n<tr class=\"row-228\">\n\t<td class=\"column-1\">Bundesverband der deutschen Industrie\/ The German Business Representation<\/td><td class=\"column-2\">25.09.13<\/td><td class=\"column-3\">Einladung zum Br\u00fcsseler Wirtschaftsgespr\u00e4ch 6. November 2013 im Concert Noble mit Dr. Heitmann<\/td><td class=\"column-4\">abgesagt<\/td>\n<\/tr>\n<tr class=\"row-229\">\n\t<td class=\"column-1\">Deutscher Sparkassen- und Giroverband<\/td><td class=\"column-2\">25.09.13<\/td><td class=\"column-3\">EuropaBrief zu \u00d6sterreich<\/td><td class=\"column-4\"><\/td>\n<\/tr>\n<tr class=\"row-230\">\n\t<td class=\"column-1\">Aktionsb\u00fcndnis Nichtrauchen e.V. (ABNR)<br \/>\nc\/o Bundesvereinigung Pr\u00e4vention und Gesundheitsf\u00f6rderung e. V. (BVPG)<\/td><td class=\"column-2\">25.09.13<\/td><td class=\"column-3\">Lobbyismus der Tabakindustrie \/ Verz\u00f6gerung der Entscheidung zur Tabakproduktrichtlinie<\/td><td class=\"column-4\"><\/td>\n<\/tr>\n<tr class=\"row-231\">\n\t<td class=\"column-1\">Walter Peeraer, Chairman of the Executive Board &amp; CEO of Fluxys<br \/>\nFran\u00e7ois-R\u00e9gis Mouton, Chairman GasNaturally<\/td><td class=\"column-2\">25.09.13<\/td><td class=\"column-3\">Visit to the LNG terminal of Zeebrugge<\/td><td class=\"column-4\">angenommen<\/td>\n<\/tr>\n<tr class=\"row-232\">\n\t<td class=\"column-1\">Intern<br \/>\nPolitical Intelligence<br \/>\n<\/td><td class=\"column-2\">24.09.13<\/td><td class=\"column-3\">MEETING REQUEST Ms Steen in charge of Parliamentary relations at Google<\/td><td class=\"column-4\">abgesagt<\/td>\n<\/tr>\n<tr class=\"row-233\">\n\t<td class=\"column-1\">Deutsche Gesellschaft f\u00fcr Pneumologie und Beatmungsmedizin e.V.<\/td><td class=\"column-2\">24.09.13<\/td><td class=\"column-3\">Voting on Tobacco Product Directive<\/td><td class=\"column-4\"><\/td>\n<\/tr>\n<tr class=\"row-234\">\n\t<td class=\"column-1\">Deutsche Lungenstiftung e.V.<\/td><td class=\"column-2\">24.09.13<\/td><td class=\"column-3\">Abstimmungsverfahren zur TPR<\/td><td class=\"column-4\"><\/td>\n<\/tr>\n<tr class=\"row-235\">\n\t<td class=\"column-1\">Bundesverband der<br \/>\nDeutschen Industrie e.V.<\/td><td class=\"column-2\">24.09.13<\/td><td class=\"column-3\">Berichterstattung \u00fcber nichtfinanzielle Informationen und zur Diverstit\u00e4t (2013\/0110(COD))<\/td><td class=\"column-4\"><\/td>\n<\/tr>\n<tr class=\"row-236\">\n\t<td class=\"column-1\">Professor John Britton<br \/>\nChair, Royal College of Physicians Tobacco Advisory Group<br \/>\nLeon Livermore<br \/>\nChief Executive, Trading Standards Institute<br \/>\nDeborah Arnott<br \/>\nChief Executive, Action on Smoking and Health <\/td><td class=\"column-2\">24.09.13<\/td><td class=\"column-3\">Tobacco Products Directive: regulation of e-cigarettes<\/td><td class=\"column-4\"><\/td>\n<\/tr>\n<tr class=\"row-237\">\n\t<td class=\"column-1\">Joachim Secker, CEO GE Capital Germany<br \/>\n <\/td><td class=\"column-2\">23.09.13<\/td><td class=\"column-3\">Einladung zum politischen Mittagessen: Studie von GE Capital \u201eTriebwerke des Erfolgs - der deutsche Mittelstand im Fokus<\/td><td class=\"column-4\"><\/td>\n<\/tr>\n<tr class=\"row-238\">\n\t<td class=\"column-1\">The UK Cards Association<\/td><td class=\"column-2\">23.09.13<\/td><td class=\"column-3\">regulation on interchange fees for card-based payment transactions (2013\/0265) (COD)<\/td><td class=\"column-4\">abgesagt<\/td>\n<\/tr>\n<tr class=\"row-239\">\n\t<td class=\"column-1\">Secr\u00e9tariat UEAPME<br \/>\n<\/td><td class=\"column-2\">23.09.13<\/td><td class=\"column-3\">UEAPME position paper<\/td><td class=\"column-4\"><\/td>\n<\/tr>\n<tr class=\"row-240\">\n\t<td class=\"column-1\">Centrum f\u00fcr Europ\u00e4ische Politik<\/td><td class=\"column-2\">23.09.13<\/td><td class=\"column-3\">cepAnalyse: Recht auf ein Basiskonto<\/td><td class=\"column-4\">Kontowechsel und Kontogeb\u00fchren<\/td>\n<\/tr>\n<tr class=\"row-241\">\n\t<td class=\"column-1\">Compliance officer<br \/>\nGPRC \u201cStandardRating\u201d Ltd<\/td><td class=\"column-2\">20.09.13<\/td><td class=\"column-3\">registration of rating agencies in the EU<\/td><td class=\"column-4\"><\/td>\n<\/tr>\n<tr class=\"row-242\">\n\t<td class=\"column-1\">APCO Worldwide<\/td><td class=\"column-2\">19.09.13<\/td><td class=\"column-3\">Meeting request - Liquidnet - week of 30 September<\/td><td class=\"column-4\">abgesagt<\/td>\n<\/tr>\n<tr class=\"row-243\">\n\t<td class=\"column-1\">Dr. Horst Schnellhardt<br \/>\nMitglied des Europ\u00e4ischen Parlamentes<\/td><td class=\"column-2\">19.09.13<\/td><td class=\"column-3\">European Meat Forum - Transposition of Regulation 1169\/2011<\/td><td class=\"column-4\"><\/td>\n<\/tr>\n<tr class=\"row-244\">\n\t<td class=\"column-1\">UNPO<\/td><td class=\"column-2\">19.09.13<\/td><td class=\"column-3\">update on the human rights situation of Mapuche people in Chile, in<br \/>\nparticular in the Temucuicui area.<\/td><td class=\"column-4\">abgesagt<\/td>\n<\/tr>\n<tr class=\"row-245\">\n\t<td class=\"column-1\">Brot f\u00fcr die Welt \u2013 Evangelischer Entwicklungsdienst<br \/>\nEvangelisches Werk f\u00fcr Diakonie und Entwicklung e.V.<\/td><td class=\"column-2\">19.09.13<\/td><td class=\"column-3\">Einladung von Brot f\u00fcr die Welt zu Gespr\u00e4ch sind zwei VertreterInnen der Indigenen-Selbstorganisation ACIN aus Kolumbien<\/td><td class=\"column-4\">abgesagt<\/td>\n<\/tr>\n<tr class=\"row-246\">\n\t<td class=\"column-1\">David Hastings<br \/>\n <br \/>\nAmCham EU) <\/td><td class=\"column-2\">18.09.13<\/td><td class=\"column-3\">On behalf of the Financial Services and Company Law Committee of the American Chamber of Commerce to the European Union (AmCham EU) -Meeting request - 22\/10\/13<\/td><td class=\"column-4\">abgesagt<\/td>\n<\/tr>\n<tr class=\"row-247\">\n\t<td class=\"column-1\">Ron Delnevo, Chair of the ATMIA European Board<br \/>\nATMIA Europe<\/td><td class=\"column-2\">18.09.13<\/td><td class=\"column-3\">Basic Bank Accounts: Access to ATM Network<\/td><td class=\"column-4\"><\/td>\n<\/tr>\n<tr class=\"row-248\">\n\t<td class=\"column-1\">Gesamtverband der Deutschen Versicherungswirtschaft e. V.<br \/>\n<\/td><td class=\"column-2\">18.09.13<\/td><td class=\"column-3\">ESFS-Review<\/td><td class=\"column-4\"><\/td>\n<\/tr>\n<tr class=\"row-249\">\n\t<td class=\"column-1\">European Banking Federation aisbl<\/td><td class=\"column-2\">18.09.13<\/td><td class=\"column-3\">EBF Comment Letter on BRRD Trilogue<\/td><td class=\"column-4\"><\/td>\n<\/tr>\n<tr class=\"row-250\">\n\t<td class=\"column-1\">EuroCommerce<\/td><td class=\"column-2\">18.09.13<\/td><td class=\"column-3\">Letter from EuroCommerce Director-General<\/td><td class=\"column-4\">Christian Verschueren reproposals on payment services<\/td>\n<\/tr>\n<tr class=\"row-251\">\n\t<td class=\"column-1\">Bundesverband deutscher Banken \/ Association of German Banks<br \/>\n<\/td><td class=\"column-2\">18.09.13<\/td><td class=\"column-3\">Podiumsdiskussion zum Ausgang der Bundestagswahl<\/td><td class=\"column-4\">angenommen<\/td>\n<\/tr>\n<tr class=\"row-252\">\n\t<td class=\"column-1\">Bayer Aktiengesellschaft<\/td><td class=\"column-2\">18.09.13<\/td><td class=\"column-3\">Darstellung der Bayer AG und deren Interssen in NRW<\/td><td class=\"column-4\"><\/td>\n<\/tr>\n<tr class=\"row-253\">\n\t<td class=\"column-1\">Bund Katholischer Unternehmer e.V. (BKU)<\/td><td class=\"column-2\">18.09.13<\/td><td class=\"column-3\">ORDO-Preis f\u00fcr ordnungspolitische Innovationen<\/td><td class=\"column-4\"><\/td>\n<\/tr>\n<tr class=\"row-254\">\n\t<td class=\"column-1\">FEECA<br \/>\nc\/o Katholische Bundesarbeitsgemeinschaft f\u00fcr Erwachsenenbildung<\/td><td class=\"column-2\">18.09.13<\/td><td class=\"column-3\">Parliamentary Breakfast<\/td><td class=\"column-4\"><\/td>\n<\/tr>\n<tr class=\"row-255\">\n\t<td class=\"column-1\">European Parliament Liaison Officer and Project Officer<br \/>\nAGE Platform Europe<\/td><td class=\"column-2\">18.09.13<\/td><td class=\"column-3\">AGE Platform Europe - The European Semester for economic policy coordination: Implementation of 2013 priorities<\/td><td class=\"column-4\">angenommen<\/td>\n<\/tr>\n<tr class=\"row-256\">\n\t<td class=\"column-1\">Policy Advisor - Banking Supervision<\/td><td class=\"column-2\">18.09.13<\/td><td class=\"column-3\">EBF Positioning on the Principles of underlying the Single Resolution Mechanism<\/td><td class=\"column-4\"><\/td>\n<\/tr>\n<tr class=\"row-257\">\n\t<td class=\"column-1\">SOCIAL AFFAIRS DEPARTMENT<br \/>\nBusinessEurope<\/td><td class=\"column-2\">17.09.13<\/td><td class=\"column-3\">BUSINESSEUROPE's position paper on enforcement of rights in the context of the EU free movement of workers<\/td><td class=\"column-4\"><\/td>\n<\/tr>\n<tr class=\"row-258\">\n\t<td class=\"column-1\">UNI Credit<\/td><td class=\"column-2\">17.09.13<\/td><td class=\"column-3\">Bel Canto Night<\/td><td class=\"column-4\">angenommen<\/td>\n<\/tr>\n<tr class=\"row-259\">\n\t<td class=\"column-1\">BirdLife International<\/td><td class=\"column-2\">17.09.13<\/td><td class=\"column-3\">NGO priorities on the future EMFF<\/td><td class=\"column-4\"><\/td>\n<\/tr>\n<tr class=\"row-260\">\n\t<td class=\"column-1\">European Consumer Organisation<\/td><td class=\"column-2\">17.09.13<\/td><td class=\"column-3\">BEUC statement on JURI committee CESL vote<\/td><td class=\"column-4\"><\/td>\n<\/tr>\n<tr class=\"row-261\">\n\t<td class=\"column-1\">True Sale International GmbH<\/td><td class=\"column-2\">17.09.13<\/td><td class=\"column-3\">TSI Kongress 2013 am 26. und 27. September 2013 in Berlin - Einladung als Gast der TSI<\/td><td class=\"column-4\">angenommen<\/td>\n<\/tr>\n<tr class=\"row-262\">\n\t<td class=\"column-1\">BVMed - Bundesverband Medizintechnologie e.V<\/td><td class=\"column-2\">17.09.13<\/td><td class=\"column-3\">Standpunkt des BVMed-Unternehmen zum Kompromissvorschlag zur Medical Device Regulation<\/td><td class=\"column-4\"><\/td>\n<\/tr>\n<tr class=\"row-263\">\n\t<td class=\"column-1\">EU Affairs<br \/>\nOffice of General Counsel<\/td><td class=\"column-2\">17.09.13<\/td><td class=\"column-3\">Meeting with NASDAQ OMX<\/td><td class=\"column-4\">abgesagt<\/td>\n<\/tr>\n<tr class=\"row-264\">\n\t<td class=\"column-1\">Gleiss Lutz Hootz Hirsch Partnerschaftsgesellschaft von Rechtsanw\u00e4lten,<br \/>\n<\/td><td class=\"column-2\">16.09.13<\/td><td class=\"column-3\">Einladung \"Round Table on State Aid Law Regulation of Financial Markets and Institutions<\/td><td class=\"column-4\">angenommen<\/td>\n<\/tr>\n<tr class=\"row-265\">\n\t<td class=\"column-1\">Confederation of British Industry<\/td><td class=\"column-2\">16.09.13<\/td><td class=\"column-3\">September edition of the CBI\u2019s monthly Lobby Brief<\/td><td class=\"column-4\"><\/td>\n<\/tr>\n<tr class=\"row-266\">\n\t<td class=\"column-1\">Deutsches Krebsforschungszentrum<\/td><td class=\"column-2\">16.09.13<\/td><td class=\"column-3\">Tabakproduktrichtlinie<\/td><td class=\"column-4\"><\/td>\n<\/tr>\n<tr class=\"row-267\">\n\t<td class=\"column-1\">Centrum f\u00fcr Europ\u00e4ische Politik<\/td><td class=\"column-2\">16.09.13<\/td><td class=\"column-3\">Analyse des Centrum f\u00fcr Europ\u00e4ische Politik \u00fcber Unternehmensinsolvenzen<\/td><td class=\"column-4\"><\/td>\n<\/tr>\n<tr class=\"row-268\">\n\t<td class=\"column-1\">Food EVB<br \/>\nKabir Bavikatte, Natural Justice<br \/>\nFran\u00e7ois Meienberg, Berne Declaration<br \/>\n<\/td><td class=\"column-2\">12.09.13<\/td><td class=\"column-3\">Nagoya Protocol<\/td><td class=\"column-4\"><\/td>\n<\/tr>\n<tr class=\"row-269\">\n\t<td class=\"column-1\">Italian Federation of Co-operative Banks<\/td><td class=\"column-2\">11.09.13<\/td><td class=\"column-3\">Gespr\u00e4ch \u00fcber Aufbewahrungsrichtlinie<br \/>\nBRRD file and the role of the IPS<\/td><td class=\"column-4\">abgesagt<\/td>\n<\/tr>\n<tr class=\"row-270\">\n\t<td class=\"column-1\">European Broadcasting Union<br \/>\nAssociation of European Radios (AER)<br \/>\nBroadcast Networks Europe<br \/>\nDigiTAG<\/td><td class=\"column-2\">11.09.13<\/td><td class=\"column-3\">EP motion for resolution on digital agenda - para on 700 MHz<\/td><td class=\"column-4\"><\/td>\n<\/tr>\n<tr class=\"row-271\">\n\t<td class=\"column-1\">Syndicat European Trade Union<\/td><td class=\"column-2\">11.09.13<\/td><td class=\"column-3\">Report on Cross-Border Collective Bargaining and Transnational Social Dialogue<\/td><td class=\"column-4\"><\/td>\n<\/tr>\n<tr class=\"row-272\">\n\t<td class=\"column-1\">Charlie Williams<br \/>\nCarndonagh<br \/>\nCo. Donegal<br \/>\nIreland<\/td><td class=\"column-2\">11.09.13<\/td><td class=\"column-3\">Environmental Impact Assessment (EIA) Directive<\/td><td class=\"column-4\"><\/td>\n<\/tr>\n<tr class=\"row-273\">\n\t<td class=\"column-1\">Deutscher Bauernverband e. V. (DBV)<\/td><td class=\"column-2\">10.09.13<\/td><td class=\"column-3\">UVP-Richtlinie<\/td><td class=\"column-4\"><\/td>\n<\/tr>\n<tr class=\"row-274\">\n\t<td class=\"column-1\">Kreab Gavin Anderson<\/td><td class=\"column-2\">10.09.13<\/td><td class=\"column-3\">MIFID<\/td><td class=\"column-4\">abgesagt<\/td>\n<\/tr>\n<tr class=\"row-275\">\n\t<td class=\"column-1\">Lithuanian Green Party<\/td><td class=\"column-2\">10.09.13<\/td><td class=\"column-3\">EIA to all unconventional fossil fuels (UFF) activities<\/td><td class=\"column-4\"><\/td>\n<\/tr>\n<tr class=\"row-276\">\n\t<td class=\"column-1\">European Environmental Bureau (EEB)<\/td><td class=\"column-2\">10.09.13<\/td><td class=\"column-3\">EIA vote in Plenary - NGO call on MEPs to support Zanoni report<\/td><td class=\"column-4\"><\/td>\n<\/tr>\n<tr class=\"row-277\">\n\t<td class=\"column-1\">Conf\u00e9d\u00e9ration Europ\u00e9enne des Propri\u00e9taires Forestiers<br \/>\n<\/td><td class=\"column-2\">10.09.13<\/td><td class=\"column-3\">Indirekte Landnutzungs\u00e4nderung der EU<\/td><td class=\"column-4\"><\/td>\n<\/tr>\n<tr class=\"row-278\">\n\t<td class=\"column-1\">CFA Institute<\/td><td class=\"column-2\">10.09.13<\/td><td class=\"column-3\">CFA Institute report on PRIPs<\/td><td class=\"column-4\"><\/td>\n<\/tr>\n<tr class=\"row-279\">\n\t<td class=\"column-1\">AGDW \u2013 Die Waldeigent\u00fcmer<\/td><td class=\"column-2\">10.09.13<\/td><td class=\"column-3\">Indirekte Landnutzungs\u00e4nderung der EU<\/td><td class=\"column-4\"><\/td>\n<\/tr>\n<tr class=\"row-280\">\n\t<td class=\"column-1\">Corinna Sievers<br \/>\nAktionsb\u00fcndnis No Moor Fracking<\/td><td class=\"column-2\">09.09.13<\/td><td class=\"column-3\">Abstimmung der \u00c4nderung UVP-Richtlinie<\/td><td class=\"column-4\"><\/td>\n<\/tr>\n<tr class=\"row-281\">\n\t<td class=\"column-1\">Bundesverband Dezentraler \u00d6lm\u00fchlen und Pflanzen\u00f6ltechnik e. V.<\/td><td class=\"column-2\">09.09.13<\/td><td class=\"column-3\">Abstimmung zu RED und FQD<\/td><td class=\"column-4\"><\/td>\n<\/tr>\n<tr class=\"row-282\">\n\t<td class=\"column-1\">Raffaello GAROFALO <br \/>\nSecretary General                                     <br \/>\nEBB - European Biodiesel Board <\/td><td class=\"column-2\">09.09.13<\/td><td class=\"column-3\">Infographic with facts on Biodiesel and Indirect land use change impacts of biofuels<\/td><td class=\"column-4\"><\/td>\n<\/tr>\n<tr class=\"row-283\">\n\t<td class=\"column-1\">Faustine Defossez,<br \/>\nSenior policy officer : Agriculture and Bioenergy <\/td><td class=\"column-2\">09.09.13<\/td><td class=\"column-3\">Joint statement on advanced biofuels from NGOs and industry- call for correct carbon accounting for biofuels<\/td><td class=\"column-4\"><\/td>\n<\/tr>\n<tr class=\"row-284\">\n\t<td class=\"column-1\">Pietro Caloprisco<br \/>\nPolicy Officer - Transport &amp; Environment (T&amp;E)<br \/>\n<\/td><td class=\"column-2\">09.09.13<\/td><td class=\"column-3\">Biofuels: NGOs voting recommendations<\/td><td class=\"column-4\"><\/td>\n<\/tr>\n<tr class=\"row-285\">\n\t<td class=\"column-1\">WWF European Policy office<\/td><td class=\"column-2\">09.09.13<\/td><td class=\"column-3\">WWF &amp; TRAFFIC for Plenary vote on Access and Benefit Sharing (ABS) for genetic resources regulation<\/td><td class=\"column-4\"><\/td>\n<\/tr>\n<tr class=\"row-286\">\n\t<td class=\"column-1\">Deutsche B\u00f6rse AG<\/td><td class=\"column-2\">09.09.13<\/td><td class=\"column-3\">Save the date: Parliamentary Evening Brussels 2013<\/td><td class=\"column-4\">abgesagt<\/td>\n<\/tr>\n<tr class=\"row-287\">\n\t<td class=\"column-1\">Friends of the Earth Europe<\/td><td class=\"column-2\">09.09.13<\/td><td class=\"column-3\">Biofuels vote \u2013 Malaysian &amp; Indonesian civil society call for reform<\/td><td class=\"column-4\"><\/td>\n<\/tr>\n<tr class=\"row-288\">\n\t<td class=\"column-1\">Dr. Alexandra Schleier, Chair of the ORGALIME Task Force New Approach and Market Surveillance<\/td><td class=\"column-2\">09.09.13<\/td><td class=\"column-3\">Reminder:Invitation-Market surveillance\u2013A risky business<\/td><td class=\"column-4\">angenommen<\/td>\n<\/tr>\n<tr class=\"row-289\">\n\t<td class=\"column-1\">WirtschaftsVereinigung Metalle e.V.<\/td><td class=\"column-2\">09.09.13<\/td><td class=\"column-3\">Abstimmung Vorschlag zur \u00c4nderung der UVP-Richtlinie am 11.09.2013 im Europ\u00e4ischen Parlament<\/td><td class=\"column-4\"><\/td>\n<\/tr>\n<tr class=\"row-290\">\n\t<td class=\"column-1\">Bundesverband Deutscher Pflanzenz\u00fcchter e. V.<\/td><td class=\"column-2\">09.09.13<\/td><td class=\"column-3\">Nagoya-Protokoll<\/td><td class=\"column-4\"><\/td>\n<\/tr>\n<tr class=\"row-291\">\n\t<td class=\"column-1\">Centrum f\u00fcr Europ\u00e4ische Politik<\/td><td class=\"column-2\">09.09.13<\/td><td class=\"column-3\">cepAnalyse: Berichtspflichten zu \u201eDiversit\u00e4t\u201c und \u201enichtfinanziellen Risiken\u201c<\/td><td class=\"column-4\"><\/td>\n<\/tr>\n<tr class=\"row-292\">\n\t<td class=\"column-1\">European Climate Foundation<br \/>\n<\/td><td class=\"column-2\">06.09.13<\/td><td class=\"column-3\">JOINT STATEMENT ON ADVANCED BIOFUELS<\/td><td class=\"column-4\"><\/td>\n<\/tr>\n<tr class=\"row-293\">\n\t<td class=\"column-1\">Bund Deutscher Forstleute \u2013 BDF<\/td><td class=\"column-2\">06.09.13<\/td><td class=\"column-3\">Indirect land use change impacts of biofuels<\/td><td class=\"column-4\"><\/td>\n<\/tr>\n<tr class=\"row-294\">\n\t<td class=\"column-1\">Prof. Dr. Andr\u00e9 Koltermann<br \/>\nLSB Chair<br \/>\nSenior Vice President \/ Biotech &amp; Renewables Center (Clariant)<br \/>\n<\/td><td class=\"column-2\">06.09.13<\/td><td class=\"column-3\">Indirect land use change impacts of biofuels: The Advanced Biofuels Sector Calls for a clear Mandat<\/td><td class=\"column-4\"><\/td>\n<\/tr>\n<tr class=\"row-295\">\n\t<td class=\"column-1\">European State Forest Association (EUSTAFOR)<\/td><td class=\"column-2\">06.09.13<\/td><td class=\"column-3\">Voting on indirect land use change impacts of biofuels<\/td><td class=\"column-4\"><\/td>\n<\/tr>\n<tr class=\"row-296\">\n\t<td class=\"column-1\">Deutscher Anwaltverein<\/td><td class=\"column-2\">06.09.13<\/td><td class=\"column-3\">Einladung zum Europ\u00e4ischen Abend des Deutschen Anwaltsvereins<\/td><td class=\"column-4\">abgesagt<\/td>\n<\/tr>\n<tr class=\"row-297\">\n\t<td class=\"column-1\">DGB<\/td><td class=\"column-2\">06.09.13<\/td><td class=\"column-3\">Stellungnahme zum ge\u00e4nderten Vorschlag f\u00fcr eine Richtlinie \u00fcber Mindestvorschriften zur Erh\u00f6hung der Mobilit\u00e4t von Arbeitnehmern zwischen den Mitgliedstaaten<\/td><td class=\"column-4\"><\/td>\n<\/tr>\n<tr class=\"row-298\">\n\t<td class=\"column-1\">Daniele De Gennaro<br \/>\nSenior Account Executive<br \/>\nHume Brophy<br \/>\n<\/td><td class=\"column-2\">04.09.13<\/td><td class=\"column-3\">KCGE - meeting request regarding Article 12(1) MiFIR<\/td><td class=\"column-4\">abgesagt<\/td>\n<\/tr>\n<tr class=\"row-299\">\n\t<td class=\"column-1\">F\u00e9d\u00e9ration des Experts-comptables Europ\u00e9ens - Federation of European Accountants)<\/td><td class=\"column-2\">04.09.13<\/td><td class=\"column-3\">FEE comments - Draft report and proposed amendments on the Union programme to support specific activities in the field of financial reporting and auditing for the period of 2014-2020<\/td><td class=\"column-4\"><\/td>\n<\/tr>\n<tr class=\"row-300\">\n\t<td class=\"column-1\">AGDW \u2013 Die Waldeigent\u00fcmer<\/td><td class=\"column-2\">04.09.13<\/td><td class=\"column-3\">Abstimmung zum Indirect land use change impacts of biofuels (ILUC)-Berichtsentwurf im EP<\/td><td class=\"column-4\"><\/td>\n<\/tr>\n<tr class=\"row-301\">\n\t<td class=\"column-1\">Brot f\u00fcr die Welt - Evangelischer Entwicklungsdienst<br \/>\nDiakonie Katastrophenhilfe<br \/>\nEvangelisches Werk f\u00fcr Diakonie und Entwicklung e.V.<\/td><td class=\"column-2\">03.09.13<\/td><td class=\"column-3\">Landnutzungs\u00e4nderungen (ILUC)<\/td><td class=\"column-4\"><\/td>\n<\/tr>\n<tr class=\"row-302\">\n\t<td class=\"column-1\">Charles Hamshaw-Thomas<br \/>\nE-lites <\/td><td class=\"column-2\">03.09.13<\/td><td class=\"column-3\">100 Words On E-Cigarettes: The TPD Plenary Vote \u2013 The Wisdom of Waiting<\/td><td class=\"column-4\"><\/td>\n<\/tr>\n<tr class=\"row-303\">\n\t<td class=\"column-1\">Dr. Lothar Blatt - von Raczeck<br \/>\nEuropabeauftragter und Leiter der EU-Repr\u00e4sentanz<br \/>\nDeutscher Sparkassen- und Giroverband<br \/>\n<\/td><td class=\"column-2\">03.09.13<\/td><td class=\"column-3\">Richtlinie \u00fcber die Vergleichbarkeit von Zahlungskontogeb\u00fchren<\/td><td class=\"column-4\">angenommen<\/td>\n<\/tr>\n<tr class=\"row-304\">\n\t<td class=\"column-1\">Deustcher Gewerkschaftsbunde (DGB)<\/td><td class=\"column-2\">02.09.13<\/td><td class=\"column-3\">DGB-Position zur Freiz\u00fcgigkeitsrichtlinie<\/td><td class=\"column-4\"><\/td>\n<\/tr>\n<tr class=\"row-305\">\n\t<td class=\"column-1\">Deutscher Gewerkschaftsbund (DGB)<\/td><td class=\"column-2\">02.09.13<\/td><td class=\"column-3\">Programm MobiPro-EU<\/td><td class=\"column-4\"><\/td>\n<\/tr>\n<tr class=\"row-306\">\n\t<td class=\"column-1\">Remote Gambling Association (RGA)<\/td><td class=\"column-2\">02.09.13<\/td><td class=\"column-3\">Meeting request &amp; position paper<\/td><td class=\"column-4\"><\/td>\n<\/tr>\n<tr class=\"row-307\">\n\t<td class=\"column-1\">Cecile Bonino<br \/>\nPublic Affairs and Media Relations Manager-EU <\/td><td class=\"column-2\">02.09.13<\/td><td class=\"column-3\">ACCA (the Association of Chartered Certified Accountants) has produced a new report which examines the barriers Small and Medium Sized Businesses (SMEs)<\/td><td class=\"column-4\"><\/td>\n<\/tr>\n<tr class=\"row-308\">\n\t<td class=\"column-1\">Saskia Slomp<br \/>\nEFRAG - European Financial Reporting Advisory Group<\/td><td class=\"column-2\">02.09.13<\/td><td class=\"column-3\">Discussion about: EFRAG Supervisory Board<\/td><td class=\"column-4\">on the proposal for a Regulation of the European Parliament and of the Council on establishing a Union programme to support specific activities<\/td>\n<\/tr>\n<tr class=\"row-309\">\n\t<td class=\"column-1\">Centrum f\u00fcr Europ\u00e4ische Politik  <br \/>\n <br \/>\nAnsprechpartnerin: Iris Hohmann, LL.M.Eur.<br \/>\nCEP | Kaiser-Joseph-Strasse 266 | 79098 Freiburg<br \/>\n<\/td><td class=\"column-2\">02.09.13<\/td><td class=\"column-3\">cepAnalyse der Mitteilungen COM(2013) 165 und COM(2013) 166 zur Steuerung wirtschaftspolitischer Reformen<\/td><td class=\"column-4\">Aufmerksammachung<\/td>\n<\/tr>\n<tr class=\"row-310\">\n\t<td class=\"column-1\">Aktionsb\u00fcndnis Nichtrauchen e.V. (ABNR)<\/td><td class=\"column-2\">01.09.13<\/td><td class=\"column-3\">Abstimmung des Europ\u00e4ischen Parlaments \u00fcber den Entwurf der Tabakproduktrichtlinie am 9. und 10. September 2013<\/td><td class=\"column-4\"><\/td>\n<\/tr>\n<tr class=\"row-311\">\n\t<td class=\"column-1\"><\/td><td class=\"column-2\"><\/td><td class=\"column-3\"><\/td><td class=\"column-4\"><\/td>\n<\/tr>\n<tr class=\"row-312\">\n\t<td class=\"column-1\">August 2013<\/td><td class=\"column-2\"><\/td><td class=\"column-3\"><\/td><td class=\"column-4\"><\/td>\n<\/tr>\n<tr class=\"row-313\">\n\t<td class=\"column-1\"><\/td><td class=\"column-2\"><\/td><td class=\"column-3\"><\/td><td class=\"column-4\"><\/td>\n<\/tr>\n<tr class=\"row-314\">\n\t<td class=\"column-1\">European Federation of Allergy and Airways Diseases Patients (EFA)<\/td><td class=\"column-2\">30.08.13<\/td><td class=\"column-3\">Request for a meeting on Tobacco Products Directive (TPD)<\/td><td class=\"column-4\">abgesagt<\/td>\n<\/tr>\n<tr class=\"row-315\">\n\t<td class=\"column-1\">The European Consumer Organisation\u2019s (BEUC)<\/td><td class=\"column-2\">30.08.13<\/td><td class=\"column-3\">BEUC position for Trilogue negotiations on MiFID<\/td><td class=\"column-4\"><\/td>\n<\/tr>\n<tr class=\"row-316\">\n\t<td class=\"column-1\">Bundesverband der deutschen Industrie e.V. (BDI)<\/td><td class=\"column-2\">30.08.13<\/td><td class=\"column-3\">BDI Papier zur transatlantische Handels- und Investitionspartnerschaft (TTIP)<\/td><td class=\"column-4\"><\/td>\n<\/tr>\n<tr class=\"row-317\">\n\t<td class=\"column-1\">European Beer Consumers Union (EBCU)<\/td><td class=\"column-2\">29.08.13<\/td><td class=\"column-3\">to invite you to a reception held by the European Beer Consumers Union (EBCU)<\/td><td class=\"column-4\">abgesagt<\/td>\n<\/tr>\n<tr class=\"row-318\">\n\t<td class=\"column-1\">Verband der Automobilindustrie e. V. (VDA)<\/td><td class=\"column-2\">28.08.13<\/td><td class=\"column-3\">Einladung an die Mitarbeiterinnen und Mitarbeiter der Abgeordneten im Europ\u00e4ischen Parlament zum Informationsbesuch zur 65. IAA PKW, am 19\/20. September, in Frankfurt am Main<\/td><td class=\"column-4\">abgesagt<\/td>\n<\/tr>\n<tr class=\"row-319\">\n\t<td class=\"column-1\">Cicero Group<\/td><td class=\"column-2\">28.08.13<\/td><td class=\"column-3\">to discuss the European Parliaments position in advance of the upcoming trialogues on MIFID 2 and the forthcoming ECON vote on PRIPS<\/td><td class=\"column-4\">abgesagt<\/td>\n<\/tr>\n<tr class=\"row-320\">\n\t<td class=\"column-1\">The Head of the Mission of Switzerland to the EU<\/td><td class=\"column-2\">28.08.13<\/td><td class=\"column-3\">to discuss MIFID themes<\/td><td class=\"column-4\">abgesagt<\/td>\n<\/tr>\n<tr class=\"row-321\">\n\t<td class=\"column-1\">Austrian Federal Chamber of Labour (AK)<\/td><td class=\"column-2\">28.08.13<\/td><td class=\"column-3\">AK Position Paper: Proposal for a Directive on measures facilitating the exercise of rights conferred on workers in the<\/td><td class=\"column-4\"><\/td>\n<\/tr>\n<tr class=\"row-322\">\n\t<td class=\"column-1\">Visa Inc.<\/td><td class=\"column-2\">27.08.13<\/td><td class=\"column-3\">to discuss different regulatory issues arising in the payments area<\/td><td class=\"column-4\">abgesagt<\/td>\n<\/tr>\n<tr class=\"row-323\">\n\t<td class=\"column-1\">the FIA European Principal Traders Association (FIA EPTA)<\/td><td class=\"column-2\">27.08.13<\/td><td class=\"column-3\">discuss the algorithmic and high frequency trading provisions in the draft legislative MiFID proposal<\/td><td class=\"column-4\">abgesagt<\/td>\n<\/tr>\n<tr class=\"row-324\">\n\t<td class=\"column-1\">The Luxembourg Bankers' Association (ABBL)<\/td><td class=\"column-2\">27.08.13<\/td><td class=\"column-3\">Evolution of banking resolution legislation in the European Union: Single Resolution Mechanism<\/td><td class=\"column-4\">abgesagt<\/td>\n<\/tr>\n<tr class=\"row-325\">\n\t<td class=\"column-1\">Zurich Insurance Group<\/td><td class=\"column-2\">26.08.13<\/td><td class=\"column-3\">draft Regulation on Packaged Retail Investment Products: to exchange views on this dossier and to discuss issues regarding scope and sanctions<\/td><td class=\"column-4\">abgesagt<\/td>\n<\/tr>\n<tr class=\"row-326\">\n\t<td class=\"column-1\">Centrum f\u00fcr Europ\u00e4ische Politik<\/td><td class=\"column-2\">26.08.13<\/td><td class=\"column-3\">cepAnalyse: Klima- und Energiepolitik bis 2030<\/td><td class=\"column-4\"><\/td>\n<\/tr>\n<tr class=\"row-327\">\n\t<td class=\"column-1\">Danish Securities Dealers Association<\/td><td class=\"column-2\">23.08.13<\/td><td class=\"column-3\">regarding market structure in MIFID\/MIFIR<\/td><td class=\"column-4\">abgesagt<\/td>\n<\/tr>\n<tr class=\"row-328\">\n\t<td class=\"column-1\">Deutsches Krebsforschungszentrum<\/td><td class=\"column-2\">22.08.13<\/td><td class=\"column-3\">Keine Entwarnung f\u00fcr E-Zigaretten: Aktuelle Stellungnahme des Deutschen Krebsforschungszentrums<\/td><td class=\"column-4\"><\/td>\n<\/tr>\n<tr class=\"row-329\">\n\t<td class=\"column-1\">Rettet den Regenwald e.V.<\/td><td class=\"column-2\">21.08.13<\/td><td class=\"column-3\">EU Agrosprit und Abstimmung des EU Parlaments \u00fcber die \u00c4nderung der Erneuerbare-Energien-Richtlinie am 11. September<\/td><td class=\"column-4\"><\/td>\n<\/tr>\n<tr class=\"row-330\">\n\t<td class=\"column-1\">Association for Financial Market in Europe (afme)<\/td><td class=\"column-2\">European Banking Federation (EBF)<\/td><td class=\"column-3\">20.08.13<\/td><td class=\"column-4\">one day conference on Banking Union in Europe<\/td>\n<\/tr>\n<tr class=\"row-331\">\n\t<td class=\"column-1\">HM Treasury<\/td><td class=\"column-2\">19.08.13<\/td><td class=\"column-3\">to discuss the EU Payment Account Directive<\/td><td class=\"column-4\">abgesagt<\/td>\n<\/tr>\n<tr class=\"row-332\">\n\t<td class=\"column-1\">Centrum f\u00fcr Europ\u00e4ische Politik (CEP)<\/td><td class=\"column-2\">19.08.13<\/td><td class=\"column-3\">cepAnalyse: Klimaschutzabkommen 2015<\/td><td class=\"column-4\"><\/td>\n<\/tr>\n<tr class=\"row-333\">\n\t<td class=\"column-1\">Association of professional client investors and stockbrokers (APCIMS)<\/td><td class=\"column-2\">12.08.13<\/td><td class=\"column-3\">Request for a meeting you to discuss latest developments in the MIFID 2 proposal and the current European landscape for retail financial services<\/td><td class=\"column-4\">abgesagt<\/td>\n<\/tr>\n<tr class=\"row-334\">\n\t<td class=\"column-1\">The Alternative Investment Management Association Limited (AIMA)<\/td><td class=\"column-2\">09.08.13<\/td><td class=\"column-3\">discuss a range of issues relating to AIMA Capital Markets Research<\/td><td class=\"column-4\">ELTIF\/Fund Loan Origination<\/td>\n<\/tr>\n<tr class=\"row-335\">\n\t<td class=\"column-1\">Bundesverband deutscher Banken<\/td><td class=\"column-2\">06.08.13<\/td><td class=\"column-3\">Gespr\u00e4chsanfrage zum Single Resolution Mechanism<\/td><td class=\"column-4\">angenommen<\/td>\n<\/tr>\n<tr class=\"row-336\">\n\t<td class=\"column-1\">Bundesverband deutscher Banken<\/td><td class=\"column-2\">02.08.13<\/td><td class=\"column-3\">Arbeitsfr\u00fchst\u00fcck mit J\u00fcrgen Fitschen im Europ\u00e4ischen Parlament<\/td><td class=\"column-4\">abgesagt<\/td>\n<\/tr>\n<tr class=\"row-337\">\n\t<td class=\"column-1\"><\/td><td class=\"column-2\"><\/td><td class=\"column-3\"><\/td><td class=\"column-4\"><\/td>\n<\/tr>\n<tr class=\"row-338\">\n\t<td class=\"column-1\">Juli 2013<\/td><td class=\"column-2\"><\/td><td class=\"column-3\"><\/td><td class=\"column-4\"><\/td>\n<\/tr>\n<tr class=\"row-339\">\n\t<td class=\"column-1\"><\/td><td class=\"column-2\"><\/td><td class=\"column-3\"><\/td><td class=\"column-4\"><\/td>\n<\/tr>\n<tr class=\"row-340\">\n\t<td class=\"column-1\">Verband der Automobilindustrie e. V. (VDA)<\/td><td class=\"column-2\">19.07.13<\/td><td class=\"column-3\">IAA Pkw 2013 in Frankfurt\/Main: Einladung zu einem individuellen Messebesuch<\/td><td class=\"column-4\">abgesagt<\/td>\n<\/tr>\n<tr class=\"row-341\">\n\t<td class=\"column-1\">NASDAQ OMX Stockholm<\/td><td class=\"column-2\">18.07.13<\/td><td class=\"column-3\">discussing mainly issues around market structure, the role of exchanges in financing of the economy<\/td><td class=\"column-4\">abgesagt<\/td>\n<\/tr>\n<tr class=\"row-342\">\n\t<td class=\"column-1\">Royal College of Physicians Tobacco Advisory Group<\/td><td class=\"column-2\">18.07.13<\/td><td class=\"column-3\">Tobacco Products Directive: amendment requiring medicines regulation for all e-cigarettes<\/td><td class=\"column-4\"><\/td>\n<\/tr>\n<tr class=\"row-343\">\n\t<td class=\"column-1\">European Partnership for Energy and the Environment<\/td><td class=\"column-2\">18.07.13<\/td><td class=\"column-3\">Neu-Regulierung der F-Gas-Verordnung<\/td><td class=\"column-4\"><\/td>\n<\/tr>\n<tr class=\"row-344\">\n\t<td class=\"column-1\">vbw - Die bayerische Wirtschaft<\/td><td class=\"column-2\">17.07.13<\/td><td class=\"column-3\">Anfrage f\u00fcr Business Lunch zu \"Umstrukturierungen\"<\/td><td class=\"column-4\">abgesagt<\/td>\n<\/tr>\n<tr class=\"row-345\">\n\t<td class=\"column-1\">Deutscher Sparkassen- und Giroverband<\/td><td class=\"column-2\">17.07.13<\/td><td class=\"column-3\">Einladung zum DK-Fr\u00fchst\u00fcck z. T. Zahlungskonten<\/td><td class=\"column-4\">angenommen<\/td>\n<\/tr>\n<tr class=\"row-346\">\n\t<td class=\"column-1\">European Landscape Contractors Association (ELCA)<\/td><td class=\"column-2\">16.07.13<\/td><td class=\"column-3\">\"Gr\u00fcne Infrastruktur (GI) - Aufwertung des europ\u00e4ischen Naturkapitals\"<\/td><td class=\"column-4\"><\/td>\n<\/tr>\n<tr class=\"row-347\">\n\t<td class=\"column-1\">Petrotec AG<\/td><td class=\"column-2\">15.07.13<\/td><td class=\"column-3\">Umweltfreundlicher Bio Kraftstoff aus Abf\u00e4llen; Einladung zum Besuch des Petrotec Werkes in Oeding im Zuge Ihrer <\/td><td class=\"column-4\">angenommen<\/td>\n<\/tr>\n<tr class=\"row-348\">\n\t<td class=\"column-1\">Deutsche Anwaltverein (DAV)<\/td><td class=\"column-2\">12.07.13<\/td><td class=\"column-3\">DAV-Stellungnahme zum Vorschlag f\u00fcr eine VERORDNUNG DES EUROP\u00c4ISCHEN PARLAMENTS UND DES RATES zur \u00c4nderung der Verordnung (EG) Nr. 1346\/2000 des Rates \u00fcber Insolvenzverfahren (COM(2012) 744 final)<\/td><td class=\"column-4\"><\/td>\n<\/tr>\n<tr class=\"row-349\">\n\t<td class=\"column-1\">Eurofinas<\/td><td class=\"column-2\">12.07.13<\/td><td class=\"column-3\">Eurofinas report on Payment Protection Insurance<\/td><td class=\"column-4\"><\/td>\n<\/tr>\n<tr class=\"row-350\">\n\t<td class=\"column-1\">vbw - Vereinigung der Bayerischen Wirtschaft e. V.<\/td><td class=\"column-2\">11.07.13<\/td><td class=\"column-3\">Anfrage f\u00fcr Business Lunch zu \"Umstrukturierungen\", 17.09.2013<\/td><td class=\"column-4\">abgesagt<\/td>\n<\/tr>\n<tr class=\"row-351\">\n\t<td class=\"column-1\">Afep - French Association of Large Companies<\/td><td class=\"column-2\">10.07.13<\/td><td class=\"column-3\">Afep\u2019s response to the consultation on the Green paper on the long-term financing of the European economy<\/td><td class=\"column-4\"><\/td>\n<\/tr>\n<tr class=\"row-352\">\n\t<td class=\"column-1\">MHP Communications<\/td><td class=\"column-2\">10.07.13<\/td><td class=\"column-3\">Invitation MHP Communications Summer Cocktail<\/td><td class=\"column-4\">abgesagt<\/td>\n<\/tr>\n<tr class=\"row-353\">\n\t<td class=\"column-1\">EPFSF \u2013 European Parliamentary Financial Services Forum<\/td><td class=\"column-2\">09.07.13<\/td><td class=\"column-3\">Invitation for EPFSF lunch event on 25 September 2013 on \"The Social and Economic Role of the Financial Sector: using finance to deliver sustainable and environmental developments\"<\/td><td class=\"column-4\">abgesagt<\/td>\n<\/tr>\n<tr class=\"row-354\">\n\t<td class=\"column-1\">Gesamtverband der Deutschen Versicherungswirtschaft e. V.<\/td><td class=\"column-2\">09.07.13<\/td><td class=\"column-3\">GDV-Schreiben vom 09.07.2013 zu Basisinformationsbl\u00e4ttern f\u00fcr Anlageprodukte (PRIPs-Verordnung)<\/td><td class=\"column-4\"><\/td>\n<\/tr>\n<tr class=\"row-355\">\n\t<td class=\"column-1\">European Association of Paritarian Institutions of Social Protection (AEIP)<\/td><td class=\"column-2\">09.07.13<\/td><td class=\"column-3\">Joint Statement on IORP II Governance and Transparency measures<\/td><td class=\"column-4\"><\/td>\n<\/tr>\n<tr class=\"row-356\">\n\t<td class=\"column-1\">BUSINESSEUROPE<\/td><td class=\"column-2\">09.07.13<\/td><td class=\"column-3\">BUSINESSEUROPE's position on disclosure of non-fnancial information<\/td><td class=\"column-4\"><\/td>\n<\/tr>\n<tr class=\"row-357\">\n\t<td class=\"column-1\">BDI\/BDA The German Business Representation<\/td><td class=\"column-2\">09.07.13<\/td><td class=\"column-3\">Br\u00fcsseler Wirtschaftsgespr\u00e4ch 24. September 2013 im Concert Noble mit Dr. Kley<\/td><td class=\"column-4\">zugesagt<\/td>\n<\/tr>\n<tr class=\"row-358\">\n\t<td class=\"column-1\">Afep - French Association of Large Companies<\/td><td class=\"column-2\">09.07.13<\/td><td class=\"column-3\">Markets in financial instruments: Afep\u2019s key messages for trialogue negotiations<\/td><td class=\"column-4\"><\/td>\n<\/tr>\n<tr class=\"row-359\">\n\t<td class=\"column-1\">EPFSF \u2013 European Parliamentary Financial Services Forum<\/td><td class=\"column-2\">08.07.13<\/td><td class=\"column-3\">Briefing paper for EPFSF lunch event on 10 July 2013 on \"Post-trade legislation: What will change after EMIR and CSDR, and what remains to be done?\"<\/td><td class=\"column-4\"><\/td>\n<\/tr>\n<tr class=\"row-360\">\n\t<td class=\"column-1\">Centrum f\u00fcr Europ\u00e4ische Politik<\/td><td class=\"column-2\">08.07.13<\/td><td class=\"column-3\">cepAnalyse: Nachweis sicherheitsrelevanter Kompetenzen von Zugbegleitern<\/td><td class=\"column-4\"><\/td>\n<\/tr>\n<tr class=\"row-361\">\n\t<td class=\"column-1\">Strategis Communications<\/td><td class=\"column-2\">05.07.13<\/td><td class=\"column-3\">Meeting request in behalf of Pia Sorvillo<\/td><td class=\"column-4\">Senior Manager at PayPal on the scope of the recently issued proposal of Directive on Payment Accounts.<\/td>\n<\/tr>\n<tr class=\"row-362\">\n\t<td class=\"column-1\">EUROSIF<\/td><td class=\"column-2\">04.07.13<\/td><td class=\"column-3\">INVITATION - EUROPEAN SRI SYMPOSIUM 2013<\/td><td class=\"column-4\">abgesagt<\/td>\n<\/tr>\n<tr class=\"row-363\">\n\t<td class=\"column-1\">Frankfurter Institut f\u00fcr Risikomanagement und Regulierung<\/td><td class=\"column-2\">04.07.13<\/td><td class=\"column-3\">Zusendung des Jahrbuchs 2013<\/td><td class=\"column-4\"><\/td>\n<\/tr>\n<tr class=\"row-364\">\n\t<td class=\"column-1\">finance inside<\/td><td class=\"column-2\">04.07.13<\/td><td class=\"column-3\">Zusendung des Jahrbuchs 2013 \"Wie die Finanzindustrie das Wirtschaften erleichtert\"<\/td><td class=\"column-4\"><\/td>\n<\/tr>\n<tr class=\"row-365\">\n\t<td class=\"column-1\">Deutscher Raiffeisenverband e.V.<\/td><td class=\"column-2\">04.07.13<\/td><td class=\"column-3\">Stellungnahme des Grain Clubs zum iLUC-Richtlinienvorschlag der Europ\u00e4ischen Kommission<\/td><td class=\"column-4\"><\/td>\n<\/tr>\n<tr class=\"row-366\">\n\t<td class=\"column-1\">Association of Mutual Insurers and Insurance Cooperatives in Europe (AMICE)<\/td><td class=\"column-2\">04.07.13<\/td><td class=\"column-3\">Invitation to AMICE reception<\/td><td class=\"column-4\">abgesagt<\/td>\n<\/tr>\n<tr class=\"row-367\">\n\t<td class=\"column-1\">American Chamber of Commerce to the European Union (AmCham EU)<\/td><td class=\"column-2\">04.07.13<\/td><td class=\"column-3\">Position on Commission\u2019s Consultation on Long Term Investment (LTI)<\/td><td class=\"column-4\"><\/td>\n<\/tr>\n<tr class=\"row-368\">\n\t<td class=\"column-1\">The Kangaroo Group<\/td><td class=\"column-2\">04.07.13<\/td><td class=\"column-3\">Invitation to lunch Debate of the Working Group Financial Services<\/td><td class=\"column-4\">abgesagt<\/td>\n<\/tr>\n<tr class=\"row-369\">\n\t<td class=\"column-1\">Eurosif<\/td><td class=\"column-2\">04.07.13<\/td><td class=\"column-3\">Invitiation to European SRI Symposium 2013<br \/>\n\"Sustainability through Financial Markets for a Sustainable Europe\"<\/td><td class=\"column-4\">abgesagt<\/td>\n<\/tr>\n<tr class=\"row-370\">\n\t<td class=\"column-1\">VERBAND DER CHEMISCHEN INDUSTRIE e.V<\/td><td class=\"column-2\">03.07.13<\/td><td class=\"column-3\">Einladung zum Parlamentarischen Abend<\/td><td class=\"column-4\">abgesagt<\/td>\n<\/tr>\n<tr class=\"row-371\">\n\t<td class=\"column-1\">European Newspaper Publishers\u2019 Association<\/td><td class=\"column-2\">03.07.13<\/td><td class=\"column-3\">Stellungnahme zur Abstimmung zu \"Connected TV\"<\/td><td class=\"column-4\"><\/td>\n<\/tr>\n<tr class=\"row-372\">\n\t<td class=\"column-1\">European Magazine Media Association<\/td><td class=\"column-2\">03.07.13<\/td><td class=\"column-3\">Stellungnahme zur Abstimmung zu \"Connected TV\"<\/td><td class=\"column-4\"><\/td>\n<\/tr>\n<tr class=\"row-373\">\n\t<td class=\"column-1\">Verband Deutscher Zeitschriftenverleger e.V.<\/td><td class=\"column-2\">03.07.13<\/td><td class=\"column-3\">Stellungnahme zur Abstimmung zu \"Connected TV\"<\/td><td class=\"column-4\"><\/td>\n<\/tr>\n<tr class=\"row-374\">\n\t<td class=\"column-1\">Bundesverband der Deutschen Industrie e.V.<\/td><td class=\"column-2\">03.07.13<\/td><td class=\"column-3\">Stellungnahme zum EU-USA Freihandelsabkommen (TTIP)<\/td><td class=\"column-4\"><\/td>\n<\/tr>\n<tr class=\"row-375\">\n\t<td class=\"column-1\">EuropeanIssuers<\/td><td class=\"column-2\">03.07.13<\/td><td class=\"column-3\">Position on proposal to extend PRIPS proposal to shares and bonds<\/td><td class=\"column-4\"><\/td>\n<\/tr>\n<tr class=\"row-376\">\n\t<td class=\"column-1\">Die Spitzenorganisation der Filmwirtschaft e.V. (SPIO)<\/td><td class=\"column-2\">03.07.13<\/td><td class=\"column-3\">Stellungnahme zum EU-USA Freihandelsabkommen (TTIP)<\/td><td class=\"column-4\"><\/td>\n<\/tr>\n<tr class=\"row-377\">\n\t<td class=\"column-1\">RWE<\/td><td class=\"column-2\">03.07.13<\/td><td class=\"column-3\">Einladung zum 5. RWE-Sommertreff in Br\u00fcssel<\/td><td class=\"column-4\">agesagt<\/td>\n<\/tr>\n<tr class=\"row-378\">\n\t<td class=\"column-1\">Deutscher Caritasverband e.V.<\/td><td class=\"column-2\">03.07.13<\/td><td class=\"column-3\">Stellungnahme zur Konsumentenschutz im Bereich Einlagenkonten<\/td><td class=\"column-4\"><\/td>\n<\/tr>\n<tr class=\"row-379\">\n\t<td class=\"column-1\">BUSINESSEUROPE<\/td><td class=\"column-2\">03.07.13<\/td><td class=\"column-3\">Position on resolution on PRISM espionage<\/td><td class=\"column-4\"><\/td>\n<\/tr>\n<tr class=\"row-380\">\n\t<td class=\"column-1\">City of London<\/td><td class=\"column-2\">03.07.13<\/td><td class=\"column-3\">Invitiation to 2013 Annual Reception for the City of London<\/td><td class=\"column-4\">abgesagt<\/td>\n<\/tr>\n<tr class=\"row-381\">\n\t<td class=\"column-1\">GELSENWASSER AG<\/td><td class=\"column-2\">03.07.13<\/td><td class=\"column-3\">Stellungnahme und Gespr\u00e4chsanfrage zur Dienstleistungskonzessionsrichtlinie<\/td><td class=\"column-4\">abgesagt<\/td>\n<\/tr>\n<tr class=\"row-382\">\n\t<td class=\"column-1\">Bundesverband der Dienstleistungswirtschaft<\/td><td class=\"column-2\">03.07.13<\/td><td class=\"column-3\">BDWi-Stellungnahme zur Geldw\u00e4scherichtlinie<\/td><td class=\"column-4\"><\/td>\n<\/tr>\n<tr class=\"row-383\">\n\t<td class=\"column-1\">Baden-W\u00fcrttembergischer Genossenschaftsverbandes (BWGV)<\/td><td class=\"column-2\">03.07.13<\/td><td class=\"column-3\">Einladung zum BWGV-Arbeitsfr\u00fchst\u00fcck<\/td><td class=\"column-4\">abgesagt<\/td>\n<\/tr>\n<tr class=\"row-384\">\n\t<td class=\"column-1\">Amnesty International and Human Rights Watch<\/td><td class=\"column-2\">02.07.13<\/td><td class=\"column-3\">Position on report on Hungary<\/td><td class=\"column-4\"><\/td>\n<\/tr>\n<tr class=\"row-385\">\n\t<td class=\"column-1\">Oxfam<\/td><td class=\"column-2\">02.07.13<\/td><td class=\"column-3\">Position on the review of the Markets in Financial Instruments Directive and Regulation (MiFID\/MiFIR)<\/td><td class=\"column-4\"><\/td>\n<\/tr>\n<tr class=\"row-386\">\n\t<td class=\"column-1\">International Paper<\/td><td class=\"column-2\">02.07.13<\/td><td class=\"column-3\">Position on ETS \"backloading\" proposal<\/td><td class=\"column-4\"><\/td>\n<\/tr>\n<tr class=\"row-387\">\n\t<td class=\"column-1\">Eurochambres<\/td><td class=\"column-2\">02.07.13<\/td><td class=\"column-3\">Position on ETS \"backloading\" proposal<\/td><td class=\"column-4\"><\/td>\n<\/tr>\n<tr class=\"row-388\">\n\t<td class=\"column-1\">Oxfam<\/td><td class=\"column-2\">02.07.13<\/td><td class=\"column-3\">Position on the review of the Markets in Financial Instruments Directive and Regulation (MiFID\/MiFIR)<\/td><td class=\"column-4\"><\/td>\n<\/tr>\n<tr class=\"row-389\">\n\t<td class=\"column-1\">Pierre Baigorry (aka \"Peter Fox\")<\/td><td class=\"column-2\">02.07.13<\/td><td class=\"column-3\">Aufforderung dem Vorschlag zum ETS backloading zuzustimmen<\/td><td class=\"column-4\"><\/td>\n<\/tr>\n<tr class=\"row-390\">\n\t<td class=\"column-1\">BUSINESSEUROPE<\/td><td class=\"column-2\">01.07.13<\/td><td class=\"column-3\">Appeal to vote in favour of the political agreement on the Multiannual Financial Framework 2014-2020<\/td><td class=\"column-4\"><\/td>\n<\/tr>\n<tr class=\"row-391\">\n\t<td class=\"column-1\">Bundesverband deutscher Banken<\/td><td class=\"column-2\">01.07.13<\/td><td class=\"column-3\">Stellungnahme zum Gr\u00fcnbuch der Kommission zur Langfristfinanzierung in Europa<\/td><td class=\"column-4\"><\/td>\n<\/tr>\n<tr class=\"row-392\">\n\t<td class=\"column-1\">Wirtschaftsvereinigung Stahl<\/td><td class=\"column-2\">01.07.13<\/td><td class=\"column-3\">Stellungnahme zur verz\u00f6gerten Auktionierung von Emissionserlaubnissen (Backloading)<\/td><td class=\"column-4\"><\/td>\n<\/tr>\n<tr class=\"row-393\">\n\t<td class=\"column-1\">Corporate Europe<\/td><td class=\"column-2\">01.07.13<\/td><td class=\"column-3\">Position on ETS \"backloading\" proposal<\/td><td class=\"column-4\"><\/td>\n<\/tr>\n<tr class=\"row-394\">\n\t<td class=\"column-1\">Zeitungsverlegerverband  Nordrhein-Westfalen e.V. und Verband der Betriebsgesellschaften in Nordrhein-Westfalen e.V<\/td><td class=\"column-2\">01.07.13<\/td><td class=\"column-3\">Einladung zum parlamentarischen Abend<\/td><td class=\"column-4\">abgesagt<\/td>\n<\/tr>\n<tr class=\"row-395\">\n\t<td class=\"column-1\">Centrum f\u00fcr Europ\u00e4ische Politik<\/td><td class=\"column-2\">01.07.13<\/td><td class=\"column-3\">cepAnalyse der Richtlinie zur Netz- und Informationssicherheit<\/td><td class=\"column-4\"><\/td>\n<\/tr>\n<tr class=\"row-396\">\n\t<td class=\"column-1\"><\/td><td class=\"column-2\"><\/td><td class=\"column-3\"><\/td><td class=\"column-4\"><\/td>\n<\/tr>\n<tr class=\"row-397\">\n\t<td class=\"column-1\">Juni 2013<\/td><td class=\"column-2\"><\/td><td class=\"column-3\"><\/td><td class=\"column-4\"><\/td>\n<\/tr>\n<tr class=\"row-398\">\n\t<td class=\"column-1\"><\/td><td class=\"column-2\"><\/td><td class=\"column-3\"><\/td><td class=\"column-4\"><\/td>\n<\/tr>\n<tr class=\"row-399\">\n\t<td class=\"column-1\">\u201eEuropeans for Financial Reform\u201c-Koalition<\/td><td class=\"column-2\">27.06.13<\/td><td class=\"column-3\">Stellungnahme zu Vorschlag zur verst\u00e4rkten Zusammenarbeit im Bereich der Finanztransaktionssteuer<\/td><td class=\"column-4\"><\/td>\n<\/tr>\n<tr class=\"row-400\">\n\t<td class=\"column-1\">Bundesarbeitsgemeinschaft der Freien Wohlfahrtspflege e.V. (BAGFW)<\/td><td class=\"column-2\">27.06.13<\/td><td class=\"column-3\">Stellungnahme zu der Verordnung zur Feststellung der Vereinbarkeit bestimmter Gruppen von Beihilfen mit dem Binnenmarkt<\/td><td class=\"column-4\"><\/td>\n<\/tr>\n<tr class=\"row-401\">\n\t<td class=\"column-1\">Zentralkomitee der deutschen Katholiken<\/td><td class=\"column-2\">27.06.13<\/td><td class=\"column-3\">Stellungnahme zur verz\u00f6gerten Auktionierung von Emissionserlaubnissen (Backloading)<\/td><td class=\"column-4\"><\/td>\n<\/tr>\n<tr class=\"row-402\">\n\t<td class=\"column-1\">Eisenbahn- und Verkehrsgewerkschaft (EVG)<\/td><td class=\"column-2\">27.06.13<\/td><td class=\"column-3\">Stellungnahme zum 4. EU-Eisenbahnpaket<\/td><td class=\"column-4\"><\/td>\n<\/tr>\n<tr class=\"row-403\">\n\t<td class=\"column-1\">Lloyds Banking Group<\/td><td class=\"column-2\">26.06.13<\/td><td class=\"column-3\">Request for a meeting with Sumantra Prasad<\/td><td class=\"column-4\">Retail Competition and Regulatory Strategy<\/td>\n<\/tr>\n<tr class=\"row-404\">\n\t<td class=\"column-1\">AG Europa<br \/>\nB\u00fcndnis der B\u00fcrgerinitiativen <br \/>\n<\/td><td class=\"column-2\">26.06.13<\/td><td class=\"column-3\">Stellungnahme zur Richtlinie \u00fcber die Umweltvertr\u00e4glichkeitspr\u00fcfung bei bestimmten \u00f6ffentlichen und privaten Projekten<\/td><td class=\"column-4\"><\/td>\n<\/tr>\n<tr class=\"row-405\">\n\t<td class=\"column-1\">Fachverband Biogas e.V.<\/td><td class=\"column-2\">26.06.13<\/td><td class=\"column-3\">Aufforderung f\u00fcr den Kompromissvorschlag zur verz\u00f6gerten Auktionierung von Emissionserlaubnissen (Backloading) zu stimmen<\/td><td class=\"column-4\"><\/td>\n<\/tr>\n<tr class=\"row-406\">\n\t<td class=\"column-1\">Polish Chamber of Commerce<\/td><td class=\"column-2\">26.06.13<\/td><td class=\"column-3\">Position paper on ETS backloading vote<\/td><td class=\"column-4\"><\/td>\n<\/tr>\n<tr class=\"row-407\">\n\t<td class=\"column-1\">Bundesverband deutscher Banken<\/td><td class=\"column-2\">25.06.13<\/td><td class=\"column-3\">Gespr\u00e4chsanfrage zum Thema Geldw\u00e4sche-Richtlinie<\/td><td class=\"column-4\">abgesagt<\/td>\n<\/tr>\n<tr class=\"row-408\">\n\t<td class=\"column-1\">EnBW<\/td><td class=\"column-2\">25.06.13<\/td><td class=\"column-3\">Einladung zum EnBW-Sommerfest Br\u00fcssel mit dem Motto \"Energie neu denken, EnBW neu denken!\"<\/td><td class=\"column-4\">abgesagt<\/td>\n<\/tr>\n<tr class=\"row-409\">\n\t<td class=\"column-1\">WirtschaftsVereinigung Metalle e.V.<\/td><td class=\"column-2\">25.06.13<\/td><td class=\"column-3\">Stellungnahme zur verz\u00f6gerten Auktionierung von Emissionserlaubnissen (Backloading)<\/td><td class=\"column-4\"><\/td>\n<\/tr>\n<tr class=\"row-410\">\n\t<td class=\"column-1\">Bayer AG<\/td><td class=\"column-2\">25.06.13<\/td><td class=\"column-3\">Stellungnahme zur verz\u00f6gerten Auktionierung von Emissionserlaubnissen (Backloading)<\/td><td class=\"column-4\"><\/td>\n<\/tr>\n<tr class=\"row-411\">\n\t<td class=\"column-1\">European Gaming and Betting Association (EGBA)<\/td><td class=\"column-2\">25.06.13<\/td><td class=\"column-3\">Request for a meeting on anti-money laundering directive<\/td><td class=\"column-4\">abgesagt<\/td>\n<\/tr>\n<tr class=\"row-412\">\n\t<td class=\"column-1\">BUSINESSEUROPE<\/td><td class=\"column-2\">25.06.13<\/td><td class=\"column-3\">Letter from director general Markus Beyreron the vote on ETS \"backloading\"<\/td><td class=\"column-4\"><\/td>\n<\/tr>\n<tr class=\"row-413\">\n\t<td class=\"column-1\">Deutscher Gewerkschaftsbund<\/td><td class=\"column-2\">25.06.13<\/td><td class=\"column-3\">Stellungnahme zur Konsultation der EU-Kommission zum Gr\u00fcnbuch \u201eLangfristige Finanzierung der Europ\u00e4ischen Wirtschaft\u201c<\/td><td class=\"column-4\"><\/td>\n<\/tr>\n<tr class=\"row-414\">\n\t<td class=\"column-1\">Finland's Slot Machine Association<\/td><td class=\"column-2\">24.06.13<\/td><td class=\"column-3\">Request for a meeting<\/td><td class=\"column-4\">abgesagt<\/td>\n<\/tr>\n<tr class=\"row-415\">\n\t<td class=\"column-1\">Bundesverband der Energie- und Wasserwirtschaft e.V.<\/td><td class=\"column-2\">24.06.13<\/td><td class=\"column-3\">Stellungnahme zur verz\u00f6gerten Auktionierung von Emissionserlaubnissen (Backloading)<\/td><td class=\"column-4\"><\/td>\n<\/tr>\n<tr class=\"row-416\">\n\t<td class=\"column-1\">Schwedische Gewerkschaften, \u00d6sterreichischer Gewerkschaftsbund (\u00d6GB) und Deutscher Gewerkschaftsbund (DGB)<\/td><td class=\"column-2\">24.06.13<\/td><td class=\"column-3\">Einladung zum Hoffest<\/td><td class=\"column-4\">abgesagt<\/td>\n<\/tr>\n<tr class=\"row-417\">\n\t<td class=\"column-1\">ForschungsVerbund Erneuerbare Energien (FVEE)<\/td><td class=\"column-2\">24.06.13<\/td><td class=\"column-3\">Positionspapier zu den \u00f6konomischen Aspekten eines neuen Stromsystemdesigns<\/td><td class=\"column-4\"><\/td>\n<\/tr>\n<tr class=\"row-418\">\n\t<td class=\"column-1\">Westdeutsche Lotterie GmbH &amp; Co. OHG<\/td><td class=\"column-2\">24.06.13<\/td><td class=\"column-3\">Gespr\u00e4chsanfrage zur Anti-Geldw\u00e4scherichtlinie<\/td><td class=\"column-4\">abgesagt<\/td>\n<\/tr>\n<tr class=\"row-419\">\n\t<td class=\"column-1\">Centrum f\u00fcr Europ\u00e4ische Politik<\/td><td class=\"column-2\">24.06.13<\/td><td class=\"column-3\">cepAnalyse zum 7. Umweltaktionsprogramm bis 2020<\/td><td class=\"column-4\"><\/td>\n<\/tr>\n<tr class=\"row-420\">\n\t<td class=\"column-1\">Deutscher Verein f\u00fcr \u00f6ffentliche und private F\u00fcrsorge e. V.<\/td><td class=\"column-2\">24.06.13<\/td><td class=\"column-3\">Stellungnahme zur Mitteilung der Europ\u00e4ischen Kommission \u201eSozialinvestitionen f\u00fcr Wachstum und sozialen Zusammenhalt\u201c<\/td><td class=\"column-4\"><\/td>\n<\/tr>\n<tr class=\"row-421\">\n\t<td class=\"column-1\">The European Fund and Asset Management Association<\/td><td class=\"column-2\">21.06.13<\/td><td class=\"column-3\">Letter on recent developments on PRIPS negotiation<\/td><td class=\"column-4\"><\/td>\n<\/tr>\n<tr class=\"row-422\">\n\t<td class=\"column-1\">PayPal Deutschland<\/td><td class=\"column-2\">20.06.13<\/td><td class=\"column-3\">Gespr\u00e4chsanfrage zur Umsetzung der Single Euro Payments Area (SEPA)<\/td><td class=\"column-4\">abgesagt<\/td>\n<\/tr>\n<tr class=\"row-423\">\n\t<td class=\"column-1\">Deutscher Anwaltverein<\/td><td class=\"column-2\">20.06.13<\/td><td class=\"column-3\">Stellungnahme zur Datenschutz-Grundverordnung KOM(2012)11<\/td><td class=\"column-4\"><\/td>\n<\/tr>\n<tr class=\"row-424\">\n\t<td class=\"column-1\">European Banking Federation<\/td><td class=\"column-2\">20.06.13<\/td><td class=\"column-3\">Invitation to European Banking Federation<\/td><td class=\"column-4\">abgesagt<\/td>\n<\/tr>\n<tr class=\"row-425\">\n\t<td class=\"column-1\">FIEC (Europ. Bauarbeitgeberverband) und EFBH (Europ. F\u00f6deration der Bau- und Holzarbeitergewerkschaften)<\/td><td class=\"column-2\">17.06.13<\/td><td class=\"column-3\">Position on directive concerning the posting of workers in the framework of the provision of services<\/td><td class=\"column-4\"><\/td>\n<\/tr>\n<tr class=\"row-426\">\n\t<td class=\"column-1\">Visa<\/td><td class=\"column-2\">17.06.13<\/td><td class=\"column-3\">Request for a meeting with Bill Sheedy (Head of Visa Inc. Global Government Relation)<\/td><td class=\"column-4\">Josh Floum (Visa Inc. General Counsel) and Dmitry Vishnyakov (Head of Visa Inc. Government Relations Central Europe) on TTIP<\/td>\n<\/tr>\n<tr class=\"row-427\">\n\t<td class=\"column-1\">International Cooperative and Mutual Insurance Federation<\/td><td class=\"column-2\">17.06.13<\/td><td class=\"column-3\">Request for a meeting on financial literacy<\/td><td class=\"column-4\">abgesagt<\/td>\n<\/tr>\n<tr class=\"row-428\">\n\t<td class=\"column-1\">European Trade Union Confederation<\/td><td class=\"column-2\">17.06.13<\/td><td class=\"column-3\">Letter regarding the \u201cCompromise amendments on the proposed Directive on the enforcement of Directive 96\/71\/EC<\/td><td class=\"column-4\"><\/td>\n<\/tr>\n<tr class=\"row-429\">\n\t<td class=\"column-1\">Nationale Armutskonferenz\/Der PARIT\u00c4TISCHE Wohlfahrtsverband Hamburg e.V.<\/td><td class=\"column-2\">17.06.13<\/td><td class=\"column-3\">Stellungnahme zur Verordnung zum Europ\u00e4ischen Hilfsfonds f\u00fcr die am st\u00e4rksten von Armut betroffenen Personen<\/td><td class=\"column-4\"><\/td>\n<\/tr>\n<tr class=\"row-430\">\n\t<td class=\"column-1\">Bundesverband der <br \/>\nDeutschen Industrie e.V.<\/td><td class=\"column-2\">17.06.13<\/td><td class=\"column-3\">Stellungnahme zur ETS (\"backloading\")-Richtlinine <\/td><td class=\"column-4\"><\/td>\n<\/tr>\n<tr class=\"row-431\">\n\t<td class=\"column-1\">Deutsche Bank<\/td><td class=\"column-2\">17.06.13<\/td><td class=\"column-3\">Invitation Deutsche Bank EU Affairs Briefing on \"Long-term Investment - ways to more growth in Europe\"<br \/>\n<\/td><td class=\"column-4\">abgesagt<\/td>\n<\/tr>\n<tr class=\"row-432\">\n\t<td class=\"column-1\">Europeans for Financial Reform<\/td><td class=\"column-2\">17.06.13<\/td><td class=\"column-3\">Stellungnahme zur Finanztransaktionssteuer in verst\u00e4rkter Zusammenarbeit<\/td><td class=\"column-4\"><\/td>\n<\/tr>\n<tr class=\"row-433\">\n\t<td class=\"column-1\">Bisch\u00f6fliches Hilfswerk MISEREOR e. V.<\/td><td class=\"column-2\">17.06.13<\/td><td class=\"column-3\">Einladung<br \/>\nLunch-Diskussion<br \/>\nBackloading - Klimaschutz - Armutsbek\u00e4mpfung<\/td><td class=\"column-4\"><\/td>\n<\/tr>\n<tr class=\"row-434\">\n\t<td class=\"column-1\">Centrum f\u00fcr Europ\u00e4ische Politik<\/td><td class=\"column-2\">17.06.13<\/td><td class=\"column-3\">cepAnalyse zur Finanztransaktionssteuer in verst\u00e4rkter Zusammenarbeit<\/td><td class=\"column-4\"><\/td>\n<\/tr>\n<tr class=\"row-435\">\n\t<td class=\"column-1\">Zentralverbands des Deutschen Handwerks und Wirtschaftskammer \u00d6sterreich<\/td><td class=\"column-2\">14.06.13<\/td><td class=\"column-3\">Positionspapier zur Entsenderichtlinie<\/td><td class=\"column-4\"><\/td>\n<\/tr>\n<tr class=\"row-436\">\n\t<td class=\"column-1\">Societe Generale Group<\/td><td class=\"column-2\">13.06.13<\/td><td class=\"column-3\">Request for a meeting with Gilles Briatta, advisor to the CEO<\/td><td class=\"column-4\">abgesagt<\/td>\n<\/tr>\n<tr class=\"row-437\">\n\t<td class=\"column-1\">Remote Gambling Association<\/td><td class=\"column-2\">13.06.13<\/td><td class=\"column-3\">Position on the 4th Anti-money laundering Directive<\/td><td class=\"column-4\"><\/td>\n<\/tr>\n<tr class=\"row-438\">\n\t<td class=\"column-1\">BUSINESSEUROPE<\/td><td class=\"column-2\">CEEP<\/td><td class=\"column-3\">UEAPME und ETUC<\/td><td class=\"column-4\">13.06.13<\/td>\n<\/tr>\n<tr class=\"row-439\">\n\t<td class=\"column-1\">Hans B\u00f6ckler Stiftung<\/td><td class=\"column-2\">12.06.13<\/td><td class=\"column-3\">Zusendung des \"impuls\" 10\/2013<\/td><td class=\"column-4\"><\/td>\n<\/tr>\n<tr class=\"row-440\">\n\t<td class=\"column-1\">Rheinisch-Westf\u00e4lischer Genossenschaftsverband e.V.<\/td><td class=\"column-2\">12.06.13<\/td><td class=\"column-3\">Einladung zum 8. ordentlichen Verbandstag<\/td><td class=\"column-4\">abgesagt<\/td>\n<\/tr>\n<tr class=\"row-441\">\n\t<td class=\"column-1\">Bureau du Tibet<\/td><td class=\"column-2\">12.06.13<\/td><td class=\"column-3\">Einladung zur Feier anl\u00e4sslich des Geburtstages des Dalai Lama<\/td><td class=\"column-4\">abgesagt<\/td>\n<\/tr>\n<tr class=\"row-442\">\n\t<td class=\"column-1\">Bund \u00d6kologische Lebensmittelwirtschaft<\/td><td class=\"column-2\">12.06.13<\/td><td class=\"column-3\">Stellungnahme zum Kommissionsvorschlag zum EU-Saatgutrecht<\/td><td class=\"column-4\"><\/td>\n<\/tr>\n<tr class=\"row-443\">\n\t<td class=\"column-1\">UFC-Que Choisir<\/td><td class=\"column-2\">12.06.13<\/td><td class=\"column-3\">Position paper on the directive on insurance mediation (PRIPS)<\/td><td class=\"column-4\"><\/td>\n<\/tr>\n<tr class=\"row-444\">\n\t<td class=\"column-1\">IG BCE Innovationsforum Energiewende e.V.<\/td><td class=\"column-2\">12.06.13<\/td><td class=\"column-3\">Invitation to EU-Business Breakfast<\/td><td class=\"column-4\"><\/td>\n<\/tr>\n<tr class=\"row-445\">\n\t<td class=\"column-1\">Federation of European Securities Exchanges AISBL<\/td><td class=\"column-2\">12.06.13<\/td><td class=\"column-3\">Position Paper on MiFID<\/td><td class=\"column-4\"><\/td>\n<\/tr>\n<tr class=\"row-446\">\n\t<td class=\"column-1\">BUSINESSEUROPE<\/td><td class=\"column-2\">12.06.13<\/td><td class=\"column-3\">Letter form Markus Beyer<\/td><td class=\"column-4\">Director General on the Commission's proposal for the Posting of Workers Enforcement Directive<\/td>\n<\/tr>\n<tr class=\"row-447\">\n\t<td class=\"column-1\">ENSIE<\/td><td class=\"column-2\">Social Platform<\/td><td class=\"column-3\">Social Economy Europe<\/td><td class=\"column-4\">CECOP<\/td>\n<\/tr>\n<tr class=\"row-448\">\n\t<td class=\"column-1\">Federation of European Accountants &amp; Institute of Chartered Accountants of Scotland<\/td><td class=\"column-2\">11.06.13<\/td><td class=\"column-3\">Invitation to breakfast debate on \u2018Assurance on <br \/>\nNarrative Reporting\u2019 <br \/>\n<\/td><td class=\"column-4\">abgesagt<\/td>\n<\/tr>\n<tr class=\"row-449\">\n\t<td class=\"column-1\">Arbeiterwohlfahrt Bundesverband e.V.<\/td><td class=\"column-2\">11.06.13<\/td><td class=\"column-3\">Einladung zum Parlamentarischen Abend<\/td><td class=\"column-4\">abgesagt<\/td>\n<\/tr>\n<tr class=\"row-450\">\n\t<td class=\"column-1\">Bauernverband<\/td><td class=\"column-2\">11.06.13<\/td><td class=\"column-3\">Zusendung einer Stellungnahme zur Abstimmung \u00fcber die Haushaltsdisziplin der Direktzahlungen 2013 im Plenum<\/td><td class=\"column-4\"><\/td>\n<\/tr>\n<tr class=\"row-451\">\n\t<td class=\"column-1\">Deutscher Anwaltverein<\/td><td class=\"column-2\">11.06.13<\/td><td class=\"column-3\">Einladung zum Europ\u00e4ischen Abend<\/td><td class=\"column-4\">abgesagt<\/td>\n<\/tr>\n<tr class=\"row-452\">\n\t<td class=\"column-1\">Confederation of British Industry<\/td><td class=\"column-2\">10.06.13<\/td><td class=\"column-3\">CBI\u2019s monthly Lobby Brief<\/td><td class=\"column-4\"><\/td>\n<\/tr>\n<tr class=\"row-453\">\n\t<td class=\"column-1\">Church and Society Commission<\/td><td class=\"column-2\">10.06.13<\/td><td class=\"column-3\">Invitation to Panel Discussion on \"Religion in the Public Sphere\"<\/td><td class=\"column-4\">abgesagt<\/td>\n<\/tr>\n<tr class=\"row-454\">\n\t<td class=\"column-1\">Committe of the Regions<\/td><td class=\"column-2\">10.06.13<\/td><td class=\"column-3\">Zusendung des Berichts \"Political Priorities 2012-2015\"<\/td><td class=\"column-4\"><\/td>\n<\/tr>\n<tr class=\"row-455\">\n\t<td class=\"column-1\">Deutscher Verein f\u00fcr \u00f6ffentliche und private F\u00fcrsorge<\/td><td class=\"column-2\">10.06.13<\/td><td class=\"column-3\">Stellungnahme zum Europ\u00e4ischen Hilfsfonds f\u00fcr die am st\u00e4rksten von Armut betroffenen Personen<\/td><td class=\"column-4\"><\/td>\n<\/tr>\n<tr class=\"row-456\">\n\t<td class=\"column-1\">Deutscher Sparkassen- und Giroverband<\/td><td class=\"column-2\">10.06.13<\/td><td class=\"column-3\">Stellungnahme zur EU-Geldw\u00e4scherichtlinie<\/td><td class=\"column-4\"><\/td>\n<\/tr>\n<tr class=\"row-457\">\n\t<td class=\"column-1\">MLP Finanzdienstleistungen AG<\/td><td class=\"column-2\">07.06.13<\/td><td class=\"column-3\">Gespr\u00e4chsanfrage mit Dr. Uwe Schroeder-Wildberg zur Vorstellung der CEP-Studie zu IMD II<\/td><td class=\"column-4\">abgesagt<\/td>\n<\/tr>\n<tr class=\"row-458\">\n\t<td class=\"column-1\">British Bankers\u2019 Association<\/td><td class=\"column-2\">06.06.13<\/td><td class=\"column-3\">Invitation to private lunch with Anthony Browne<\/td><td class=\"column-4\">CEO<\/td>\n<\/tr>\n<tr class=\"row-459\">\n\t<td class=\"column-1\">Europ\u00e4ischer Verein der jungen <br \/>\nUnternehmer <br \/>\n<\/td><td class=\"column-2\">06.06.13<\/td><td class=\"column-3\">Gespr\u00e4chsanfrage und Zusendung der Stellungnahme \"Das F\u00fcr und Wieder des Sitzes der Europ\u00e4ischen Parlaments in Strasbourg\"<\/td><td class=\"column-4\">abgesagt<\/td>\n<\/tr>\n<tr class=\"row-460\">\n\t<td class=\"column-1\">Bisch\u00f6fliches Hilfswerk MISEREOR e. V.<\/td><td class=\"column-2\">06.06.13<\/td><td class=\"column-3\">Einladung zur Lunch-Diskussion zum Thema Backloading und Klimaschutz<\/td><td class=\"column-4\">abgesagt<\/td>\n<\/tr>\n<tr class=\"row-461\">\n\t<td class=\"column-1\">Bundesverband deutscher Banken<\/td><td class=\"column-2\">06.06.13<\/td><td class=\"column-3\">Zusendung des \"Aktuellen Stichworts\" zum Thema Kommunalfinanzierung<\/td><td class=\"column-4\"><\/td>\n<\/tr>\n<tr class=\"row-462\">\n\t<td class=\"column-1\">Gesamtverband der Deutschen Versicherungswirtschaft e.V.<\/td><td class=\"column-2\">05.06.13<\/td><td class=\"column-3\">Gespr\u00e4chsanfrage mit GDV-Pr\u00e4sident Dr. Alexander Erdland zu den aktuellen Priorit\u00e4ten im Versicherungsbereich<\/td><td class=\"column-4\">zugesagt<\/td>\n<\/tr>\n<tr class=\"row-463\">\n\t<td class=\"column-1\">European Banking Federation<\/td><td class=\"column-2\">04.06.13<\/td><td class=\"column-3\">Invitation to Annual Cocktail<\/td><td class=\"column-4\">abgesagt<\/td>\n<\/tr>\n<tr class=\"row-464\">\n\t<td class=\"column-1\">Deutscher Gewerkschaftsbund (DGB)<\/td><td class=\"column-2\">03.06.13<\/td><td class=\"column-3\">Stellungnahme zum Kommissionsvorschlag zur Berichterstattungspflicht nichtfinanzieller Informationen<\/td><td class=\"column-4\"><\/td>\n<\/tr>\n<tr class=\"row-465\">\n\t<td class=\"column-1\">Wholesale Markets Brokers\u2019 Association (WMBA)<\/td><td class=\"column-2\">03.06.13<\/td><td class=\"column-3\">Request for a meeting with Alex McDonald<\/td><td class=\"column-4\">CEO<\/td>\n<\/tr>\n<tr class=\"row-466\">\n\t<td class=\"column-1\">Centrum f\u00fcr Europ\u00e4ische Politik<\/td><td class=\"column-2\">02.06.13<\/td><td class=\"column-3\">Zusendung der cepAnalyse des Gr\u00fcnbuchs COM(2012) 698 zur Paketzustellung<\/td><td class=\"column-4\"><\/td>\n<\/tr>\n<tr class=\"row-467\">\n\t<td class=\"column-1\"><\/td><td class=\"column-2\"><\/td><td class=\"column-3\"><\/td><td class=\"column-4\"><\/td>\n<\/tr>\n<tr class=\"row-468\">\n\t<td class=\"column-1\">Mai 2013<\/td><td class=\"column-2\"><\/td><td class=\"column-3\"><\/td><td class=\"column-4\"><\/td>\n<\/tr>\n<tr class=\"row-469\">\n\t<td class=\"column-1\"><\/td><td class=\"column-2\"><\/td><td class=\"column-3\"><\/td><td class=\"column-4\"><\/td>\n<\/tr>\n<tr class=\"row-470\">\n\t<td class=\"column-1\">Deutsche Kreditwirtschaft (Bundesverband der Deutschen Volks- und Raiffeisenbanken (BVR)<\/td><td class=\"column-2\">Bundesverband Deutscher Banken (BdB)<\/td><td class=\"column-3\">Bundesverband \u00d6ffentlicher Banken (V\u00d6B)<\/td><td class=\"column-4\">Verband der Pfandbriefbanken (vdp)<\/td>\n<\/tr>\n<tr class=\"row-471\">\n\t<td class=\"column-1\">U.S. Securities and Exchange Commission<\/td><td class=\"column-2\">31.05.13<\/td><td class=\"column-3\">Meeting request with David Bless<\/td><td class=\"column-4\">Chief Counsel of the SEC's Trading and Markets Division<\/td>\n<\/tr>\n<tr class=\"row-472\">\n\t<td class=\"column-1\">Deutsche Kreditwirtschaft (Bundesverband der Deutschen Volks- und Raiffeisenbanken (BVR), Bundesverband Deutscher Banken (BdB), Bundesverband \u00d6ffentlicher Banken (V\u00d6B), Verband der Pfandbriefbanken (vdp), Deutscher Sparkassen- und Giroverband (DSGV))<br \/>\n<\/td><td class=\"column-2\">30.05.13<\/td><td class=\"column-3\">Zusendung des Positionspapiers: \"Auswirkungen einer Finanztransaktionssteuer aus Sicht von Marktteilnehmern\"<\/td><td class=\"column-4\"><\/td>\n<\/tr>\n<tr class=\"row-473\">\n\t<td class=\"column-1\">Financial Future<\/td><td class=\"column-2\">30.05.13<\/td><td class=\"column-3\">Invitation to Workshop on Shadow Banking<\/td><td class=\"column-4\">abgesagt<\/td>\n<\/tr>\n<tr class=\"row-474\">\n\t<td class=\"column-1\">European Consumer Organisation<\/td><td class=\"column-2\">30.05.13<\/td><td class=\"column-3\">Position paper and proposals for amendments for the revised third Anti-Money Laundering Directive<\/td><td class=\"column-4\"><\/td>\n<\/tr>\n<tr class=\"row-475\">\n\t<td class=\"column-1\">Mlex market intelligence<\/td><td class=\"column-2\">30.05.13<\/td><td class=\"column-3\">Invitation to Mlex Brussels Summer Party<\/td><td class=\"column-4\">abgesagt<\/td>\n<\/tr>\n<tr class=\"row-476\">\n\t<td class=\"column-1\">IG Metall<\/td><td class=\"column-2\">30.05.13<\/td><td class=\"column-3\">Einladung zum industriepolitischen Fr\u00fchst\u00fcck<\/td><td class=\"column-4\">abgesagt<\/td>\n<\/tr>\n<tr class=\"row-477\">\n\t<td class=\"column-1\">European Private Equity &amp; Venture Capital Association<\/td><td class=\"column-2\">30.05.13<\/td><td class=\"column-3\">Report on private equity's contribution to European growth<\/td><td class=\"column-4\"><\/td>\n<\/tr>\n<tr class=\"row-478\">\n\t<td class=\"column-1\">FoodDrinkEuropea<\/td><td class=\"column-2\">29.05.13<\/td><td class=\"column-3\">Statement on Solvency II<\/td><td class=\"column-4\"><\/td>\n<\/tr>\n<tr class=\"row-479\">\n\t<td class=\"column-1\">Sortu (the Basque Abertzale Left)<\/td><td class=\"column-2\">28.05.13<\/td><td class=\"column-3\">Meeting request with Iraide Lejarreta<\/td><td class=\"column-4\">the delegate for European Institutions of Sortu (the Basque Abertzale Left)<\/td>\n<\/tr>\n<tr class=\"row-480\">\n\t<td class=\"column-1\">British Chamber<\/td><td class=\"column-2\">28.05.13<\/td><td class=\"column-3\">Invitation to dinner with a keynote speaker on \u201cThe EU: Does business need more or less?\u201d<\/td><td class=\"column-4\">abgesagt<\/td>\n<\/tr>\n<tr class=\"row-481\">\n\t<td class=\"column-1\">Bundesarbeitskammer \u00d6sterreich<\/td><td class=\"column-2\">28.05.13<\/td><td class=\"column-3\">Position on the Fourth Railway Package<\/td><td class=\"column-4\"><\/td>\n<\/tr>\n<tr class=\"row-482\">\n\t<td class=\"column-1\">Association for Financial Markets in Europe<\/td><td class=\"column-2\">28.05.13<\/td><td class=\"column-3\">Position paper on the Commission\u2019s proposals for the Fourth Money Laundering Directive<\/td><td class=\"column-4\"><\/td>\n<\/tr>\n<tr class=\"row-483\">\n\t<td class=\"column-1\">Deutsch-Franz\u00f6sische Industrie- und Handelskammer<\/td><td class=\"column-2\">28.05.13<\/td><td class=\"column-3\">Einladung zu einem Treffen mit J\u00f6rn Bousselmi<\/td><td class=\"column-4\">Gesch\u00e4ftsf\u00fchrer<\/td>\n<\/tr>\n<tr class=\"row-484\">\n\t<td class=\"column-1\">Federation of Finnish Financial Services<\/td><td class=\"column-2\">27.05.13<\/td><td class=\"column-3\">Meeting request with Piia-Noora Kauppi<\/td><td class=\"column-4\">Managing Director on IMD2<\/td>\n<\/tr>\n<tr class=\"row-485\">\n\t<td class=\"column-1\">Centrum f\u00fcr Europ\u00e4ische Politik<\/td><td class=\"column-2\">27.05.13<\/td><td class=\"column-3\">Zusendung \"cepAnalyse: 4. Eisenbahnpaket: Auftragsvergabe im \u00f6ffentlichen Personenverkehr\"<\/td><td class=\"column-4\"><\/td>\n<\/tr>\n<tr class=\"row-486\">\n\t<td class=\"column-1\">Deutsche Sozialversicherung<\/td><td class=\"column-2\">27.05.13<\/td><td class=\"column-3\">Position Paper on VAT Reform<\/td><td class=\"column-4\"><\/td>\n<\/tr>\n<tr class=\"row-487\">\n\t<td class=\"column-1\">European Trade Union Confederation<\/td><td class=\"column-2\">24.05.13<\/td><td class=\"column-3\">Compromise amendments on the proposed Directive on the enforcement of Directive 96\/71\/EC (Jazlowiecka report) - Letter from Veronica Nilsson<\/td><td class=\"column-4\">ETUC<\/td>\n<\/tr>\n<tr class=\"row-488\">\n\t<td class=\"column-1\">MHP Communications<\/td><td class=\"column-2\">24.05.13<\/td><td class=\"column-3\">Request to give a keynote speech on \u201cThe Future of Shadow Banking Regulation in the EU\u201d<\/td><td class=\"column-4\">abgesagt<\/td>\n<\/tr>\n<tr class=\"row-489\">\n\t<td class=\"column-1\">European Banking Federation<\/td><td class=\"column-2\">23.05.13<\/td><td class=\"column-3\">Invitation to Panel Discussion on IFRS 9<\/td><td class=\"column-4\">abgesagt<\/td>\n<\/tr>\n<tr class=\"row-490\">\n\t<td class=\"column-1\">Dansk Energi<\/td><td class=\"column-2\">23.05.13<\/td><td class=\"column-3\">Request for meeting on MiFID with Birgitte Bay<\/td><td class=\"column-4\">Head of European affairs and Peter Krusaa<\/td>\n<\/tr>\n<tr class=\"row-491\">\n\t<td class=\"column-1\">Mouvement des Entreprises de France<\/td><td class=\"column-2\">23.05.13<\/td><td class=\"column-3\">Request for meeting - International Financial Reporting Standards<\/td><td class=\"column-4\">abgesagt<\/td>\n<\/tr>\n<tr class=\"row-492\">\n\t<td class=\"column-1\">Standard &amp; Poor's<\/td><td class=\"column-2\">23.05.13<\/td><td class=\"column-3\">Reports on \u201cWhat are the potential rating implications of the proposed eurozone banking union?\u201d and \u201cThe future of Solvency II: pragmatism is likely to prevail\u201d<\/td><td class=\"column-4\"><\/td>\n<\/tr>\n<tr class=\"row-493\">\n\t<td class=\"column-1\">Peace Brigades International - Colombia<\/td><td class=\"column-2\">22.05.13<\/td><td class=\"column-3\">Request for a meeting with Colombian Human Rights Defender Franklin<\/td><td class=\"column-4\">abgesagt<\/td>\n<\/tr>\n<tr class=\"row-494\">\n\t<td class=\"column-1\">Bundesvereinigung<br \/>\nBauwirtschaft<\/td><td class=\"column-2\">22.05.13<\/td><td class=\"column-3\">Stellungnahme zum Richtlinienvorschlag \u00fcber die Entsendung von Arbeitnehmern im Rahmen der Erbringung<br \/>\nvon Dienstleistungen<\/td><td class=\"column-4\"><\/td>\n<\/tr>\n<tr class=\"row-495\">\n\t<td class=\"column-1\">Association for Financial Markets in Europe<\/td><td class=\"column-2\">22.05.13<\/td><td class=\"column-3\">Invitiation to AFME \/ IMN annual Global ABS Conference<\/td><td class=\"column-4\"><\/td>\n<\/tr>\n<tr class=\"row-496\">\n\t<td class=\"column-1\">Confederation of British Industry<\/td><td class=\"column-2\">22.05.13<\/td><td class=\"column-3\">Position Paper on the Financial Transaction Tax<\/td><td class=\"column-4\"><\/td>\n<\/tr>\n<tr class=\"row-497\">\n\t<td class=\"column-1\">Bund f\u00fcr Umwelt und Naturschutz Deutschland e.V.<\/td><td class=\"column-2\">21.05.13<\/td><td class=\"column-3\">Stellungnahme zum Handelsabkommen zwischen den USA und der EU<\/td><td class=\"column-4\"><\/td>\n<\/tr>\n<tr class=\"row-498\">\n\t<td class=\"column-1\">European Newspaper Publishers\u2019 Association und European Magazine Media Association<\/td><td class=\"column-2\">21.05.13<\/td><td class=\"column-3\">Position Paper on Renate Weber\u2019s report on \"EU Charter: standard settings for media freedom across the EU\"<\/td><td class=\"column-4\"><\/td>\n<\/tr>\n<tr class=\"row-499\">\n\t<td class=\"column-1\">GELSENWASSER AG<\/td><td class=\"column-2\">21.05.13<\/td><td class=\"column-3\">Brief zur Dienstleistungskonzessionsrichtlinie<\/td><td class=\"column-4\"><\/td>\n<\/tr>\n<tr class=\"row-500\">\n\t<td class=\"column-1\">Bundesarbeitskammer \u00d6sterreich<\/td><td class=\"column-2\">21.05.13<\/td><td class=\"column-3\">Position Paper: Social Investment - Economic and Fiscal Effects of Improving Childcare<\/td><td class=\"column-4\"><\/td>\n<\/tr>\n<tr class=\"row-501\">\n\t<td class=\"column-1\">Centrum f\u00fcr Europ\u00e4ische Politik<\/td><td class=\"column-2\">21.05.13<\/td><td class=\"column-3\">Zusendung der \"cepAnalyse: Sozialinvestitionen\"<\/td><td class=\"column-4\"><\/td>\n<\/tr>\n<tr class=\"row-502\">\n\t<td class=\"column-1\">Evangelische Kirche Deutschland<\/td><td class=\"column-2\">21.05.13<\/td><td class=\"column-3\">Stellungnahme zum Konflikt im Baskenland<\/td><td class=\"column-4\"><\/td>\n<\/tr>\n<tr class=\"row-503\">\n\t<td class=\"column-1\">Bundesarbeitskammer \u00d6sterreich<\/td><td class=\"column-2\">20.05.13<\/td><td class=\"column-3\">Stellungnahme zum Handelsabkommen zwischen den USA und der EU<\/td><td class=\"column-4\"><\/td>\n<\/tr>\n<tr class=\"row-504\">\n\t<td class=\"column-1\">European Federation of Origin Wines<\/td><td class=\"column-2\">20.05.13<\/td><td class=\"column-3\">Stellungnahme zum Handelsabkommen zwischen den USA und der EU<\/td><td class=\"column-4\"><\/td>\n<\/tr>\n<tr class=\"row-505\">\n\t<td class=\"column-1\">SSE Renewables<\/td><td class=\"column-2\">17.05.13<\/td><td class=\"column-3\">Stellungnahme zum Reul-Bericht zur Klima- und Energiepolitik 2030<\/td><td class=\"column-4\"><\/td>\n<\/tr>\n<tr class=\"row-506\">\n\t<td class=\"column-1\">ARD und ZDF<\/td><td class=\"column-2\">17.05.13<\/td><td class=\"column-3\">Stellungnahme zum Handelsabkommen zwischen den USA und der EU<\/td><td class=\"column-4\"><\/td>\n<\/tr>\n<tr class=\"row-507\">\n\t<td class=\"column-1\">European Broadcasting Union<\/td><td class=\"column-2\">17.05.13<\/td><td class=\"column-3\">Stellungnahme zum Handelsabkommen zwischen den USA und der EU<\/td><td class=\"column-4\"><\/td>\n<\/tr>\n<tr class=\"row-508\">\n\t<td class=\"column-1\">Verband der chemischen Industrie<\/td><td class=\"column-2\">17.05.13<\/td><td class=\"column-3\">Positionspapier zum Reul-Bericht zur Klima- und Energiepolitik 2030<\/td><td class=\"column-4\"><\/td>\n<\/tr>\n<tr class=\"row-509\">\n\t<td class=\"column-1\">Zentralverband des deutschen Handwerks und Wirtschaftskammer \u00d6sterreich<\/td><td class=\"column-2\">17.05.13<\/td><td class=\"column-3\">Positionspapier zur Abstimmung \u00fcber die Entsenderichtlinie im Besch\u00e4ftigungsausschuss des Europaparlaments am 30. Mai<\/td><td class=\"column-4\"><\/td>\n<\/tr>\n<tr class=\"row-510\">\n\t<td class=\"column-1\">Ministerpr\u00e4sidentin der Landes Rheinland-Pfalz<\/td><td class=\"column-2\">17.05.13<\/td><td class=\"column-3\">Stellungnahme zum Handelsabkommen zwischen den USA und der EU<\/td><td class=\"column-4\"><\/td>\n<\/tr>\n<tr class=\"row-511\">\n\t<td class=\"column-1\">Bundesverband der deutschen Industrie<\/td><td class=\"column-2\">17.05.13<\/td><td class=\"column-3\">Stellungnahme zum Handelsabkommen zwischen den USA und der EU<\/td><td class=\"column-4\"><\/td>\n<\/tr>\n<tr class=\"row-512\">\n\t<td class=\"column-1\">Climate Action Network Europe, Greenpeace, World Wild Fund for Nature, Friends of the Earth Europe<\/td><td class=\"column-2\">16.05.13<\/td><td class=\"column-3\">Appeal to vote in favour of Amendment 1 to paragraph 1 of the REUL report on climate and energy policy 2030<\/td><td class=\"column-4\"><\/td>\n<\/tr>\n<tr class=\"row-513\">\n\t<td class=\"column-1\">Bundesverband Erneuerbare Energien e.V.<\/td><td class=\"column-2\">16.05.13<\/td><td class=\"column-3\">Aufforderung zur UNterst\u00fctzung von \u00c4nderungsvorschl\u00e4gen zum Initiativbericht Erneuerbare Energien<\/td><td class=\"column-4\"><\/td>\n<\/tr>\n<tr class=\"row-514\">\n\t<td class=\"column-1\">Europ\u00e4ische Bankenaufsicht<\/td><td class=\"column-2\">16.05.13<\/td><td class=\"column-3\">Zusendung des \"Aktuellen Stichwort\" zum Thema Europ\u00e4ische Bankenaufsicht<\/td><td class=\"column-4\"><\/td>\n<\/tr>\n<tr class=\"row-515\">\n\t<td class=\"column-1\">Finance Watch<\/td><td class=\"column-2\">16.05.13<\/td><td class=\"column-3\">Gespr\u00e4chsanfrage mit Joost Mulder zum EU Budget 2013<\/td><td class=\"column-4\">zugesagt<\/td>\n<\/tr>\n<tr class=\"row-516\">\n\t<td class=\"column-1\">Fachverband Biogas e.V.<\/td><td class=\"column-2\">16.05.13<\/td><td class=\"column-3\">Aufforderung \u00c4nderungsantr\u00e4ge des Reul-Berichts zu unterst\u00fctzen<\/td><td class=\"column-4\"><\/td>\n<\/tr>\n<tr class=\"row-517\">\n\t<td class=\"column-1\">BUSINESSEUROPE<\/td><td class=\"column-2\">15.05.13<\/td><td class=\"column-3\">Stellungnahme zum Handelsabkommen zwischen den USA und der EU<\/td><td class=\"column-4\"><\/td>\n<\/tr>\n<tr class=\"row-518\">\n\t<td class=\"column-1\">European Parliamentary Financial Services<\/td><td class=\"column-2\">15.05.13<\/td><td class=\"column-3\">Invitation for EPFSF lunch event on \"How to manage systemic risk\"<\/td><td class=\"column-4\">abgesagt<\/td>\n<\/tr>\n<tr class=\"row-519\">\n\t<td class=\"column-1\">BUSINESSEUROPE<\/td><td class=\"column-2\">15.05.13<\/td><td class=\"column-3\">proposal for an industrial compact<\/td><td class=\"column-4\"><\/td>\n<\/tr>\n<tr class=\"row-520\">\n\t<td class=\"column-1\">ver.di<\/td><td class=\"column-2\">15.05.13<\/td><td class=\"column-3\">Schreiben von Sylvia B\u00fchler zu den Zugangsvoraussetzzungen zur Krankenpflegeausbildung<\/td><td class=\"column-4\"><\/td>\n<\/tr>\n<tr class=\"row-521\">\n\t<td class=\"column-1\">Rheinischer Sparkassen- und Giroverband<\/td><td class=\"column-2\">14.05.13<\/td><td class=\"column-3\">Einladung zum Kongress \"Gesellschaft im Wandel - Verantwortung \u00fcbernehmen und nachhaltig handeln\"<\/td><td class=\"column-4\">abgesagt<\/td>\n<\/tr>\n<tr class=\"row-522\">\n\t<td class=\"column-1\">Alfred Herrhausen Gesellschaft (Deutsche bank) und Frankfurter Allgemeine Zeitung<\/td><td class=\"column-2\">14.05.13<\/td><td class=\"column-3\">Einladung zur Konferenz \"Denk ich an Deutschland\"<\/td><td class=\"column-4\">abgesagt<\/td>\n<\/tr>\n<tr class=\"row-523\">\n\t<td class=\"column-1\">Rheinisch-Westf\u00e4lischer Genossenschaftsverband e.V.<\/td><td class=\"column-2\">14.05.13<\/td><td class=\"column-3\">Einladung zum Berliner Abend<\/td><td class=\"column-4\">abgesagt<\/td>\n<\/tr>\n<tr class=\"row-524\">\n\t<td class=\"column-1\">Bundesverband der Deutschen Volksbanken und Raiffeisenbanken<\/td><td class=\"column-2\">14.05.13<\/td><td class=\"column-3\">Bewertung der Kompromi\u00dfvorschl\u00e4ge \/des Berichtsentwurfs von Herrn H\u00f6kmark zum Richtlinienvorhaben Krisenmanagement<\/td><td class=\"column-4\"><\/td>\n<\/tr>\n<tr class=\"row-525\">\n\t<td class=\"column-1\">The European Youth Forum<\/td><td class=\"column-2\">14.05.13<\/td><td class=\"column-3\">Positionspapier zu Arbeitsmarktthemen<\/td><td class=\"column-4\">insbesondere dem Youth Guarantee Scheme<\/td>\n<\/tr>\n<tr class=\"row-526\">\n\t<td class=\"column-1\">Capital Group<\/td><td class=\"column-2\">14.05.13<\/td><td class=\"column-3\">Gespr\u00e4chsanfrage mit Investoren der Capital Group<\/td><td class=\"column-4\">abgesagt<\/td>\n<\/tr>\n<tr class=\"row-527\">\n\t<td class=\"column-1\">Hanns-Seidel-Stiftung<\/td><td class=\"column-2\">14.05.13<\/td><td class=\"column-3\">Einaldung zur Konferenz \"Bankenunion: Ende der Staatsschuldenkrise oder Beginn einer Transferunion?\"<\/td><td class=\"column-4\">abgesagt<\/td>\n<\/tr>\n<tr class=\"row-528\">\n\t<td class=\"column-1\">PayPal<\/td><td class=\"column-2\">13.05.13<\/td><td class=\"column-3\">Einladung zu einem Symposium zum Thema \"Payments in the Connected Age: Empowering Europe's Digital Single Market\"<\/td><td class=\"column-4\">abgesagt<\/td>\n<\/tr>\n<tr class=\"row-529\">\n\t<td class=\"column-1\">European Association of Corporate Treasurers<\/td><td class=\"column-2\">13.05.13<\/td><td class=\"column-3\">Stellungnahme zur Finanztransaktionssteuer<\/td><td class=\"column-4\"><\/td>\n<\/tr>\n<tr class=\"row-530\">\n\t<td class=\"column-1\">The Prince of Wales\u2019s EU Corporate Leader Group<\/td><td class=\"column-2\">13.05.13<\/td><td class=\"column-3\">Stellungnahme zum \"backloading\" Richtlinienvorschlag<\/td><td class=\"column-4\"><\/td>\n<\/tr>\n<tr class=\"row-531\">\n\t<td class=\"column-1\">Industrie- und Handelskammer<\/td><td class=\"column-2\">13.05.13<\/td><td class=\"column-3\">Einladung zum Abendempfang<\/td><td class=\"column-4\">abgesagt<\/td>\n<\/tr>\n<tr class=\"row-532\">\n\t<td class=\"column-1\">BITKOM<\/td><td class=\"column-2\">13.05.13<\/td><td class=\"column-3\">Einladung zum Treffen des Arbeitskreises Public Affairs<\/td><td class=\"column-4\">abgesagt<\/td>\n<\/tr>\n<tr class=\"row-533\">\n\t<td class=\"column-1\">Carrefour Group<\/td><td class=\"column-2\">13.05.13<\/td><td class=\"column-3\">Gespr\u00e4chsanfrage zum Thema IMD2<\/td><td class=\"column-4\">abgesagt<\/td>\n<\/tr>\n<tr class=\"row-534\">\n\t<td class=\"column-1\">SCM Private<\/td><td class=\"column-2\">13.05.13<\/td><td class=\"column-3\">Request for a meeting with Alan Miller<\/td><td class=\"column-4\">Founding Partner and Chief Investment Officer<\/td>\n<\/tr>\n<tr class=\"row-535\">\n\t<td class=\"column-1\">Association for Financial Markets in Europe<\/td><td class=\"column-2\">13.05.13<\/td><td class=\"column-3\">Gespr\u00e4chsanfrage mit Gerry Cross<\/td><td class=\"column-4\">Managing Director<\/td>\n<\/tr>\n<tr class=\"row-536\">\n\t<td class=\"column-1\">Centrum f\u00fcr Europ\u00e4ische Politik<\/td><td class=\"column-2\">13.05.13<\/td><td class=\"column-3\">Zusendung \"cepAnalyse: Kunststoffabf\u00e4lle in der Umwelt\"<\/td><td class=\"column-4\"><\/td>\n<\/tr>\n<tr class=\"row-537\">\n\t<td class=\"column-1\">Alfred Herrhausen Gesellschaft<\/td><td class=\"column-2\">Deutsche Bank<\/td><td class=\"column-3\">10.05.13<\/td><td class=\"column-4\">Einladung zur Deutschland-Konferenz zum Thema \"Die Qual mit der Wal: Vom Herzst\u00fcck zum Relikt der Demokratie?\"<\/td>\n<\/tr>\n<tr class=\"row-538\">\n\t<td class=\"column-1\">Bundesverband deutscher Kapitalbeteiligungsgesellschaften<\/td><td class=\"column-2\">10.05.13<\/td><td class=\"column-3\">Einladung zur Dinner-Party des BVK zum 14. Deutschen Eigenkapitaltag<\/td><td class=\"column-4\">abgesagt<\/td>\n<\/tr>\n<tr class=\"row-539\">\n\t<td class=\"column-1\">City of London<\/td><td class=\"column-2\">10.05.13<\/td><td class=\"column-3\">Einladung zum Dinner mit dem B\u00fcrgermeister Londons<\/td><td class=\"column-4\">dem Chancellor of the Exchequer<\/td>\n<\/tr>\n<tr class=\"row-540\">\n\t<td class=\"column-1\">Bundesverband deutscher Banken<\/td><td class=\"column-2\">10.05.13<\/td><td class=\"column-3\">Einladung zum Hoffest des Bankenverbands<\/td><td class=\"column-4\"><\/td>\n<\/tr>\n<tr class=\"row-541\">\n\t<td class=\"column-1\">Investment Management Association<\/td><td class=\"column-2\">10.05.13<\/td><td class=\"column-3\">Einladung zum IMA Chairman\u2019s Dinner on 5 June<\/td><td class=\"column-4\">abgesagt<\/td>\n<\/tr>\n<tr class=\"row-542\">\n\t<td class=\"column-1\">NASDAQ OMX Group<\/td><td class=\"column-2\">09.05.13<\/td><td class=\"column-3\">Gespr\u00e4chsanfrage mit Edward S. Knight<\/td><td class=\"column-4\">Executive Vice President und General Counsel &amp; Chief Regulatory Officer bei NASDAQ OMX Group<\/td>\n<\/tr>\n<tr class=\"row-543\">\n\t<td class=\"column-1\">Mission of Switzerland to the European Union<\/td><td class=\"column-2\">08.05.13<\/td><td class=\"column-3\">Request for a meeting with Ambassador Roberto Balzaretti, Head of the Mission of Switzerland to the EU, and Matthias Heer, financial specialist<\/td><td class=\"column-4\">abgesagt<\/td>\n<\/tr>\n<tr class=\"row-544\">\n\t<td class=\"column-1\">Deutscher Gewerkschaftsbund<\/td><td class=\"column-2\">08.05.13<\/td><td class=\"column-3\">Zusendung einer Stellungnahme zur Jugendgarantie<\/td><td class=\"column-4\"><\/td>\n<\/tr>\n<tr class=\"row-545\">\n\t<td class=\"column-1\">Westdeutscher Rundfunk<\/td><td class=\"column-2\">07.05.13<\/td><td class=\"column-3\">Einladung zum wdr europa forum<\/td><td class=\"column-4\">abgesagt<\/td>\n<\/tr>\n<tr class=\"row-546\">\n\t<td class=\"column-1\">European Parliamentary Financial Services Forum<\/td><td class=\"column-2\">07.05.13<\/td><td class=\"column-3\">Invitation to EPFSF breakfast event on \u201cFinancial Transaction Tax\u201d<\/td><td class=\"column-4\">abgesagt<\/td>\n<\/tr>\n<tr class=\"row-547\">\n\t<td class=\"column-1\">Schuman Associates<\/td><td class=\"column-2\">07.05.13<\/td><td class=\"column-3\">Gespr\u00e4chsanfrage zum Thema PRIPS und Zusendung einer Zusammenfassung eines PRIPS eines PRIPS-Fr\u00fchst\u00fccks<\/td><td class=\"column-4\">abgesagt<\/td>\n<\/tr>\n<tr class=\"row-548\">\n\t<td class=\"column-1\">Deutsche Orchestervereinigung e.V.<\/td><td class=\"column-2\">07.05.13<\/td><td class=\"column-3\">Stellungnahme zum Vorschlag der EU-Kommission zur \u00c4nderung einer Verordnung \u00fcber das Mitf\u00fchren von Musikinstrumenten in Flugzeugen<\/td><td class=\"column-4\"><\/td>\n<\/tr>\n<tr class=\"row-549\">\n\t<td class=\"column-1\">BUSINESSEUROPE<\/td><td class=\"column-2\">07.05.13<\/td><td class=\"column-3\">Zusendung eines Briefs von Markus Beyrer<\/td><td class=\"column-4\">Director General<\/td>\n<\/tr>\n<tr class=\"row-550\">\n\t<td class=\"column-1\">Bundesverband Deutscher Kapitalbeteiligungsgesellschaften<\/td><td class=\"column-2\">07.05.13<\/td><td class=\"column-3\">Einladung zum 14. Deutschen Eigenkapitaltag des BVK<\/td><td class=\"column-4\">abgesagt<\/td>\n<\/tr>\n<tr class=\"row-551\">\n\t<td class=\"column-1\">EuropeanIssuers<\/td><td class=\"column-2\">06.05.13<\/td><td class=\"column-3\">Stellungnahme zur Entwicklung des Packaged Retail Investment Products (PRIPs) Gesetzgebungsverfahrens<\/td><td class=\"column-4\"><\/td>\n<\/tr>\n<tr class=\"row-552\">\n\t<td class=\"column-1\">Gesamtverband der deutschen Versicherungswirtschaft<\/td><td class=\"column-2\">06.05.13<\/td><td class=\"column-3\">Stellungnahme zur Entwicklung des Packaged Retail Investment Products (PRIPs) Gesetzgebungsverfahrens<\/td><td class=\"column-4\"><\/td>\n<\/tr>\n<tr class=\"row-553\">\n\t<td class=\"column-1\">Bundesverband \u00d6ffentlicher Banken Deutschlands<\/td><td class=\"column-2\">06.05.13<\/td><td class=\"column-3\">Stellungnahme zum Richtlinienvorschlag zur Sanierung und Abwicklung von Kreditinstituten<\/td><td class=\"column-4\"><\/td>\n<\/tr>\n<tr class=\"row-554\">\n\t<td class=\"column-1\">Association for Financial Markets in Europe<\/td><td class=\"column-2\">06.05.13<\/td><td class=\"column-3\">Gespr\u00e4chsanfrage zu den Themen Bankenunion und MiFID<\/td><td class=\"column-4\">abgesagt<\/td>\n<\/tr>\n<tr class=\"row-555\">\n\t<td class=\"column-1\">QED communication (Sponsoren der Veranstaltung: IntercontinentalExchange Europe<\/td><td class=\"column-2\">The Depository Trust &amp; Clearing Corporation<\/td><td class=\"column-3\">Chicago Mercantile Exchange)<\/td><td class=\"column-4\">06.05.13<\/td>\n<\/tr>\n<tr class=\"row-556\">\n\t<td class=\"column-1\">Financial Services and Company Law Committee of the American Chamber of Commerce to the European Union<\/td><td class=\"column-2\">06.05.13<\/td><td class=\"column-3\">Gespr\u00e4chsanfrage zum Thema \"Banking Union, Long Term Financing\" und Einladung zu einem Empfang <\/td><td class=\"column-4\">abgesagt<\/td>\n<\/tr>\n<tr class=\"row-557\">\n\t<td class=\"column-1\">European Forum for Manufacturing<\/td><td class=\"column-2\">03.05.13<\/td><td class=\"column-3\">Anfrage als Speaker beim European Forum for Manufacturing zum Thema \"Growth &amp; Financing Long Term Investment\"<\/td><td class=\"column-4\">abgesagt<\/td>\n<\/tr>\n<tr class=\"row-558\">\n\t<td class=\"column-1\">Financial Services Consumer Panel<\/td><td class=\"column-2\">03.05.13<\/td><td class=\"column-3\">Interviewanfrage f\u00fcr das European Consumer Research Project<\/td><td class=\"column-4\">zugesagt<\/td>\n<\/tr>\n<tr class=\"row-559\">\n\t<td class=\"column-1\">Bankenvereinigung Nordrhein-Westfalen<\/td><td class=\"column-2\">03.05.13<\/td><td class=\"column-3\">Zusendung des Artikels \"The Big Picture: FTT - too bad to be true? aus der Publikation \"Ahead of the Curve\" der Commerzbank<\/td><td class=\"column-4\"><\/td>\n<\/tr>\n<tr class=\"row-560\">\n\t<td class=\"column-1\">Deutscher Gewerkschaftsbund<\/td><td class=\"column-2\">02.05.13<\/td><td class=\"column-3\">Zusendung einer Stellungnahme zu dem geplanten Verhandlungen f\u00fcr ein Handels- und Investitionsabkommen zwischen der EU und den USA (TTIP)<\/td><td class=\"column-4\"><\/td>\n<\/tr>\n<tr class=\"row-561\">\n\t<td class=\"column-1\">Deutsche Bahn AG<\/td><td class=\"column-2\">02.05.13<\/td><td class=\"column-3\">Einladung zur Vorstellung des Wettbewerbsberichtes 2013 der Deutschen Bahn AG<\/td><td class=\"column-4\">abgesagt<\/td>\n<\/tr>\n<tr class=\"row-562\">\n\t<td class=\"column-1\">European Economic &amp; Social Committee<\/td><td class=\"column-2\">02.05.13<\/td><td class=\"column-3\">Gespr\u00e4chsanfrage mit Herrn Cedrone, Berichterstatter f\u00fcr die Themen 1) ECO\/334 \u2013 own-initiative opinion, \"Ten years on, where is the euro headed?\" und 2) ECO\/340 \u2013 opinion on the Commission Blueprint \"A deep and genuine Economic and Monetary Union\"<\/td><td class=\"column-4\">zugesagt<\/td>\n<\/tr>\n<tr class=\"row-563\">\n\t<td class=\"column-1\">Bank of America Merrill Lynch<\/td><td class=\"column-2\">01.05.13<\/td><td class=\"column-3\">Zusendung der Global Energy Weekly mit dem Thema \"Europe\u2019s growing gasoline surplus\"<\/td><td class=\"column-4\"><\/td>\n<\/tr>\n<tr class=\"row-564\">\n\t<td class=\"column-1\">Steering Committee der Vienna 2 Initiative<\/td><td class=\"column-2\">01.05.13<\/td><td class=\"column-3\">Zusendung eines Dokuments der Working Group der Vienna 2 Iniative \u00fcber die Bankenunion<\/td><td class=\"column-4\"><\/td>\n<\/tr>\n<tr class=\"row-565\">\n\t<td class=\"column-1\"><\/td><td class=\"column-2\"><\/td><td class=\"column-3\"><\/td><td class=\"column-4\"><\/td>\n<\/tr>\n<tr class=\"row-566\">\n\t<td class=\"column-1\">April 2013<\/td><td class=\"column-2\"><\/td><td class=\"column-3\"><\/td><td class=\"column-4\"><\/td>\n<\/tr>\n<tr class=\"row-567\">\n\t<td class=\"column-1\"><\/td><td class=\"column-2\"><\/td><td class=\"column-3\"><\/td><td class=\"column-4\"><\/td>\n<\/tr>\n<tr class=\"row-568\">\n\t<td class=\"column-1\">Groupe Consultatif Actuariel Europeen<\/td><td class=\"column-2\">30.04.13<\/td><td class=\"column-3\">Zusendung eines Artikels zum Vergleich der Bedeutung von Solvency II f\u00fcr Banken und Versicherung<\/td><td class=\"column-4\"><\/td>\n<\/tr>\n<tr class=\"row-569\">\n\t<td class=\"column-1\">Arbeitsgemeinschaft der deutschen Familienorganisationen (AGF) e.V.<\/td><td class=\"column-2\">30.04.13<\/td><td class=\"column-3\">Zusendung der AGF Europa News aus dem Monat April<\/td><td class=\"column-4\"><\/td>\n<\/tr>\n<tr class=\"row-570\">\n\t<td class=\"column-1\">European Federation of Financial Advisers and Financial Intermediaries (FECIF)<\/td><td class=\"column-2\">30.04.13<\/td><td class=\"column-3\">Gespr\u00e4chsanfrage mit Herrn Derudder<\/td><td class=\"column-4\">FECIF Chairman<\/td>\n<\/tr>\n<tr class=\"row-571\">\n\t<td class=\"column-1\">Bundesverband der Dienstleister f\u00fcr Online-Anbieter<\/td><td class=\"column-2\">30.04.13<\/td><td class=\"column-3\">Einladung zum Br\u00fcsseler Abend mit den Themen \u201eSEPA-Lastschrift: Erfahrungen und Zukunft\u201c<br \/>\nund \"Neue ePayment Regulierung am Horizont? Vorstellungen der EZB\"<br \/>\n<\/td><td class=\"column-4\">abgesagt<\/td>\n<\/tr>\n<tr class=\"row-572\">\n\t<td class=\"column-1\">Collectif Europ\u00e9en pour la Protection des L\u00e9vriers<\/td><td class=\"column-2\">30.04.13<\/td><td class=\"column-3\">Stellungnahme zur Situation von Windhunden<\/td><td class=\"column-4\"><\/td>\n<\/tr>\n<tr class=\"row-573\">\n\t<td class=\"column-1\">Deutscher Sparkassen- und Giroverband<\/td><td class=\"column-2\">30.04.13<\/td><td class=\"column-3\">Einladung zum parlamentarischen Abend: Mittelstand<\/td><td class=\"column-4\">abgesagt<\/td>\n<\/tr>\n<tr class=\"row-574\">\n\t<td class=\"column-1\">Knight Capital Europe<\/td><td class=\"column-2\">30.04.13<\/td><td class=\"column-3\">letter on behalf of brokerage firms regarding the draft legislative package of Markets in Financial Instruments Directive (MiFID 2) and Markets in Financial Instruments Regulation (MiFIR)<\/td><td class=\"column-4\"><\/td>\n<\/tr>\n<tr class=\"row-575\">\n\t<td class=\"column-1\">Bundesverband Investment und Asset Management e.V.<\/td><td class=\"column-2\">29.04.13<\/td><td class=\"column-3\">Anfrage als Panelist bei der BVI Asset Management Konferenz<\/td><td class=\"column-4\">abgesagt<\/td>\n<\/tr>\n<tr class=\"row-576\">\n\t<td class=\"column-1\">Bruegel<\/td><td class=\"column-2\">29.04.13<\/td><td class=\"column-3\">Invitation to lunch talk on \"The bankers\u2019 new clothes\"<\/td><td class=\"column-4\">abgesagt<\/td>\n<\/tr>\n<tr class=\"row-577\">\n\t<td class=\"column-1\">European Capital Markets Institute und US Securities Exchange Commission<\/td><td class=\"column-2\">29.04.13<\/td><td class=\"column-3\">Einladung zu einem Symposium zum Thema Regulating Cross-border OTC Derivatives Activity<br \/>\nand Navigating the Transatlantic Relationship<br \/>\n<\/td><td class=\"column-4\">abgesagt<\/td>\n<\/tr>\n<tr class=\"row-578\">\n\t<td class=\"column-1\">Deutsche Bank Global Markets Research<\/td><td class=\"column-2\">29.04.13<\/td><td class=\"column-3\">Zusendung von Focus Europe - \"Wealth (and growth) of nations?\"<\/td><td class=\"column-4\"><\/td>\n<\/tr>\n<tr class=\"row-579\">\n\t<td class=\"column-1\">Handwerkskammer Frankfurt-Rhein-Main<\/td><td class=\"column-2\">27.04.13<\/td><td class=\"column-3\">Einladung zum Symposium \"Duale Berufsausbildung - K\u00f6nigsweg aus der Jugendarbeitslosigkeit\"<\/td><td class=\"column-4\"><\/td>\n<\/tr>\n<tr class=\"row-580\">\n\t<td class=\"column-1\">Bundesverband der deutschen Industrie<\/td><td class=\"column-2\">27.04.13<\/td><td class=\"column-3\">Einladung zum \"BDI-Tag der Deutschen Industrie<\/td><td class=\"column-4\">abgesagt<\/td>\n<\/tr>\n<tr class=\"row-581\">\n\t<td class=\"column-1\">Bundesverband der Deutschen Industrie<\/td><td class=\"column-2\">27.04.13<\/td><td class=\"column-3\">Notizen zum Wirtschaftsrecht<\/td><td class=\"column-4\"><\/td>\n<\/tr>\n<tr class=\"row-582\">\n\t<td class=\"column-1\">Deutschen Umwelthilfe e.V.<\/td><td class=\"column-2\">26.04.13<\/td><td class=\"column-3\">Einladung zum Kaminabend zum Thema \u201eOffshore-Windenergie und Unterwasserschallschutz\u201c<\/td><td class=\"column-4\">abgesagt<\/td>\n<\/tr>\n<tr class=\"row-583\">\n\t<td class=\"column-1\">Leaseurope<\/td><td class=\"column-2\">26.04.13<\/td><td class=\"column-3\">Gespr\u00e4chsanfrage zum Thema IMD II f\u00fcr Versicherungsmakler<\/td><td class=\"column-4\">abgesagt<\/td>\n<\/tr>\n<tr class=\"row-584\">\n\t<td class=\"column-1\">wp.net e.V.<br \/>\nVerband f\u00fcr die mittelst\u00e4ndische Wirtschaftspr\u00fcfung<br \/>\n<\/td><td class=\"column-2\">26.04.13<\/td><td class=\"column-3\">Pressemitteilung und Standpunkte zur Geb\u00fchrenordnung<\/td><td class=\"column-4\"><\/td>\n<\/tr>\n<tr class=\"row-585\">\n\t<td class=\"column-1\">Bertelsmann Stiftung<\/td><td class=\"column-2\">25.04.13<\/td><td class=\"column-3\">Policy Brief \u201cA European Social Market Economy?\u201d<\/td><td class=\"column-4\"><\/td>\n<\/tr>\n<tr class=\"row-586\">\n\t<td class=\"column-1\">EUROPEAN SMALL BUSINESS ALLIANCE<\/td><td class=\"column-2\">25.04.13<\/td><td class=\"column-3\">Request for a meeting with Mr Gibbels<\/td><td class=\"column-4\">Secretary General on General Data Protection Regulation<\/td>\n<\/tr>\n<tr class=\"row-587\">\n\t<td class=\"column-1\">Gesamtverband der Deutschen Versicherungswirtschaft<\/td><td class=\"column-2\">25.04.13<\/td><td class=\"column-3\">Einladung zum Sommerempfang<\/td><td class=\"column-4\"><\/td>\n<\/tr>\n<tr class=\"row-588\">\n\t<td class=\"column-1\">THW-Bundesvereinigung<\/td><td class=\"column-2\">25.04.13<\/td><td class=\"column-3\">Gespr\u00e4chsanfrage mit einer Delegation des THW zum Thema Bev\u00f6lkerungsschutz und Einladung zum Arbeitsessen<\/td><td class=\"column-4\">abgesagt<\/td>\n<\/tr>\n<tr class=\"row-589\">\n\t<td class=\"column-1\">Bundesverband \u00f6ffentlicher Banken Deutschlands<\/td><td class=\"column-2\">25.04.13<\/td><td class=\"column-3\">Einladung zum Sommerempfang<\/td><td class=\"column-4\">abgesagt<\/td>\n<\/tr>\n<tr class=\"row-590\">\n\t<td class=\"column-1\">Zentralverband der deutschen Werbewirtschaft<\/td><td class=\"column-2\">25.04.13<\/td><td class=\"column-3\">Einladung zum \"Plenum der Werbung 2013\"<\/td><td class=\"column-4\">abgesagt<\/td>\n<\/tr>\n<tr class=\"row-591\">\n\t<td class=\"column-1\">European Seed Association<\/td><td class=\"column-2\">25.04.13<\/td><td class=\"column-3\">Position zur EU Saatgutverkehrsgesetzgebung<\/td><td class=\"column-4\"><\/td>\n<\/tr>\n<tr class=\"row-592\">\n\t<td class=\"column-1\">The European federation of tax advisers<\/td><td class=\"column-2\">24.04.13<\/td><td class=\"column-3\">CFE Opinion Statement on the proposal for a 4th Anti Money Laundering Directive<\/td><td class=\"column-4\"><\/td>\n<\/tr>\n<tr class=\"row-593\">\n\t<td class=\"column-1\">Institute of International Finance<\/td><td class=\"column-2\">21.04.13<\/td><td class=\"column-3\">Positionspapiere zur EU Finanztransaktionssteuer<\/td><td class=\"column-4\"><\/td>\n<\/tr>\n<tr class=\"row-594\">\n\t<td class=\"column-1\">Bundesverband Deutscher Kapitalbeteiligungsgesellschaften<\/td><td class=\"column-2\">21.04.13<\/td><td class=\"column-3\">Private-Equity-Brief April 2013<\/td><td class=\"column-4\"><\/td>\n<\/tr>\n<tr class=\"row-595\">\n\t<td class=\"column-1\">European Parliamentary Financial Services Forum<\/td><td class=\"column-2\">21.04.13<\/td><td class=\"column-3\">Briefing paper on \u201cHow can financial services contribute to fund economic growth and to achieve the EU 2020 agenda?\u201d<\/td><td class=\"column-4\"><\/td>\n<\/tr>\n<tr class=\"row-596\">\n\t<td class=\"column-1\">Bundesverband der deutschen Volks- und Raiffeisenbanken<\/td><td class=\"column-2\">21.04.13<\/td><td class=\"column-3\">Position zu den Kompromi\u00dfvorschl\u00e4gen von Herrn H\u00f6kmark zum Richtlinienvorhaben Krisenmanagement<\/td><td class=\"column-4\"><\/td>\n<\/tr>\n<tr class=\"row-597\">\n\t<td class=\"column-1\">Centrum f\u00fcr Europ\u00e4ische Politik<\/td><td class=\"column-2\">21.04.13<\/td><td class=\"column-3\">Fahrplan f\u00fcr eine \"echte\" Wirtschafts- und W\u00e4hrungsunion<\/td><td class=\"column-4\"><\/td>\n<\/tr>\n<tr class=\"row-598\">\n\t<td class=\"column-1\">Deutsche Herzstiftung e.V.<\/td><td class=\"column-2\">21.04.13<\/td><td class=\"column-3\">Position zum Vorschlag der EU-Kommission  zur Tabakproduktrichtlinie<\/td><td class=\"column-4\"><\/td>\n<\/tr>\n<tr class=\"row-599\">\n\t<td class=\"column-1\">U.S. Department of Treasury<\/td><td class=\"column-2\">19.04.13<\/td><td class=\"column-3\">Gespr\u00e4chsanfrage mit Eric Pan,  Associate Director in der Securities Exchange Commission<\/td><td class=\"column-4\"><\/td>\n<\/tr>\n<tr class=\"row-600\">\n\t<td class=\"column-1\">Baden-W\u00fcrttembergischer Genossenschaftsverband e.V.<\/td><td class=\"column-2\">19.04.13<\/td><td class=\"column-3\">Gespr\u00e4chsanfrage mit Anja Weinmann<\/td><td class=\"column-4\">Leiterin Bereich Strategie<\/td>\n<\/tr>\n<tr class=\"row-601\">\n\t<td class=\"column-1\">ver.di<\/td><td class=\"column-2\">19.04.13<\/td><td class=\"column-3\">Positionspapier zur Offenlegung von nichtfinanziellen Informationen durch Unternehmen<br \/>\nDie Reform der EU-Modernisierungsrichtlinie<br \/>\n<\/td><td class=\"column-4\"><\/td>\n<\/tr>\n<tr class=\"row-602\">\n\t<td class=\"column-1\">Investec Asset Management<\/td><td class=\"column-2\">19.04.13<\/td><td class=\"column-3\">Anfrage f\u00fcr ein Treffen mit to Hendrik du Toit<\/td><td class=\"column-4\">CEO of Investec Asset Management<\/td>\n<\/tr>\n<tr class=\"row-603\">\n\t<td class=\"column-1\">Confederation of British Industry<\/td><td class=\"column-2\">19.04.13<\/td><td class=\"column-3\">Anfrage f\u00fcr ein Treffen mit Leo Ringer<\/td><td class=\"column-4\">the Head of Financial Services &amp; Corporate Governance at the Confederation of British Industry<\/td>\n<\/tr>\n<tr class=\"row-604\">\n\t<td class=\"column-1\">US Securities Exchange Commission<\/td><td class=\"column-2\">19.04.13<\/td><td class=\"column-3\">Gespr\u00e4chsanfrage mit Eric Pan,  Associate Director der Securities Exchange Commission<\/td><td class=\"column-4\">zugesagt<\/td>\n<\/tr>\n<tr class=\"row-605\">\n\t<td class=\"column-1\">Association of International Life Offices<\/td><td class=\"column-2\">19.04.13<\/td><td class=\"column-3\">Zusendung einer Stellungnahme an Frau Pervenche Ber\u00e8s zu deren Bericht den PRIPs Vorschlag und \u00c4nderungsvorschl\u00e4ge<\/td><td class=\"column-4\"><\/td>\n<\/tr>\n<tr class=\"row-606\">\n\t<td class=\"column-1\">Gesamtverband der Deutschen Versicherungswirtschaft e.V.<\/td><td class=\"column-2\">18.04.13<\/td><td class=\"column-3\">Gespr\u00e4chsanfrage mit GDV-Pr\u00e4sident Dr. Alexander Erdland<\/td><td class=\"column-4\">abgesagt<\/td>\n<\/tr>\n<tr class=\"row-607\">\n\t<td class=\"column-1\">Association for Financial Markets in Europe<\/td><td class=\"column-2\">18.04.13<\/td><td class=\"column-3\">Invitation to 2nd Annual AFME investing in bank assets conference on 16 May in London<\/td><td class=\"column-4\">abgesagt<\/td>\n<\/tr>\n<tr class=\"row-608\">\n\t<td class=\"column-1\">Nicole Esser<\/td><td class=\"column-2\">Pr\u00e4sidentin der Landtags NRW<\/td><td class=\"column-3\">18.04.13<\/td><td class=\"column-4\">Positionspapier zur Verkehrsinfrastruktur 2013 der NRW-Wirtschaft<\/td>\n<\/tr>\n<tr class=\"row-609\">\n\t<td class=\"column-1\">Gesamtverband der Deutschen Versicherungswirtschaft e.V.<\/td><td class=\"column-2\">18.04.13<\/td><td class=\"column-3\">Gespr\u00e4chsanfrage mit GDV - Pr\u00e4sident Dr. Alexander Erland<\/td><td class=\"column-4\">abgesagt<\/td>\n<\/tr>\n<tr class=\"row-610\">\n\t<td class=\"column-1\">European Parliamentary Financial Services Forum<\/td><td class=\"column-2\">17.04.13<\/td><td class=\"column-3\">Invitation to lunch discussion on \u201cBenchmarks and Indices: what is the correct approach to ensuring market integrity?\u201d<\/td><td class=\"column-4\">abgesagt<\/td>\n<\/tr>\n<tr class=\"row-611\">\n\t<td class=\"column-1\">Deutscher Anwaltverein<\/td><td class=\"column-2\">17.04.13<\/td><td class=\"column-3\">Stellungnahme zum Berichtsentwurf \u00fcber ein Gemeinsames Europ\u00e4isches Kaufrecht KOM(2011) 635<\/td><td class=\"column-4\"><\/td>\n<\/tr>\n<tr class=\"row-612\">\n\t<td class=\"column-1\">BUSINESSEUROPE<\/td><td class=\"column-2\">17.04.13<\/td><td class=\"column-3\">Comments on the revision of the insider dealing (market abuse) rules<\/td><td class=\"column-4\"><\/td>\n<\/tr>\n<tr class=\"row-613\">\n\t<td class=\"column-1\">Gesamtverband der Deutschen Versicherungswirtschaft e.V.<\/td><td class=\"column-2\">17.04.13<\/td><td class=\"column-3\">Politische Positionen der deutschen Versicherer 2013<\/td><td class=\"column-4\"><\/td>\n<\/tr>\n<tr class=\"row-614\">\n\t<td class=\"column-1\">DMK Deutsches Milchkontor GmbH<\/td><td class=\"column-2\">17.04.13<\/td><td class=\"column-3\">Zusendung der Zeitschrift \"Unsere Milchwelt - Das Magazin f\u00fcr Milchlieferanten des DMK\", Ausgabe April 2013<\/td><td class=\"column-4\"><\/td>\n<\/tr>\n<tr class=\"row-615\">\n\t<td class=\"column-1\">European Women's Lobby<\/td><td class=\"column-2\">European Disability Forum<\/td><td class=\"column-3\">ILGA Europe<\/td><td class=\"column-4\">European Network Against Racism &amp; AGE Platform Europe<\/td>\n<\/tr>\n<tr class=\"row-616\">\n\t<td class=\"column-1\">BUSINESSEUROPE<\/td><td class=\"column-2\">16.04.13<\/td><td class=\"column-3\">Position paper on the Social Investment Package<\/td><td class=\"column-4\"><\/td>\n<\/tr>\n<tr class=\"row-617\">\n\t<td class=\"column-1\">Bank of England\u2019s Prudential Regulation Authority<\/td><td class=\"column-2\">16.04.13<\/td><td class=\"column-3\">Request for a meeting with Paul Sharma<\/td><td class=\"column-4\">head of policy<\/td>\n<\/tr>\n<tr class=\"row-618\">\n\t<td class=\"column-1\">Soci\u00e9t\u00e9 G\u00e9n\u00e9rale<\/td><td class=\"column-2\">16.04.13<\/td><td class=\"column-3\">Request for meeting with Mr. Gilles Briatta, special adviser to the CEO and Position on Financial Transaction Tax<\/td><td class=\"column-4\">abgesagt<\/td>\n<\/tr>\n<tr class=\"row-619\">\n\t<td class=\"column-1\">European Private Equity &amp; Venture Capital Association<\/td><td class=\"column-2\">16.04.13<\/td><td class=\"column-3\">Invitiation to 30th Anniversary EVCA Symposium in Istanbul<\/td><td class=\"column-4\">abgesagt<\/td>\n<\/tr>\n<tr class=\"row-620\">\n\t<td class=\"column-1\">Confederation of British Industry<\/td><td class=\"column-2\">15.04.13<\/td><td class=\"column-3\">Monthly Lobby Brief<\/td><td class=\"column-4\">April 2013<\/td>\n<\/tr>\n<tr class=\"row-621\">\n\t<td class=\"column-1\">Corporate Europe Observatory<\/td><td class=\"column-2\">15.04.13<\/td><td class=\"column-3\">Position on proposal to revise the European Food Safety Authority (EFSA) Founding<br \/>\nregulation<\/td><td class=\"column-4\"><\/td>\n<\/tr>\n<tr class=\"row-622\">\n\t<td class=\"column-1\">Lighting Europe &amp; Global Lighting Association<\/td><td class=\"column-2\">15.04.13<\/td><td class=\"column-3\">Position on ETS-backloading<\/td><td class=\"column-4\"><\/td>\n<\/tr>\n<tr class=\"row-623\">\n\t<td class=\"column-1\">Hochschulrektorenkonferenz (HRK)<\/td><td class=\"column-2\">Conf\u00e9rence des Pr\u00e9sidents d'Universit\u00e9 (CPU) &amp; Konferencja Rektor\u00f3w Akademickich Szk\u00f3\u0142 Polskich (KRASP)<\/td><td class=\"column-3\">15.04.13<\/td><td class=\"column-4\">Aufforderung<\/td>\n<\/tr>\n<tr class=\"row-624\">\n\t<td class=\"column-1\">International Emissions Trading Association<\/td><td class=\"column-2\">15.04.13<\/td><td class=\"column-3\">Appeal to vote in support of ETS-backloading<\/td><td class=\"column-4\"><\/td>\n<\/tr>\n<tr class=\"row-625\">\n\t<td class=\"column-1\">European Association for Coal and Lignite<\/td><td class=\"column-2\">15.04.13<\/td><td class=\"column-3\">Appeal to vote against ETS-backloading<\/td><td class=\"column-4\"><\/td>\n<\/tr>\n<tr class=\"row-626\">\n\t<td class=\"column-1\">ArcelorMittal<\/td><td class=\"column-2\">15.04.13<\/td><td class=\"column-3\">Appeal to vote against ETS-backloading<\/td><td class=\"column-4\"><\/td>\n<\/tr>\n<tr class=\"row-627\">\n\t<td class=\"column-1\">Policy Analysis Unit<\/td><td class=\"column-2\">15.04.13<\/td><td class=\"column-3\">Appeal to vote in support of ETS-backloading<\/td><td class=\"column-4\"><\/td>\n<\/tr>\n<tr class=\"row-628\">\n\t<td class=\"column-1\">Stiftung 2\u00b0<\/td><td class=\"column-2\">15.04.13<\/td><td class=\"column-3\">Appeal to vote in support of ETS-backloading<\/td><td class=\"column-4\"><\/td>\n<\/tr>\n<tr class=\"row-629\">\n\t<td class=\"column-1\">Garrelt Duin, Minister f\u00fcr Wirtschaft, Energie, Industrie, <br \/>\nMittelstand und Handwerk des Landes Nordrhein-Westfalen<br \/>\n<\/td><td class=\"column-2\">15.04.13<\/td><td class=\"column-3\">Stellungnahme zur Abstimmung zum ETS-backloading<\/td><td class=\"column-4\"><\/td>\n<\/tr>\n<tr class=\"row-630\">\n\t<td class=\"column-1\">Misereor &amp; Oxfam<\/td><td class=\"column-2\">15.04.13<\/td><td class=\"column-3\">Aufruf zur Abstimmung zugunsten des \u00c4nderungsantrages der Verordnung 1528\/2007<\/td><td class=\"column-4\"><\/td>\n<\/tr>\n<tr class=\"row-631\">\n\t<td class=\"column-1\">Green Budget Europe<\/td><td class=\"column-2\">15.04.13<\/td><td class=\"column-3\">Appeal to vote in support of ETS-backloading<\/td><td class=\"column-4\"><\/td>\n<\/tr>\n<tr class=\"row-632\">\n\t<td class=\"column-1\">Climate Action Network Europe<\/td><td class=\"column-2\">15.04.13<\/td><td class=\"column-3\">Voting Recommendations for 16th of April<\/td><td class=\"column-4\"><\/td>\n<\/tr>\n<tr class=\"row-633\">\n\t<td class=\"column-1\">Alliance of Energy Intensive Industries<\/td><td class=\"column-2\">15.04.13<\/td><td class=\"column-3\">Appeal to reject proposal on ETS-backloading<\/td><td class=\"column-4\"><\/td>\n<\/tr>\n<tr class=\"row-634\">\n\t<td class=\"column-1\">Centrum f\u00fcr Europ\u00e4ische Politik<\/td><td class=\"column-2\">15.04.13<\/td><td class=\"column-3\">cepAnalyse der Mitteilung COM(2012) 795 zum Aktionsplan Unternehmertum 2020<\/td><td class=\"column-4\"><\/td>\n<\/tr>\n<tr class=\"row-635\">\n\t<td class=\"column-1\">European Trade Union Confederation<\/td><td class=\"column-2\">15.04.13<\/td><td class=\"column-3\">Letter to EC-president Barroso demanding a strategy on occupational health and safety for the period 2013-2020<\/td><td class=\"column-4\"><\/td>\n<\/tr>\n<tr class=\"row-636\">\n\t<td class=\"column-1\">Deutscher Verein f\u00fcr \u00f6ffentliche und private F\u00fcrsorge e.V.<\/td><td class=\"column-2\">15.04.13<\/td><td class=\"column-3\">Stellungnahme zum Vorschlag f\u00fcr eine Verordnung zum Europ\u00e4ischen Hilfsfonds f\u00fcr die am st\u00e4rksten von Armut betroffenen Personen<\/td><td class=\"column-4\"><\/td>\n<\/tr>\n<tr class=\"row-637\">\n\t<td class=\"column-1\">International Lesbian and Gay Association - Europe<\/td><td class=\"column-2\">12.04.13<\/td><td class=\"column-3\">Appeal to vote for sending the EU-Ukraine visa liberalisation agreement (Moraes report) back to the LIBE Committee<\/td><td class=\"column-4\"><\/td>\n<\/tr>\n<tr class=\"row-638\">\n\t<td class=\"column-1\">Germanwatch e.V.<\/td><td class=\"column-2\">12.04.13<\/td><td class=\"column-3\">Zusendung einer Umfrage<\/td><td class=\"column-4\">eines Positionspapiers und eines Appells gro\u00dfer Unternehmen zur Reform des Emmissionshandels (backloading)<\/td>\n<\/tr>\n<tr class=\"row-639\">\n\t<td class=\"column-1\">European Magazine Media Association &amp; European Newspaper Publisher Association<\/td><td class=\"column-2\">12.04.13<\/td><td class=\"column-3\">Appeal to vote against the inclusion of media and advertising content (paragraph 19) into Council Directive 2004\/113\/EC<\/td><td class=\"column-4\"><\/td>\n<\/tr>\n<tr class=\"row-640\">\n\t<td class=\"column-1\">eamonn bates europe<\/td><td class=\"column-2\">11.04.13<\/td><td class=\"column-3\">Request to vote against ETS backloading proposal<\/td><td class=\"column-4\"><\/td>\n<\/tr>\n<tr class=\"row-641\">\n\t<td class=\"column-1\">EURELECTRIC<\/td><td class=\"column-2\">11.04.13<\/td><td class=\"column-3\">Appeal to support ETS \u2019back-loading\u2019 proposal<\/td><td class=\"column-4\"><\/td>\n<\/tr>\n<tr class=\"row-642\">\n\t<td class=\"column-1\">British Chamber<\/td><td class=\"column-2\">10.04.13<\/td><td class=\"column-3\">Invitation to lunch session on \u201cWomen in Science\u201d<\/td><td class=\"column-4\"><\/td>\n<\/tr>\n<tr class=\"row-643\">\n\t<td class=\"column-1\">Medical Mountains AG<\/td><td class=\"column-2\">10.04.13<\/td><td class=\"column-3\">Stellungnahme zur Verordnung f\u00fcr einheitliche europ\u00e4ische Medizinprodukte<\/td><td class=\"column-4\"><\/td>\n<\/tr>\n<tr class=\"row-644\">\n\t<td class=\"column-1\">Eurochambers<\/td><td class=\"column-2\">09.04.13<\/td><td class=\"column-3\">Request to vote against ETS backloading proposal<\/td><td class=\"column-4\"><\/td>\n<\/tr>\n<tr class=\"row-645\">\n\t<td class=\"column-1\">The Coalition of Progressive European Energy Companies<\/td><td class=\"column-2\">09.04.13<\/td><td class=\"column-3\">Appeal to support ETS \u2019back-loading\u2019 proposal<\/td><td class=\"column-4\"><\/td>\n<\/tr>\n<tr class=\"row-646\">\n\t<td class=\"column-1\">British Bankers' Association<\/td><td class=\"column-2\">09.04.13<\/td><td class=\"column-3\">Note on the bail-in and ex ante funding provisions in the Bank Recovery &amp; Resolution Directive<\/td><td class=\"column-4\"><\/td>\n<\/tr>\n<tr class=\"row-647\">\n\t<td class=\"column-1\">The Prince of Wales\u2019s EU Corporate Leaders Group<\/td><td class=\"column-2\">09.04.13<\/td><td class=\"column-3\">Appeal to vote in favour of the European Commission\u2019s back-loading proposal to defer the auctioning of ETS carbon allowances<\/td><td class=\"column-4\"><\/td>\n<\/tr>\n<tr class=\"row-648\">\n\t<td class=\"column-1\">Deutscher Gewerkschaftsbund<\/td><td class=\"column-2\">09.04.13<\/td><td class=\"column-3\">Einladung zum DGB-Mai-Empfang 2013<\/td><td class=\"column-4\">abgesagt<\/td>\n<\/tr>\n<tr class=\"row-649\">\n\t<td class=\"column-1\">Schuman Associates<\/td><td class=\"column-2\">09.04.13<\/td><td class=\"column-3\">Invitation to breakfast briefing on PRIPS, KIDs &amp; related issues in the European Financial Market<br \/>\n<\/td><td class=\"column-4\">zugesagt<\/td>\n<\/tr>\n<tr class=\"row-650\">\n\t<td class=\"column-1\">Association for Financial Markets in Europe<\/td><td class=\"column-2\">09.04.13<\/td><td class=\"column-3\">Invitation to AFME\u2019s autumn conference: \u201cFinancing Growth\u201d<\/td><td class=\"column-4\"><\/td>\n<\/tr>\n<tr class=\"row-651\">\n\t<td class=\"column-1\">IntercontinentalExchange<\/td><td class=\"column-2\">Inc.<\/td><td class=\"column-3\">08.04.13<\/td><td class=\"column-4\">Request for a meeting with Mr Chuck Vice<\/td>\n<\/tr>\n<tr class=\"row-652\">\n\t<td class=\"column-1\">Heinrich-B\u00f6ll-Stiftung und Bankenverband<\/td><td class=\"column-2\">08.04.13<\/td><td class=\"column-3\">Einladung zu den Fachgespr\u00e4chen zu den Themen Energie und Nachhaltigkeit<\/td><td class=\"column-4\">abgesagt<\/td>\n<\/tr>\n<tr class=\"row-653\">\n\t<td class=\"column-1\">Wirtschaftsvereinigung Stahl<\/td><td class=\"column-2\">08.04.13<\/td><td class=\"column-3\">Stellungnahme zur Abstimmung des 17.04.13 zur Erm\u00e4chtigung der Kommission Zertifikate aus dem Emmissionshandelssystem herauszunehmen<\/td><td class=\"column-4\"><\/td>\n<\/tr>\n<tr class=\"row-654\">\n\t<td class=\"column-1\">European Fund and Asset Management Association<\/td><td class=\"column-2\">08.04.13<\/td><td class=\"column-3\">Invitation to breakfast debate on \u201cInvesting in a new regulatory environment: the investor perspective on MiFID II and Recovery and Resolution Directive\u201d<br \/>\n<\/td><td class=\"column-4\">abgesagt<\/td>\n<\/tr>\n<tr class=\"row-655\">\n\t<td class=\"column-1\">National Association of Pension Funds<\/td><td class=\"column-2\">08.04.13<\/td><td class=\"column-3\">Invitation to dinner discussion on the EC Green Paper on long-term finance<\/td><td class=\"column-4\">abgesagt<\/td>\n<\/tr>\n<tr class=\"row-656\">\n\t<td class=\"column-1\">Financial Reporting Council<\/td><td class=\"column-2\">08.04.13<\/td><td class=\"column-3\">Invitation to event on \u201cEnhancing trust in European companies, improving investor confidence and facilitating long-term shareholder engagement\u201d<br \/>\n<br \/>\n<\/td><td class=\"column-4\">abgesagt<\/td>\n<\/tr>\n<tr class=\"row-657\">\n\t<td class=\"column-1\">Centrum f\u00fcr Europ\u00e4ische Politik<\/td><td class=\"column-2\">08.04.13<\/td><td class=\"column-3\">Stellungnahme zum Aktionsplan: Gesellschaftsrecht und Corporate Governance<\/td><td class=\"column-4\"><\/td>\n<\/tr>\n<tr class=\"row-658\">\n\t<td class=\"column-1\">Kangaroo Group<\/td><td class=\"column-2\">04.04.13<\/td><td class=\"column-3\">Invitation to 4th Kangaroo Group - Strasbourg Lunch<\/td><td class=\"column-4\">abgesagt<\/td>\n<\/tr>\n<tr class=\"row-659\">\n\t<td class=\"column-1\">NASDAQ<\/td><td class=\"column-2\">03.04.13<\/td><td class=\"column-3\">Invitation to a discussion with Chief Economist Mr. Frank Heathaway and European CEO Hans-Ole Jochumsen<\/td><td class=\"column-4\">abgesagt<\/td>\n<\/tr>\n<tr class=\"row-660\">\n\t<td class=\"column-1\">Deutscher Anwaltverein<\/td><td class=\"column-2\">03.04.13<\/td><td class=\"column-3\">Stellungnahme zu den \u00c4nderungsvorschl\u00e4gen der Regierungskommission Deutscher Corporate Governance Kodex vom 05.02.13<\/td><td class=\"column-4\"><\/td>\n<\/tr>\n<tr class=\"row-661\">\n\t<td class=\"column-1\">Verbandes kommunaler Unternehmen<\/td><td class=\"column-2\">03.04.13<\/td><td class=\"column-3\">Stellungnahme zum Vorschlag der Europ\u00e4ischen<br \/>\nKommission zu Versteigerungen von<br \/>\nTreibhausgasemissionszertifikaten<\/td><td class=\"column-4\"><\/td>\n<\/tr>\n<tr class=\"row-662\">\n\t<td class=\"column-1\">Centrum f\u00fcrEurop\u00e4ische Politik<\/td><td class=\"column-2\">02.04.13<\/td><td class=\"column-3\">Analyse des Richtlinienvorschlags COM(2013) 29 zum 4. Eisenbahnpaket: Eisenbahnbinnenmarkt<\/td><td class=\"column-4\"><\/td>\n<\/tr>\n<tr class=\"row-663\">\n\t<td class=\"column-1\"><\/td><td class=\"column-2\"><\/td><td class=\"column-3\"><\/td><td class=\"column-4\"><\/td>\n<\/tr>\n<tr class=\"row-664\">\n\t<td class=\"column-1\">M\u00e4rz 2013<\/td><td class=\"column-2\"><\/td><td class=\"column-3\"><\/td><td class=\"column-4\"><\/td>\n<\/tr>\n<tr class=\"row-665\">\n\t<td class=\"column-1\"><\/td><td class=\"column-2\"><\/td><td class=\"column-3\"><\/td><td class=\"column-4\"><\/td>\n<\/tr>\n<tr class=\"row-666\">\n\t<td class=\"column-1\">Bundesverband deutscher Banken<\/td><td class=\"column-2\">28.03.13<\/td><td class=\"column-3\">Stellungnahme zum Vorschlag der Europ\u00e4ischen Kommission f\u00fcr eine Verordnung des Rates zur \u00c4nderung der Verordnung (EG) Nr. 659\/1999 \u00fcber besondere Vorschriften f\u00fcr die Anwendung von Art. 93 des<br \/>\nEG-Vertrages <\/td><td class=\"column-4\"><\/td>\n<\/tr>\n<tr class=\"row-667\">\n\t<td class=\"column-1\">National Association of Pension Funds<\/td><td class=\"column-2\">27.03.13<\/td><td class=\"column-3\">Invitation to dinner discussion on the EC Green Paper on long-term finance<\/td><td class=\"column-4\">abgesagt<\/td>\n<\/tr>\n<tr class=\"row-668\">\n\t<td class=\"column-1\">Deutsche Bank<\/td><td class=\"column-2\">26.03.13<\/td><td class=\"column-3\">Einladung zum Jahresempfang der Deutschen Bank<\/td><td class=\"column-4\">abgesagt<\/td>\n<\/tr>\n<tr class=\"row-669\">\n\t<td class=\"column-1\">Unicredit<\/td><td class=\"column-2\">22.03.13<\/td><td class=\"column-3\">Unicredit Group's Position regarding ECON Amendments on the Proposal for a Regulation on Key Information Documents for Investment Products<\/td><td class=\"column-4\"><\/td>\n<\/tr>\n<tr class=\"row-670\">\n\t<td class=\"column-1\">Bundesverband deutscher Banken<\/td><td class=\"column-2\">21.03.13<\/td><td class=\"column-3\">Aktuelles Stichwort zum Thema: Zypern - Einbeziehung von Spareinlagen<\/td><td class=\"column-4\"><\/td>\n<\/tr>\n<tr class=\"row-671\">\n\t<td class=\"column-1\">European Network for Social Integration Enterprises<\/td><td class=\"column-2\">20.03.13<\/td><td class=\"column-3\">Open letter on the negotiations on reserved contracts in public procurement<\/td><td class=\"column-4\"><\/td>\n<\/tr>\n<tr class=\"row-672\">\n\t<td class=\"column-1\">Investment Management Association<\/td><td class=\"column-2\">19.03.13<\/td><td class=\"column-3\">Suggestions for shadows meeting and ECON vote on UCITS V<\/td><td class=\"column-4\"><\/td>\n<\/tr>\n<tr class=\"row-673\">\n\t<td class=\"column-1\">Centrum f\u00fcr Europ\u00e4ische Politik<\/td><td class=\"column-2\">19.03.13<\/td><td class=\"column-3\">Zweite Analyse des Richtlinienvorschlags COM(2012) 280 zur Bankenabwicklung<\/td><td class=\"column-4\"><\/td>\n<\/tr>\n<tr class=\"row-674\">\n\t<td class=\"column-1\">Aktionsb\u00fcndnis Nichtrauchen e.V.<\/td><td class=\"column-2\">18.03.13<\/td><td class=\"column-3\">Stellungnahme zum Vorschlag der EU-Kommission zur \u00c4nderung der Tabakproduktrichtlinie<\/td><td class=\"column-4\"><\/td>\n<\/tr>\n<tr class=\"row-675\">\n\t<td class=\"column-1\">Centrum f\u00fcr Europ\u00e4ische Politik<\/td><td class=\"column-2\">18.03.13<\/td><td class=\"column-3\">Analyse des Richtlinienvorschlags COM(2012) 280 zur Bankenabwicklung<\/td><td class=\"column-4\"><\/td>\n<\/tr>\n<tr class=\"row-676\">\n\t<td class=\"column-1\">Verband Privater Rundfunk und Telemedien e.V. (VPRT)<\/td><td class=\"column-2\">18.03.13<\/td><td class=\"column-3\">Anschreiben von 25 deutschen Wirtschafts- und Industrieverb\u00e4nden zum Vorschlag einer EU-Datenschutzverordnung<\/td><td class=\"column-4\"><\/td>\n<\/tr>\n<tr class=\"row-677\">\n\t<td class=\"column-1\">DEKRA e.V.<\/td><td class=\"column-2\">18.03.13<\/td><td class=\"column-3\">Invitiation to DEKRA evening event on the topic \"Risks of drink driving \u2013 A road safety perspective\"<\/td><td class=\"column-4\">abgesagt<\/td>\n<\/tr>\n<tr class=\"row-678\">\n\t<td class=\"column-1\">European Savings Banks Group<\/td><td class=\"column-2\">15.03.13<\/td><td class=\"column-3\">Position on the RRD compromise amendments (Art. 80-89)<\/td><td class=\"column-4\"><\/td>\n<\/tr>\n<tr class=\"row-679\">\n\t<td class=\"column-1\">European Banking Industry Committee (EBIC)<\/td><td class=\"column-2\">15.03.13<\/td><td class=\"column-3\">Position on the proposal for Bank Recovery and Resolution Directive (RRD).<br \/>\n<\/td><td class=\"column-4\"><\/td>\n<\/tr>\n<tr class=\"row-680\">\n\t<td class=\"column-1\">Gesamtverband der Deutschen Versicherungswirtschaft e. V.<br \/>\n<\/td><td class=\"column-2\">15.03.13<\/td><td class=\"column-3\">Einladung zum Assekuranz-Fr\u00fchst\u00fcck<\/td><td class=\"column-4\">abgesagt<\/td>\n<\/tr>\n<tr class=\"row-681\">\n\t<td class=\"column-1\">Financial Future<\/td><td class=\"column-2\">14.03.13<\/td><td class=\"column-3\">Invitation to Financial Future Workshop \"Green Paper on Long-term Investment\"<br \/>\n<\/td><td class=\"column-4\">abgesagt<\/td>\n<\/tr>\n<tr class=\"row-682\">\n\t<td class=\"column-1\">European Parliamentary Financial Services Forum<\/td><td class=\"column-2\">13.03.13<\/td><td class=\"column-3\">Invitation for EPFSF lunch event \"How can financial services contribute to fund economic growth and to achieve the EU 2020 agenda?\u201d<\/td><td class=\"column-4\">abgesagt<\/td>\n<\/tr>\n<tr class=\"row-683\">\n\t<td class=\"column-1\">Deutscher Juristinnenbung e.V.<br \/>\n<\/td><td class=\"column-2\">12.03.13<\/td><td class=\"column-3\">Stellungnahme zu den Finanzinstrumenten 2014 bis 2020<\/td><td class=\"column-4\"><\/td>\n<\/tr>\n<tr class=\"row-684\">\n\t<td class=\"column-1\">EuroCommerce and UNI Europa Commerce<\/td><td class=\"column-2\">12.03.13<\/td><td class=\"column-3\">Position on the intended review of the IORP Directive<\/td><td class=\"column-4\"><\/td>\n<\/tr>\n<tr class=\"row-685\">\n\t<td class=\"column-1\">Deutsche Bank<\/td><td class=\"column-2\">12.03.13<\/td><td class=\"column-3\">Einladung zu einem Treffen von Herrn Fitschen mit deutschen Europaabgeordneten<\/td><td class=\"column-4\">abgesagt<\/td>\n<\/tr>\n<tr class=\"row-686\">\n\t<td class=\"column-1\">The European Savings Banks Group<\/td><td class=\"column-2\">11.03.13<\/td><td class=\"column-3\">Position on the Undertakings for Collective Investment in Transferable Securities Directive (UCITS V)<\/td><td class=\"column-4\"><\/td>\n<\/tr>\n<tr class=\"row-687\">\n\t<td class=\"column-1\">The Institute of Chartered Accountants in England and Wales (ICAEW)<\/td><td class=\"column-2\">11.03.13<\/td><td class=\"column-3\">Position on EU audit reform<\/td><td class=\"column-4\"><\/td>\n<\/tr>\n<tr class=\"row-688\">\n\t<td class=\"column-1\">The European Group of International Accounting Networks and Associations<\/td><td class=\"column-2\">10.03.13<\/td><td class=\"column-3\">Position on the UK Competition Commission's recent report on the FTSE350 audit market<\/td><td class=\"column-4\"><\/td>\n<\/tr>\n<tr class=\"row-689\">\n\t<td class=\"column-1\">European Savings Banks Group<\/td><td class=\"column-2\">08.03.13<\/td><td class=\"column-3\">Reaction to the latest Bank Recovery and Resolution Directive compromise amendments<\/td><td class=\"column-4\"><\/td>\n<\/tr>\n<tr class=\"row-690\">\n\t<td class=\"column-1\">Deutscher Gewerkschaftsbund<\/td><td class=\"column-2\">08.03.13<\/td><td class=\"column-3\">Stellungnahme zum Nationalen Reformprogramm Deutschlands 2013<\/td><td class=\"column-4\"><\/td>\n<\/tr>\n<tr class=\"row-691\">\n\t<td class=\"column-1\">FTI Consulting<\/td><td class=\"column-2\">07.03.13<\/td><td class=\"column-3\">Meeting on MiFID \/ Straight Through Processing<\/td><td class=\"column-4\">abgesagt<\/td>\n<\/tr>\n<tr class=\"row-692\">\n\t<td class=\"column-1\">Association Internationale de la Mutualit\u00e9<\/td><td class=\"column-2\">07.03.13<\/td><td class=\"column-3\">Letter on Statute for a European mutual<\/td><td class=\"column-4\"><\/td>\n<\/tr>\n<tr class=\"row-693\">\n\t<td class=\"column-1\">US Treasury<\/td><td class=\"column-2\">06.03.13<\/td><td class=\"column-3\">Meeting on derivatives policy<\/td><td class=\"column-4\">with particular reference to the current MiFID\/R legislative work<\/td>\n<\/tr>\n<tr class=\"row-694\">\n\t<td class=\"column-1\">USS Investment Management<\/td><td class=\"column-2\">05.03.13<\/td><td class=\"column-3\">Position on UK Competition Commission findings on the audit market<\/td><td class=\"column-4\"><\/td>\n<\/tr>\n<tr class=\"row-695\">\n\t<td class=\"column-1\">Health Care Without Harm<\/td><td class=\"column-2\">05.03.13<\/td><td class=\"column-3\">Voting recommendations for report \u201cThe protection of public health from endocrine disruptors\" <\/td><td class=\"column-4\"><\/td>\n<\/tr>\n<tr class=\"row-696\">\n\t<td class=\"column-1\">F\u00e9d\u00e9ration Bancaire Fran\u00e7aise<\/td><td class=\"column-2\">05.03.13<\/td><td class=\"column-3\">Annual dinner of the French Banking Federation<\/td><td class=\"column-4\">abgesagt<\/td>\n<\/tr>\n<tr class=\"row-697\">\n\t<td class=\"column-1\">Gesamtverband der Deutschen Versicherungswirtschaft e. V.<\/td><td class=\"column-2\">04.03.13<\/td><td class=\"column-3\">Einladung zur \"Lunch-Debate\" \"Energiewende - Versicherer als Schwungrad der Ver\u00e4nderung?\"<\/td><td class=\"column-4\">abgesagt<\/td>\n<\/tr>\n<tr class=\"row-698\">\n\t<td class=\"column-1\">Centrum f\u00fcr Europ\u00e4ische Politik<\/td><td class=\"column-2\">04.03.13<\/td><td class=\"column-3\">Analyse zum Schutz von Wasserresourcen<\/td><td class=\"column-4\"><\/td>\n<\/tr>\n<tr class=\"row-699\">\n\t<td class=\"column-1\">European Savings Banks Group<\/td><td class=\"column-2\">01.03.13<\/td><td class=\"column-3\">Invitation to parliamentary evening dinner<\/td><td class=\"column-4\">abgesagt<\/td>\n<\/tr>\n<tr class=\"row-700\">\n\t<td class=\"column-1\">Finance Watch<\/td><td class=\"column-2\">01.03.13<\/td><td class=\"column-3\">Meeting on PRIPs<\/td><td class=\"column-4\">zugesagt<\/td>\n<\/tr>\n<tr class=\"row-701\">\n\t<td class=\"column-1\"><\/td><td class=\"column-2\"><\/td><td class=\"column-3\"><\/td><td class=\"column-4\"><\/td>\n<\/tr>\n<tr class=\"row-702\">\n\t<td class=\"column-1\">Februar 2013<\/td><td class=\"column-2\"><\/td><td class=\"column-3\"><\/td><td class=\"column-4\"><\/td>\n<\/tr>\n<tr class=\"row-703\">\n\t<td class=\"column-1\"><\/td><td class=\"column-2\"><\/td><td class=\"column-3\"><\/td><td class=\"column-4\"><\/td>\n<\/tr>\n<tr class=\"row-704\">\n\t<td class=\"column-1\">Ernst &amp; Young GmbH<\/td><td class=\"column-2\">27.02.13<\/td><td class=\"column-3\">Invitation for a meeting on FTT proposal<\/td><td class=\"column-4\">abgesagt<\/td>\n<\/tr>\n<tr class=\"row-705\">\n\t<td class=\"column-1\">Bundesvereinigung der <br \/>\nDeutschen Arbeitgeberverb\u00e4nde (BDA), Bundesverband der <br \/>\nDeutschen Industrie e. V. (BDI), DIHK<\/td><td class=\"column-2\">26.02.13<\/td><td class=\"column-3\">Gemeinsame Stellungnahme zum Richtlinienvorschlag zur Einf\u00fchrung einer Geschlechterquote in F\u00fchrungsgremien der Privatwirtschaft<\/td><td class=\"column-4\"><\/td>\n<\/tr>\n<tr class=\"row-706\">\n\t<td class=\"column-1\">International Association for Falconry and the Conservation of Birds of Prey<\/td><td class=\"column-2\">25.02.13<\/td><td class=\"column-3\">Letter on the Common Agricultural Policy of the  EU<\/td><td class=\"column-4\"><\/td>\n<\/tr>\n<tr class=\"row-707\">\n\t<td class=\"column-1\">Bundesverband der Freien Berufe<\/td><td class=\"column-2\">25.02.13<\/td><td class=\"column-3\">Stellungnahme zur Datenschutzgrundverordnung<\/td><td class=\"column-4\"><\/td>\n<\/tr>\n<tr class=\"row-708\">\n\t<td class=\"column-1\">European Savings Banks Group<\/td><td class=\"column-2\">25.02.13<\/td><td class=\"column-3\">Position on proposal for a Bank Recovery and Resolution Directive<\/td><td class=\"column-4\"><\/td>\n<\/tr>\n<tr class=\"row-709\">\n\t<td class=\"column-1\">European Federation of National Associations of Water Services<\/td><td class=\"column-2\">25.02.13<\/td><td class=\"column-3\">Position on the reform of the Common Agricultural Policy<\/td><td class=\"column-4\"><\/td>\n<\/tr>\n<tr class=\"row-710\">\n\t<td class=\"column-1\">Financial Future<\/td><td class=\"column-2\">25.02.13<\/td><td class=\"column-3\">Invitation to the workshop \"Green Paper on Long-term Investment\"<br \/>\n<\/td><td class=\"column-4\">abgesagt<\/td>\n<\/tr>\n<tr class=\"row-711\">\n\t<td class=\"column-1\">Bundesverband der Deutschen Industrie (BDI)<\/td><td class=\"column-2\">25.02.13<\/td><td class=\"column-3\">Einladung zum Br\u00fcsseler Wirtschaftsgespr\u00e4ch<\/td><td class=\"column-4\">abgesagt<\/td>\n<\/tr>\n<tr class=\"row-712\">\n\t<td class=\"column-1\">Bundesarchitektenkammer e.V.<\/td><td class=\"column-2\">25.02.13<\/td><td class=\"column-3\">Einladung zum politischen Abendempfang<\/td><td class=\"column-4\">abgesagt<\/td>\n<\/tr>\n<tr class=\"row-713\">\n\t<td class=\"column-1\">Corporate Europe Observatory<br \/>\n(CEO)<\/td><td class=\"column-2\">25.02.13<\/td><td class=\"column-3\">Invitiation to a meeting on reforming European Commission Expert Groups<\/td><td class=\"column-4\">zugesagt<\/td>\n<\/tr>\n<tr class=\"row-714\">\n\t<td class=\"column-1\">BUSINESSEUROPE - The Confederation of European Business<\/td><td class=\"column-2\">22.02.13<\/td><td class=\"column-3\">Concerns about the proposed Regulation on Audit<\/td><td class=\"column-4\"><\/td>\n<\/tr>\n<tr class=\"row-715\">\n\t<td class=\"column-1\">Bundesarbeitgeberverband Chemie<\/td><td class=\"column-2\">22.02.13<\/td><td class=\"column-3\">Stellungnahme zur ECON-Diskussion zur Alterssicherung<\/td><td class=\"column-4\"><\/td>\n<\/tr>\n<tr class=\"row-716\">\n\t<td class=\"column-1\">Bundesarbeitsgemeinschaft der Freien Wohlfahrtspflege e.V. (BAGFW)<\/td><td class=\"column-2\">22.02.13<\/td><td class=\"column-3\">\u00c4nderungsvorschl\u00e4ge des Berichts zum Europ\u00e4ischen Hilfsfonds<\/td><td class=\"column-4\"><\/td>\n<\/tr>\n<tr class=\"row-717\">\n\t<td class=\"column-1\">BBJ Consult AG<\/td><td class=\"column-2\">22.02.13<\/td><td class=\"column-3\">Einladung zu einem Treffen f\u00fcr einen Austausch zu den Fragestellungen zum Europ\u00e4ischen Fonds f\u00fcr soziales Unternehmertum<\/td><td class=\"column-4\">abgesagt<\/td>\n<\/tr>\n<tr class=\"row-718\">\n\t<td class=\"column-1\">Deutscher Anwaltverein<\/td><td class=\"column-2\">21.02.13<\/td><td class=\"column-3\">Stellungnahme zur \u00c4nderung der Verordnung des Rates \u00fcber Insolvenzverfahren<\/td><td class=\"column-4\"><\/td>\n<\/tr>\n<tr class=\"row-719\">\n\t<td class=\"column-1\">Arbeitskreis Deutscher Markt- und Sozialforschungsinstitute e.V.<\/td><td class=\"column-2\">21.02.13<\/td><td class=\"column-3\">Stellungnahme zur EU-Datenschutz-Grundverordnung<\/td><td class=\"column-4\"><\/td>\n<\/tr>\n<tr class=\"row-720\">\n\t<td class=\"column-1\">BUSINESSEUROPE - The Confederation of European Business<\/td><td class=\"column-2\">21.02.13<\/td><td class=\"column-3\">Position paper on industrial policy<\/td><td class=\"column-4\"><\/td>\n<\/tr>\n<tr class=\"row-721\">\n\t<td class=\"column-1\">BUSINESSEUROPE - The Confederation of European Business<\/td><td class=\"column-2\">21.02.13<\/td><td class=\"column-3\">Position paper on the Youth Employment Package<\/td><td class=\"column-4\"><\/td>\n<\/tr>\n<tr class=\"row-722\">\n\t<td class=\"column-1\">Corporate Europe Observatory (CEO)<\/td><td class=\"column-2\">21.02.13<\/td><td class=\"column-3\">Position on budget negotiations<\/td><td class=\"column-4\"><\/td>\n<\/tr>\n<tr class=\"row-723\">\n\t<td class=\"column-1\">Bund f\u00fcr Umwelt und Naturschutz Deutschland e.V. (BUND)<\/td><td class=\"column-2\">21.02.13<\/td><td class=\"column-3\">Letter on Common Agricultural Policy<\/td><td class=\"column-4\"><\/td>\n<\/tr>\n<tr class=\"row-724\">\n\t<td class=\"column-1\">The Institute of Chartered Accountants in England and Wales (ICAEW)<\/td><td class=\"column-2\">20.02.13<\/td><td class=\"column-3\">Invitation to the Public Sector Discussion Group 'Sustainable Public Finances - EU perspectives'<\/td><td class=\"column-4\">abgesagt<\/td>\n<\/tr>\n<tr class=\"row-725\">\n\t<td class=\"column-1\">Deutsche Messe AG<\/td><td class=\"column-2\">BITKOM<\/td><td class=\"column-3\">20.02.13<\/td><td class=\"column-4\">Einladung zur Executive Night anl\u00e4sslich der CeBit<\/td>\n<\/tr>\n<tr class=\"row-726\">\n\t<td class=\"column-1\">Bauernbund Brandenburg<\/td><td class=\"column-2\">20.02.13<\/td><td class=\"column-3\">Positionsbrief zur Gemeinsamen Agrarpolitik der EU<\/td><td class=\"column-4\"><\/td>\n<\/tr>\n<tr class=\"row-727\">\n\t<td class=\"column-1\">BUSINESSEUROPE - The Confederation of European Business<\/td><td class=\"column-2\">20.02.13<\/td><td class=\"column-3\">Position letter on IMCO vote on posting of workers enforcement directive<\/td><td class=\"column-4\"><\/td>\n<\/tr>\n<tr class=\"row-728\">\n\t<td class=\"column-1\">Digitale Gesellschaft e.V.<\/td><td class=\"column-2\">20.02.13<\/td><td class=\"column-3\">Position zum Entwurf f\u00fcr eine europ\u00e4ische Datenschutzverordnung<\/td><td class=\"column-4\"><\/td>\n<\/tr>\n<tr class=\"row-729\">\n\t<td class=\"column-1\">Arbeitsgemeinschaft b\u00e4uerliche Landwirtschaft e.V.<\/td><td class=\"column-2\">Europ\u00e4ischen Koordination Via Campesina<\/td><td class=\"column-3\">20.02.13<\/td><td class=\"column-4\">Forderungsbrief zur anstehenden GAP-Abstimmung <br \/>\nim Europ\u00e4ischen Parlament<\/td>\n<\/tr>\n<tr class=\"row-730\">\n\t<td class=\"column-1\">Zentralverband des Deutschen Handwerks<\/td><td class=\"column-2\">DIHK<\/td><td class=\"column-3\">DGB<\/td><td class=\"column-4\">19.02.13<\/td>\n<\/tr>\n<tr class=\"row-731\">\n\t<td class=\"column-1\">Council of European Employers of Metal<\/td><td class=\"column-2\">Engineering and Technology-based Industries<\/td><td class=\"column-3\">19.02.13<\/td><td class=\"column-4\">Position on the General Data Protection Regulation<\/td>\n<\/tr>\n<tr class=\"row-732\">\n\t<td class=\"column-1\">Council of European Employers of Metal, Engineering and Technology-based Industries, European Chemical Employers Group, industriAll - European Trade Union<\/td><td class=\"column-2\">19.02.13<\/td><td class=\"column-3\">Common Position on an agenda for adequate, safe and sustainable pensions<\/td><td class=\"column-4\"><\/td>\n<\/tr>\n<tr class=\"row-733\">\n\t<td class=\"column-1\">Deutscher Sparkassen- und Giroverband (DSGV)<\/td><td class=\"column-2\">19.02.13<\/td><td class=\"column-3\">EuropaBrief des DSGV; Position zu \"Hemmnissen im<br \/>\nHandel mit gewerblichen Produkten\", Position zu \"EU-Regeln f\u00fcr Firmensitzverlagerungen ins Ausland\"<\/td><td class=\"column-4\"><\/td>\n<\/tr>\n<tr class=\"row-734\">\n\t<td class=\"column-1\">Bundesarbeitsgemeinschaft der Freien Wohlfahrtspflege e.V. (BAGFW)<\/td><td class=\"column-2\">19.02.13<\/td><td class=\"column-3\">Position zum mehrj\u00e4hrigen Finanzrahmen und Europ\u00e4ischen Sozialfonds<\/td><td class=\"column-4\"><\/td>\n<\/tr>\n<tr class=\"row-735\">\n\t<td class=\"column-1\">Bundesverband der Freien Berufe (BFB)<\/td><td class=\"column-2\">18.02.13<\/td><td class=\"column-3\">Einladung zum Abendessen mit dem BFB-Pr\u00e4sidium<\/td><td class=\"column-4\">abgesagt<\/td>\n<\/tr>\n<tr class=\"row-736\">\n\t<td class=\"column-1\">Bundesverband der Deutschen Industrie<\/td><td class=\"column-2\">18.02.13<\/td><td class=\"column-3\">Einladung zum Parlamentarischen Abend zur EU-Handelspolitik<\/td><td class=\"column-4\">abgesagt<\/td>\n<\/tr>\n<tr class=\"row-737\">\n\t<td class=\"column-1\">EuroFinuse<\/td><td class=\"column-2\">18.02.13<\/td><td class=\"column-3\">Invitation to the Conference: \"The Audit Reform - Impact on Investors\"<\/td><td class=\"column-4\">abgesagt<\/td>\n<\/tr>\n<tr class=\"row-738\">\n\t<td class=\"column-1\">Federation of European Securities Exchanges (FESE)<\/td><td class=\"column-2\">the Federal Association of Securities Trading Firms (bwf) and the Nordic Securities Association (NSA)<\/td><td class=\"column-3\">18.02.13<\/td><td class=\"column-4\">Position on MiFID\/R discussions on the Organised Trading Facility (OTF) trading venue category for equities<\/td>\n<\/tr>\n<tr class=\"row-739\">\n\t<td class=\"column-1\">National Association of Pension Funds<\/td><td class=\"column-2\">18.02.13<\/td><td class=\"column-3\">Position on mandatory requirements for structures of executive pay<\/td><td class=\"column-4\"><\/td>\n<\/tr>\n<tr class=\"row-740\">\n\t<td class=\"column-1\">Centrum f\u00fcr Europ\u00e4ische Politik<\/td><td class=\"column-2\">18.02.13<\/td><td class=\"column-3\">Analyse zur EU-weiten Jugendgarantie f\u00fcr Besch\u00e4ftigung<\/td><td class=\"column-4\"><\/td>\n<\/tr>\n<tr class=\"row-741\">\n\t<td class=\"column-1\">Federation of European Accountants (FEE)<\/td><td class=\"column-2\">15.02.13<\/td><td class=\"column-3\">Position paper on Auditor Independence Provisions<\/td><td class=\"column-4\"><\/td>\n<\/tr>\n<tr class=\"row-742\">\n\t<td class=\"column-1\">Bundesverband \u00d6ffentlicher Banken Deutschlands<\/td><td class=\"column-2\">15.02.13<\/td><td class=\"column-3\">Position zu Trilogverhandlungen CRR \/ CRD IV<\/td><td class=\"column-4\"><\/td>\n<\/tr>\n<tr class=\"row-743\">\n\t<td class=\"column-1\">Verbraucherzentrale Bundesverband (vzbv) e.V.<\/td><td class=\"column-2\">15.02.13<\/td><td class=\"column-3\">Position zum Trilog - Marktschutz durch Verbraucherschutz bei der Wohnimmobiliendarlehensrichtlinie<\/td><td class=\"column-4\"><\/td>\n<\/tr>\n<tr class=\"row-744\">\n\t<td class=\"column-1\">Financial Education Workshop Team<\/td><td class=\"column-2\">15.02.13<\/td><td class=\"column-3\">Invitation to the ESBG Financial Education Workshop<\/td><td class=\"column-4\">abgesagt<\/td>\n<\/tr>\n<tr class=\"row-745\">\n\t<td class=\"column-1\">EGIAN Listed Company Audit Market Focus Group<\/td><td class=\"column-2\">14.02.13<\/td><td class=\"column-3\">Position: Audit Reform<\/td><td class=\"column-4\"><\/td>\n<\/tr>\n<tr class=\"row-746\">\n\t<td class=\"column-1\">EFAMA - European Fund and Asset Management Association<\/td><td class=\"column-2\">14.02.13<\/td><td class=\"column-3\">EFAMA position paper on EP draft report on IMD<\/td><td class=\"column-4\"><\/td>\n<\/tr>\n<tr class=\"row-747\">\n\t<td class=\"column-1\">EFAMA - European Fund and Asset Management Association<\/td><td class=\"column-2\">14.02.13<\/td><td class=\"column-3\">Position paper on EP draft report on PRIPs<\/td><td class=\"column-4\"><\/td>\n<\/tr>\n<tr class=\"row-748\">\n\t<td class=\"column-1\">Initiative Neue Soziale Marktwirtschaft GmbH<\/td><td class=\"column-2\">13.02.13<\/td><td class=\"column-3\">Position Transaktionssteuer<\/td><td class=\"column-4\"><\/td>\n<\/tr>\n<tr class=\"row-749\">\n\t<td class=\"column-1\">Forum InformatikerInnen f\u00fcr Frieden<\/td><td class=\"column-2\">13.02.13<\/td><td class=\"column-3\">Stellungnahme zur Datenschutz-Grundverordnung<\/td><td class=\"column-4\"><\/td>\n<\/tr>\n<tr class=\"row-750\">\n\t<td class=\"column-1\">F\u00e9d\u00e9ration Bancaire Fran\u00e7aise<\/td><td class=\"column-2\">13.02.13<\/td><td class=\"column-3\">FBF meeting request<\/td><td class=\"column-4\">abgesagt<\/td>\n<\/tr>\n<tr class=\"row-751\">\n\t<td class=\"column-1\">Haut Conseil du Commissariat aux Comptes<\/td><td class=\"column-2\">13.02.13<\/td><td class=\"column-3\">Meeting on audit reform<\/td><td class=\"column-4\">abgesagt<\/td>\n<\/tr>\n<tr class=\"row-752\">\n\t<td class=\"column-1\">Bundesverband deutscher Banken e.V.<\/td><td class=\"column-2\">12.02.13<\/td><td class=\"column-3\">Einladung Br\u00fcsseler Abendgespr\u00e4ch<\/td><td class=\"column-4\">abgesagt<\/td>\n<\/tr>\n<tr class=\"row-753\">\n\t<td class=\"column-1\">Aviva<\/td><td class=\"column-2\">11.02.13<\/td><td class=\"column-3\">Meeting on Company report information<\/td><td class=\"column-4\">zugesagt<\/td>\n<\/tr>\n<tr class=\"row-754\">\n\t<td class=\"column-1\">Deutscher Anwaltverein<\/td><td class=\"column-2\">11.02.13<\/td><td class=\"column-3\">Stellungnahme zum Verh\u00e4ltnis zwischen der geplanten Datenschutz-Grundverordnung und dem Schutz der Vertraulichkeit der Kommunikation im europ\u00e4ischen Telekommunikationsrecht<\/td><td class=\"column-4\"><\/td>\n<\/tr>\n<tr class=\"row-755\">\n\t<td class=\"column-1\">Centrum f\u00fcr Europ\u00e4ische Politik<\/td><td class=\"column-2\">11.02.13<\/td><td class=\"column-3\">CEP-Analyse: Versicherungsvermittlung<\/td><td class=\"column-4\"><\/td>\n<\/tr>\n<tr class=\"row-756\">\n\t<td class=\"column-1\">Deutsche Verein f\u00fcr \u00f6ffentliche und private F\u00fcrsorge e.V. (Deutscher Verein) <br \/>\nBundesarbeitsgemeinschaft der Freien Wohlfahrtspflege e.V. (BAGFW)<\/td><td class=\"column-2\">08.02.13<\/td><td class=\"column-3\">Einladung zum Parlamentarischen Abend<\/td><td class=\"column-4\">abgesagt<\/td>\n<\/tr>\n<tr class=\"row-757\">\n\t<td class=\"column-1\">Bundesverband deutscher Banken<\/td><td class=\"column-2\">08.02.13<\/td><td class=\"column-3\">Einladung zum Abendessen und Austausch<\/td><td class=\"column-4\">abgesagt<\/td>\n<\/tr>\n<tr class=\"row-758\">\n\t<td class=\"column-1\">Aurubis AG<\/td><td class=\"column-2\">08.02.13<\/td><td class=\"column-3\">Position Solvency II<\/td><td class=\"column-4\"><\/td>\n<\/tr>\n<tr class=\"row-759\">\n\t<td class=\"column-1\">Verband der Firmenpensionskassen<\/td><td class=\"column-2\">07.02.13<\/td><td class=\"column-3\">Solvency II und QIS - Stellungnahme<\/td><td class=\"column-4\"><\/td>\n<\/tr>\n<tr class=\"row-760\">\n\t<td class=\"column-1\">F\u00e9d\u00e9ration Bancaire Fran\u00e7aise<\/td><td class=\"column-2\">07.02.13<\/td><td class=\"column-3\">FBF Dinner<\/td><td class=\"column-4\">abgesagt<\/td>\n<\/tr>\n<tr class=\"row-761\">\n\t<td class=\"column-1\">American Chamber of Commerce to the EU<\/td><td class=\"column-2\">06.02.13<\/td><td class=\"column-3\">Invitation to speak on Long Term Financing<\/td><td class=\"column-4\">abgesagt<\/td>\n<\/tr>\n<tr class=\"row-762\">\n\t<td class=\"column-1\">Bundesverband deutscher Banken<\/td><td class=\"column-2\">06.02.13<\/td><td class=\"column-3\">Arbeitsfr\u00fchst\u00fcck zur Bankenstrukturreform<\/td><td class=\"column-4\">abgesagt<\/td>\n<\/tr>\n<tr class=\"row-763\">\n\t<td class=\"column-1\">EPFSF<\/td><td class=\"column-2\">06.02.13<\/td><td class=\"column-3\">Lunch event on \"Anti-Money Laundering and Data Protection<\/td><td class=\"column-4\">abgesagt<\/td>\n<\/tr>\n<tr class=\"row-764\">\n\t<td class=\"column-1\">FECIF<\/td><td class=\"column-2\">06.02.13<\/td><td class=\"column-3\">Meeting request - IMD II<\/td><td class=\"column-4\">abgesagt<\/td>\n<\/tr>\n<tr class=\"row-765\">\n\t<td class=\"column-1\">Bund Katholischer Unternehmer e.V. (BKU)<\/td><td class=\"column-2\">06.02.13<\/td><td class=\"column-3\">Kommissionsvorschlag zur Begrenzung der Managergeh\u00e4lter<\/td><td class=\"column-4\"><\/td>\n<\/tr>\n<tr class=\"row-766\">\n\t<td class=\"column-1\">European Association of Public Banks<\/td><td class=\"column-2\">EAPB<\/td><td class=\"column-3\">06.02.13<\/td><td class=\"column-4\">PRIPs - EAPB comments<\/td>\n<\/tr>\n<tr class=\"row-767\">\n\t<td class=\"column-1\">Bundesverband Deutscher Versicherungskaufleute<\/td><td class=\"column-2\">05.02.13<\/td><td class=\"column-3\">Schreiben des Bundesverbandes Deutscher Versicherungskaufleute<\/td><td class=\"column-4\"><\/td>\n<\/tr>\n<tr class=\"row-768\">\n\t<td class=\"column-1\">European Association of Co-operative Banks (EACB)<\/td><td class=\"column-2\">05.02.13<\/td><td class=\"column-3\">Contribution to the Trilogue on SSM<\/td><td class=\"column-4\"><\/td>\n<\/tr>\n<tr class=\"row-769\">\n\t<td class=\"column-1\">Confederation of British Industry<\/td><td class=\"column-2\">05.02.13<\/td><td class=\"column-3\">CBI EU Lobby Brief<\/td><td class=\"column-4\"><\/td>\n<\/tr>\n<tr class=\"row-770\">\n\t<td class=\"column-1\">Birdlife Europe<br \/>\nOceana<br \/>\nOCEAN2012 <br \/>\nGreenpeace<br \/>\nWWF EPO<\/td><td class=\"column-2\">05.02.13<\/td><td class=\"column-3\">NGO recommendation for vote on Common Fisheries Policy<\/td><td class=\"column-4\"><\/td>\n<\/tr>\n<tr class=\"row-771\">\n\t<td class=\"column-1\">Groupe Consultatif Actuariel Europeen<\/td><td class=\"column-2\">05.02.13<\/td><td class=\"column-3\">Position on regulatory approach in insurance and banking in the context of Solvency II<\/td><td class=\"column-4\"><\/td>\n<\/tr>\n<tr class=\"row-772\">\n\t<td class=\"column-1\">Bundesverbandes Deutscher Versicherungskaufleute<\/td><td class=\"column-2\">05.02.13<\/td><td class=\"column-3\">Position zu EU-Richtlinie \u00fcber Versicherungsvermittler<\/td><td class=\"column-4\"><\/td>\n<\/tr>\n<tr class=\"row-773\">\n\t<td class=\"column-1\">Transport &amp; Environment<\/td><td class=\"column-2\">05.02.13<\/td><td class=\"column-3\">Position on Sound Level of Motor Vehicles<\/td><td class=\"column-4\"><\/td>\n<\/tr>\n<tr class=\"row-774\">\n\t<td class=\"column-1\">Dutch noise abatement society<\/td><td class=\"column-2\">05.02.13<\/td><td class=\"column-3\">Position on Sound Level of Motor Vehicles<\/td><td class=\"column-4\"><\/td>\n<\/tr>\n<tr class=\"row-775\">\n\t<td class=\"column-1\">Bundesarbeitgeberverband Chemie<\/td><td class=\"column-2\">05.02.13<\/td><td class=\"column-3\">Position zu Mann-Berichtsentwurf<\/td><td class=\"column-4\"><\/td>\n<\/tr>\n<tr class=\"row-776\">\n\t<td class=\"column-1\">Verband der Versicherungsunternehmen \u00d6sterreichs<\/td><td class=\"column-2\">04.02.13<\/td><td class=\"column-3\">Verordnungsvorschlag \u00fcber Basisinformationsbl\u00e4tter f\u00fcr Anlageprodukte<\/td><td class=\"column-4\"><\/td>\n<\/tr>\n<tr class=\"row-777\">\n\t<td class=\"column-1\">World Development Movement<\/td><td class=\"column-2\">04.02.13<\/td><td class=\"column-3\">Position on EMIR<\/td><td class=\"column-4\"><\/td>\n<\/tr>\n<tr class=\"row-778\">\n\t<td class=\"column-1\">Finance Watch<\/td><td class=\"column-2\">04.02.13<\/td><td class=\"column-3\">Position on EMIR<\/td><td class=\"column-4\"><\/td>\n<\/tr>\n<tr class=\"row-779\">\n\t<td class=\"column-1\">Centrum f\u00fcr Europ\u00e4ische Politik<\/td><td class=\"column-2\">04.02.13<\/td><td class=\"column-3\">CEP-Analyse: Energiebinnenmarkt<\/td><td class=\"column-4\"><\/td>\n<\/tr>\n<tr class=\"row-780\">\n\t<td class=\"column-1\">Association of Investment Companies<\/td><td class=\"column-2\">01.02.13<\/td><td class=\"column-3\">Key Information Documents - Committee on Economic and Monetary Affairs' draft report<\/td><td class=\"column-4\"><\/td>\n<\/tr>\n<tr class=\"row-781\">\n\t<td class=\"column-1\">Deutscher Blinden- und Sehbehindertenverband (DBSV)<\/td><td class=\"column-2\">01.02.13<\/td><td class=\"column-3\">Ausstattung ger\u00e4uscharmer Fahrzeuge mit AVAS<\/td><td class=\"column-4\"><\/td>\n<\/tr>\n<tr class=\"row-782\">\n\t<td class=\"column-1\">ICOMP<\/td><td class=\"column-2\">01.02.13<\/td><td class=\"column-3\">ICOMP Statement: Google\u2019s settlement<\/td><td class=\"column-4\"><\/td>\n<\/tr>\n<tr class=\"row-783\">\n\t<td class=\"column-1\">CSCA<\/td><td class=\"column-2\">01.02.13<\/td><td class=\"column-3\">IMD Review - Position Paper of the French Federation of Insurance Brokers<\/td><td class=\"column-4\"><\/td>\n<\/tr>\n<tr class=\"row-784\">\n\t<td class=\"column-1\">Deutsche Bank<\/td><td class=\"column-2\">01.02.13<\/td><td class=\"column-3\">Deutsche Bank Annual Reception<\/td><td class=\"column-4\">abgesagt<\/td>\n<\/tr>\n<tr class=\"row-785\">\n\t<td class=\"column-1\">Association of the Luxemburg Fund Industry<\/td><td class=\"column-2\">Februar 2013<\/td><td class=\"column-3\">alfi Spring Conference<\/td><td class=\"column-4\">abgesagt<\/td>\n<\/tr>\n<tr class=\"row-786\">\n\t<td class=\"column-1\"><\/td><td class=\"column-2\"><\/td><td class=\"column-3\"><\/td><td class=\"column-4\"><\/td>\n<\/tr>\n<tr class=\"row-787\">\n\t<td class=\"column-1\">Januar 2013<\/td><td class=\"column-2\"><\/td><td class=\"column-3\"><\/td><td class=\"column-4\"><\/td>\n<\/tr>\n<tr class=\"row-788\">\n\t<td class=\"column-1\"><\/td><td class=\"column-2\"><\/td><td class=\"column-3\"><\/td><td class=\"column-4\"><\/td>\n<\/tr>\n<tr class=\"row-789\">\n\t<td class=\"column-1\">PA Europe<\/td><td class=\"column-2\">31.01.13<\/td><td class=\"column-3\">Lunchtime debate<\/td><td class=\"column-4\">abgesagt<\/td>\n<\/tr>\n<tr class=\"row-790\">\n\t<td class=\"column-1\">NASDAQ OMX<\/td><td class=\"column-2\">31.01.13<\/td><td class=\"column-3\">EMIR Level 2 comments from NASDAQ OMX<\/td><td class=\"column-4\"><\/td>\n<\/tr>\n<tr class=\"row-791\">\n\t<td class=\"column-1\">European Banking Federation aisbl<\/td><td class=\"column-2\">31.01.13<\/td><td class=\"column-3\">EBF letter on PRIPs - Banking considerations<\/td><td class=\"column-4\"><\/td>\n<\/tr>\n<tr class=\"row-792\">\n\t<td class=\"column-1\">Unicredit Group<\/td><td class=\"column-2\">31.01.13<\/td><td class=\"column-3\">PRIPS - Unicredit Group's Amendments<\/td><td class=\"column-4\"><\/td>\n<\/tr>\n<tr class=\"row-793\">\n\t<td class=\"column-1\">The Association of Danish Insurance Brokers and Insurance Agents<\/td><td class=\"column-2\">30.01.13<\/td><td class=\"column-3\">Proposal for a directive of the European Parliament and of the Council on insurance mediation<\/td><td class=\"column-4\"><\/td>\n<\/tr>\n<tr class=\"row-794\">\n\t<td class=\"column-1\">DRV Deutscher ReiseVerband e.V.<\/td><td class=\"column-2\">30.01.13<\/td><td class=\"column-3\">Austausch zur Versicherungsvermittlerrichtlinie<\/td><td class=\"column-4\">abgesagt<\/td>\n<\/tr>\n<tr class=\"row-795\">\n\t<td class=\"column-1\">Bundesverband deutscher Banken<\/td><td class=\"column-2\">30.01.13<\/td><td class=\"column-3\">Position: Vorzeitige Liquidit\u00e4tsr\u00fcckgabe<\/td><td class=\"column-4\"><\/td>\n<\/tr>\n<tr class=\"row-796\">\n\t<td class=\"column-1\">Bayerischer Bankenverband<\/td><td class=\"column-2\">30.01.13<\/td><td class=\"column-3\">Rechtsbehelf gegen Entw\u00fcrfe Technischer Standards<\/td><td class=\"column-4\"><\/td>\n<\/tr>\n<tr class=\"row-797\">\n\t<td class=\"column-1\">European Banking Federation aisbl<\/td><td class=\"column-2\">30.01.13<\/td><td class=\"column-3\">Amendments on UCITS V.<\/td><td class=\"column-4\"><\/td>\n<\/tr>\n<tr class=\"row-798\">\n\t<td class=\"column-1\">DRV Deutscher ReiseVerband e.V.<\/td><td class=\"column-2\">30.01.13<\/td><td class=\"column-3\">Position: Versicherungsvermittlerrichtlinie<\/td><td class=\"column-4\"><\/td>\n<\/tr>\n<tr class=\"row-799\">\n\t<td class=\"column-1\">INREV<\/td><td class=\"column-2\">29.01.13<\/td><td class=\"column-3\">Meeting request - Real estate sector<\/td><td class=\"column-4\">abgesagt<\/td>\n<\/tr>\n<tr class=\"row-800\">\n\t<td class=\"column-1\">ESBG Managing Director<\/td><td class=\"column-2\">29.01.13<\/td><td class=\"column-3\">Invitation to a Parliamentary evening dinner<\/td><td class=\"column-4\">abgesagt<\/td>\n<\/tr>\n<tr class=\"row-801\">\n\t<td class=\"column-1\">Bundesverband der Deutschen Industrie e.V.<\/td><td class=\"column-2\">29.01.13<\/td><td class=\"column-3\">ESMA Technical Standards \/ EMIR regulation<\/td><td class=\"column-4\"><\/td>\n<\/tr>\n<tr class=\"row-802\">\n\t<td class=\"column-1\">AMICE<\/td><td class=\"column-2\">28.01.13<\/td><td class=\"column-3\">Position: Insurance Mediation Directive<\/td><td class=\"column-4\"><\/td>\n<\/tr>\n<tr class=\"row-803\">\n\t<td class=\"column-1\">Government Office for Science<\/td><td class=\"column-2\">28.01.13<\/td><td class=\"column-3\">Future of Computer Trading in Financial Markets<\/td><td class=\"column-4\"><\/td>\n<\/tr>\n<tr class=\"row-804\">\n\t<td class=\"column-1\">Centrum f\u00fcr Europ\u00e4ische Politik<\/td><td class=\"column-2\">28.01.13<\/td><td class=\"column-3\">Position: Betrugsbek\u00e4mpfung durch EU-Strafrecht<\/td><td class=\"column-4\"><\/td>\n<\/tr>\n<tr class=\"row-805\">\n\t<td class=\"column-1\">Autorit\u00e9 des march\u00e9s financiers (AMF)<\/td><td class=\"column-2\">28.01.13<\/td><td class=\"column-3\">Request for an appointment on PRIPs<\/td><td class=\"column-4\">zugesagt<\/td>\n<\/tr>\n<tr class=\"row-806\">\n\t<td class=\"column-1\">Leaseurope<\/td><td class=\"column-2\">24.01.13<\/td><td class=\"column-3\">Amendments to ECON Report on IMD<\/td><td class=\"column-4\"><\/td>\n<\/tr>\n<tr class=\"row-807\">\n\t<td class=\"column-1\">Conf\u00e9d\u00e9ration Fiscale Europ\u00e9enne<\/td><td class=\"column-2\">24.01.13<\/td><td class=\"column-3\">Opinion Statement on the fight against fraud to the EU's financial interests by means of criminal law<\/td><td class=\"column-4\"><\/td>\n<\/tr>\n<tr class=\"row-808\">\n\t<td class=\"column-1\">Bankenverband<\/td><td class=\"column-2\">24.01.13<\/td><td class=\"column-3\">Br\u00fcsseler Abendgespr\u00e4ch<\/td><td class=\"column-4\">abgesagt<\/td>\n<\/tr>\n<tr class=\"row-809\">\n\t<td class=\"column-1\">Alliance for Consumer Fire Safety in Europe (ACFSE)<\/td><td class=\"column-2\">24.01.13<\/td><td class=\"column-3\">Meeting request<\/td><td class=\"column-4\">abgesagt<\/td>\n<\/tr>\n<tr class=\"row-810\">\n\t<td class=\"column-1\">EBF<\/td><td class=\"column-2\">23.01.13<\/td><td class=\"column-3\">Banks for Growth Conference<\/td><td class=\"column-4\">abgesagt<\/td>\n<\/tr>\n<tr class=\"row-811\">\n\t<td class=\"column-1\">BBJ Consult AG<\/td><td class=\"column-2\">23.01.13<\/td><td class=\"column-3\">Gespr\u00e4ch zu Europ\u00e4ischen Fonds f\u00fcr soziales Unternehmertum<\/td><td class=\"column-4\">abgesagt<\/td>\n<\/tr>\n<tr class=\"row-812\">\n\t<td class=\"column-1\">Bunge Europe<\/td><td class=\"column-2\">21.01.13<\/td><td class=\"column-3\">Invitation to Roundtable<\/td><td class=\"column-4\">abgesagt<\/td>\n<\/tr>\n<tr class=\"row-813\">\n\t<td class=\"column-1\">European DIY Retail Association<\/td><td class=\"column-2\">21.01.13<\/td><td class=\"column-3\">Invitation to Dinner<\/td><td class=\"column-4\">abgesagt<\/td>\n<\/tr>\n<tr class=\"row-814\">\n\t<td class=\"column-1\">PensionsEurope<\/td><td class=\"column-2\">21.01.13<\/td><td class=\"column-3\">Position on ECON agenda point \u201cAn Agenda for Adequate<\/td><td class=\"column-4\">Safe and Sustainable Pensions\u201d<\/td>\n<\/tr>\n<tr class=\"row-815\">\n\t<td class=\"column-1\">Alliance of Energy Intensive Industries (AEII)<\/td><td class=\"column-2\">21.01.13<\/td><td class=\"column-3\">Position on the Commission proposal amending the Emissions Trading Directive<\/td><td class=\"column-4\"><\/td>\n<\/tr>\n<tr class=\"row-816\">\n\t<td class=\"column-1\">European Energy Exchange AG<\/td><td class=\"column-2\">21.01.13<\/td><td class=\"column-3\">MiFiD 2\/ Financial Instrument - Positionspapier<\/td><td class=\"column-4\"><\/td>\n<\/tr>\n<tr class=\"row-817\">\n\t<td class=\"column-1\">Centrum f\u00fcr Europ\u00e4ische Politik<\/td><td class=\"column-2\">21.01.13<\/td><td class=\"column-3\">\u00c4nderungsoptionen f\u00fcr das EU-Emissionshandelssystem<\/td><td class=\"column-4\"><\/td>\n<\/tr>\n<tr class=\"row-818\">\n\t<td class=\"column-1\">Bunge Europe<\/td><td class=\"column-2\">18.01.13<\/td><td class=\"column-3\">Meeting on VAT situation in Hungary<\/td><td class=\"column-4\">abgesagt<\/td>\n<\/tr>\n<tr class=\"row-819\">\n\t<td class=\"column-1\">Association Internationale De La Mutualit\u00e9<\/td><td class=\"column-2\">18.01.13<\/td><td class=\"column-3\">Einladung zum AIM Cocktail<\/td><td class=\"column-4\">abgesagt<\/td>\n<\/tr>\n<tr class=\"row-820\">\n\t<td class=\"column-1\">Leaseurope<\/td><td class=\"column-2\">17.01.13<\/td><td class=\"column-3\">Comments on ECON Draft Report on IMD<\/td><td class=\"column-4\"><\/td>\n<\/tr>\n<tr class=\"row-821\">\n\t<td class=\"column-1\">Hill+Knowlton Strategies<\/td><td class=\"column-2\">16.01.13<\/td><td class=\"column-3\">Meeting request on behalf of the Managed Funds Association<\/td><td class=\"column-4\">abgesagt<\/td>\n<\/tr>\n<tr class=\"row-822\">\n\t<td class=\"column-1\">European Parliamentary Financial Services Forum (EPFSF)<\/td><td class=\"column-2\">16.01.13<\/td><td class=\"column-3\">EPFSF programme for 2013<\/td><td class=\"column-4\"><\/td>\n<\/tr>\n<tr class=\"row-823\">\n\t<td class=\"column-1\">European Parliamentary Financial Services Forum (EPFSF)<\/td><td class=\"column-2\">15.01.13<\/td><td class=\"column-3\">Invitation for lunch on \"The Framework for the Recovery and Resolution of Financial Institutions: an effective means for insuring financial markets stability?\"<\/td><td class=\"column-4\">abgesagt<\/td>\n<\/tr>\n<tr class=\"row-824\">\n\t<td class=\"column-1\">European Federation of Financial Advisers and Financial Intermediaries (FECIF)<\/td><td class=\"column-2\">15.01.13<\/td><td class=\"column-3\">Meeting request - IMD II<\/td><td class=\"column-4\">zugesagt<\/td>\n<\/tr>\n<tr class=\"row-825\">\n\t<td class=\"column-1\">Bundes\u00e4rztekammer<\/td><td class=\"column-2\">14.01.13<\/td><td class=\"column-3\">Einladung zum parlamentarischen Abend der Bundes\u00e4rztekammer zu dem Verordnungsvorschlag \u00fcber klinische Pr\u00fcfungen<\/td><td class=\"column-4\">abgesagt<\/td>\n<\/tr>\n<tr class=\"row-826\">\n\t<td class=\"column-1\">Centrum f\u00fcr Europ\u00e4ische Politik<\/td><td class=\"column-2\">14.01.13<\/td><td class=\"column-3\">CEP-Analyse: Anlageprodukte f\u00fcr Kleinanleger - PRIPs<\/td><td class=\"column-4\"><\/td>\n<\/tr>\n<tr class=\"row-827\">\n\t<td class=\"column-1\">Bausparkasse Schw\u00e4bisch Hall AG<\/td><td class=\"column-2\">11.01.13<\/td><td class=\"column-3\">Gespr\u00e4chstermin Stra\u00dfburg<\/td><td class=\"column-4\">zugesagt<\/td>\n<\/tr>\n<tr class=\"row-828\">\n\t<td class=\"column-1\">AK EUROPA<\/td><td class=\"column-2\">11.01.13<\/td><td class=\"column-3\">Position Paper: Improving the gender balance among non-executive directors of companies listed on stock exchanges<\/td><td class=\"column-4\"><\/td>\n<\/tr>\n<tr class=\"row-829\">\n\t<td class=\"column-1\">The Alternative Investment Management Association Limited (AIMA)<\/td><td class=\"column-2\">10.01.13<\/td><td class=\"column-3\">Global Policy and Regulatory Forum<\/td><td class=\"column-4\">abgesagt<\/td>\n<\/tr>\n<tr class=\"row-830\">\n\t<td class=\"column-1\">Goldman Sachs<\/td><td class=\"column-2\">10.01.13<\/td><td class=\"column-3\">Request for a Meeting with European Investors on Banking Union<\/td><td class=\"column-4\">abgesagt<\/td>\n<\/tr>\n<tr class=\"row-831\">\n\t<td class=\"column-1\">Standard Life<\/td><td class=\"column-2\">10.01.13<\/td><td class=\"column-3\">Standard Life Meeting Request<\/td><td class=\"column-4\">abgesagt<\/td>\n<\/tr>\n<tr class=\"row-832\">\n\t<td class=\"column-1\">Initiative for a Competitive Online Marketplace<\/td><td class=\"column-2\">10.01.13<\/td><td class=\"column-3\">Meeting request on behalf of Hot Maps<\/td><td class=\"column-4\">abgesagt<\/td>\n<\/tr>\n<tr class=\"row-833\">\n\t<td class=\"column-1\">coolGiants AG<\/td><td class=\"column-2\">10.01.13<\/td><td class=\"column-3\">Position: EU-Regelungen zu Flourkohlenwasserstoffen<\/td><td class=\"column-4\"><\/td>\n<\/tr>\n<tr class=\"row-834\">\n\t<td class=\"column-1\">Bundesverband deutscher Banken<\/td><td class=\"column-2\">09.01.13<\/td><td class=\"column-3\">Einladung zum Arbeitsfr\u00fchst\u00fcck zur Bankenstrukturreform in der EU<\/td><td class=\"column-4\">abgesagt<\/td>\n<\/tr>\n<tr class=\"row-835\">\n\t<td class=\"column-1\">French Association of Specialized Finance Companies<\/td><td class=\"column-2\">09.01.13<\/td><td class=\"column-3\">ASF's positions and request for a meeting<\/td><td class=\"column-4\">abgesagt<\/td>\n<\/tr>\n<tr class=\"row-836\">\n\t<td class=\"column-1\">FIA EPTA<\/td><td class=\"column-2\">09.01.13<\/td><td class=\"column-3\">HFT Demo Invitation<\/td><td class=\"column-4\">abgesagt<\/td>\n<\/tr>\n<tr class=\"row-837\">\n\t<td class=\"column-1\">Deutsche B\u00f6rse AG<\/td><td class=\"column-2\">09.01.13<\/td><td class=\"column-3\">Treffen zu CSD-R<\/td><td class=\"column-4\">abgesagt<\/td>\n<\/tr>\n<tr class=\"row-838\">\n\t<td class=\"column-1\">QED Communications<\/td><td class=\"column-2\">08.01.13<\/td><td class=\"column-3\">Invitation - Roundtable discussion<\/td><td class=\"column-4\">abgesagt<\/td>\n<\/tr>\n<tr class=\"row-839\">\n\t<td class=\"column-1\">Deutscher Anwaltverein<\/td><td class=\"column-2\">07.01.13<\/td><td class=\"column-3\">Stellungnahme zum Vorschlag f\u00fcr eine Verordnung \u00fcber Basisinformationsbl\u00e4tter f\u00fcr Anlageprodukte KOM(2012) 352 endg.<\/td><td class=\"column-4\"><\/td>\n<\/tr>\n<tr class=\"row-840\">\n\t<td class=\"column-1\">Chemieverb\u00e4nde in Norddeutschland<\/td><td class=\"column-2\">02.01.13<\/td><td class=\"column-3\">Einladung zum Gespr\u00e4ch mit der Chemie<\/td><td class=\"column-4\">abgesagt<\/td>\n<\/tr>\n<tr class=\"row-841\">\n\t<td class=\"column-1\">Verband der Automobilindustrie<\/td><td class=\"column-2\">Januar 2013<\/td><td class=\"column-3\">Neujahrsempfang<\/td><td class=\"column-4\">abgesagt<\/td>\n<\/tr>\n<tr class=\"row-842\">\n\t<td class=\"column-1\">Bundesverband \u00d6ffentlicher Banken Deutschlands<\/td><td class=\"column-2\">Januar 2013<\/td><td class=\"column-3\">Jahresempfang<\/td><td class=\"column-4\">abgesagt<\/td>\n<\/tr>\n<tr class=\"row-843\">\n\t<td class=\"column-1\">Alfred Herrhausen Gesellschaft<\/td><td class=\"column-2\">Januar 2013<\/td><td class=\"column-3\">Kaminabend<\/td><td class=\"column-4\">abgesagt<\/td>\n<\/tr>\n<tr class=\"row-844\">\n\t<td class=\"column-1\"><\/td><td class=\"column-2\"><\/td><td class=\"column-3\"><\/td><td class=\"column-4\"><\/td>\n<\/tr>\n<tr class=\"row-845\">\n\t<td class=\"column-1\">Dezember 2012<\/td><td class=\"column-2\"><\/td><td class=\"column-3\"><\/td><td class=\"column-4\"><\/td>\n<\/tr>\n<tr class=\"row-846\">\n\t<td class=\"column-1\"><\/td><td class=\"column-2\"><\/td><td class=\"column-3\"><\/td><td class=\"column-4\"><\/td>\n<\/tr>\n<tr class=\"row-847\">\n\t<td class=\"column-1\">Bundesverband der Deutschen Volksbanken und Raiffeisenbanken<\/td><td class=\"column-2\">21.12.12<\/td><td class=\"column-3\">Gespr\u00e4ch zu Bankenunion, Krisenmanagement und CRD\/CRR<\/td><td class=\"column-4\">zugesagt<\/td>\n<\/tr>\n<tr class=\"row-848\">\n\t<td class=\"column-1\">French Banking Federation<\/td><td class=\"column-2\">18.12.12<\/td><td class=\"column-3\">Dinner in Strasbourg<\/td><td class=\"column-4\">abgesagt<\/td>\n<\/tr>\n<tr class=\"row-849\">\n\t<td class=\"column-1\">Bundesverband deutscher Banken e.V.<\/td><td class=\"column-2\">18.12.12<\/td><td class=\"column-3\">Kennenlernen neuer B\u00fcroleiter<\/td><td class=\"column-4\">zugesagt<\/td>\n<\/tr>\n<tr class=\"row-850\">\n\t<td class=\"column-1\">QED Communication<\/td><td class=\"column-2\">17.12.12<\/td><td class=\"column-3\">Invitation to speak - Lunch debate on IMD2<\/td><td class=\"column-4\">abgesagt<\/td>\n<\/tr>\n<tr class=\"row-851\">\n\t<td class=\"column-1\">Deutscher Sparkassen- und Giroverband<\/td><td class=\"column-2\">13.12.12<\/td><td class=\"column-3\">Position: ECON-Beschlussfassung zur Abschlusspr\u00fcfung<\/td><td class=\"column-4\"><\/td>\n<\/tr>\n<tr class=\"row-852\">\n\t<td class=\"column-1\">Association for Financial Markets in Europe (afme)<\/td><td class=\"column-2\">12.12.12<\/td><td class=\"column-3\">AFME letter on Single Supervisory Mechanism<\/td><td class=\"column-4\"><\/td>\n<\/tr>\n<tr class=\"row-853\">\n\t<td class=\"column-1\">British Bankers' Association<\/td><td class=\"column-2\">10.12.12<\/td><td class=\"column-3\">Recovery &amp; Resolution: BBA Briefing Note<\/td><td class=\"column-4\"><\/td>\n<\/tr>\n<tr class=\"row-854\">\n\t<td class=\"column-1\">Gesamtverband der Deutschen Versicherungswirtschaft e. V.<\/td><td class=\"column-2\">07.12.12<\/td><td class=\"column-3\">Gespr\u00e4chsanfrage zu PRIPs<\/td><td class=\"column-4\">zugesagt<\/td>\n<\/tr>\n<tr class=\"row-855\">\n\t<td class=\"column-1\">Centrum f\u00fcr Europ\u00e4ische Politik (CEP)<\/td><td class=\"column-2\">03.12.12<\/td><td class=\"column-3\">CEP Policy Briefs: ECB Banking Supervision<\/td><td class=\"column-4\"><\/td>\n<\/tr>\n<tr class=\"row-856\">\n\t<td class=\"column-1\"><\/td><td class=\"column-2\"><\/td><td class=\"column-3\"><\/td><td class=\"column-4\"><\/td>\n<\/tr>\n<tr class=\"row-857\">\n\t<td class=\"column-1\">November 2012<\/td><td class=\"column-2\"><\/td><td class=\"column-3\"><\/td><td class=\"column-4\"><\/td>\n<\/tr>\n<tr class=\"row-858\">\n\t<td class=\"column-1\"><\/td><td class=\"column-2\"><\/td><td class=\"column-3\"><\/td><td class=\"column-4\"><\/td>\n<\/tr>\n<tr class=\"row-859\">\n\t<td class=\"column-1\">www.edelman.com <br \/>\n(behalf of Corporate Affairs of Bunge Europe)<\/td><td class=\"column-2\">28.11.12<\/td><td class=\"column-3\">current VAT fraud situation in Hungary<\/td><td class=\"column-4\">abgesagt<\/td>\n<\/tr>\n<tr class=\"row-860\">\n\t<td class=\"column-1\">www.esba-europe.org<br \/>\nEUROPEAN SMALL BUSINESS ALLIANCE<br \/>\n<\/td><td class=\"column-2\">27.11.12<\/td><td class=\"column-3\">ESBA Position on Improving access to finance for SMEs (2012\/2134(INI))<\/td><td class=\"column-4\"><\/td>\n<\/tr>\n<tr class=\"row-861\">\n\t<td class=\"column-1\">oxfaminternational<\/td><td class=\"column-2\">27.11.12<\/td><td class=\"column-3\">Position: Anni Podimata's recommendation on the Financial Transactions Tax on Thursday<\/td><td class=\"column-4\"><\/td>\n<\/tr>\n<tr class=\"row-862\">\n\t<td class=\"column-1\">European Association of Public Banks<\/td><td class=\"column-2\">27.11.12<\/td><td class=\"column-3\">Einladung zum Abendessen<\/td><td class=\"column-4\">abgesagt<\/td>\n<\/tr>\n<tr class=\"row-863\">\n\t<td class=\"column-1\">Edeka Zentrale AG &amp; Co. KG<\/td><td class=\"column-2\">27.11.12<\/td><td class=\"column-3\">Position: Reform der gemeinsamen Fischereipolitik<\/td><td class=\"column-4\"><\/td>\n<\/tr>\n<tr class=\"row-864\">\n\t<td class=\"column-1\">THE FEDERATION OF EUROPEAN ACCOUNTANTS (www.fee.be)<\/td><td class=\"column-2\">27.11.12<\/td><td class=\"column-3\">Einladung zum 25 J\u00e4hrigen Jubil\u00e4um<\/td><td class=\"column-4\">abgesagt<\/td>\n<\/tr>\n<tr class=\"row-865\">\n\t<td class=\"column-1\">Afore Consulting<\/td><td class=\"column-2\">27.11.12<\/td><td class=\"column-3\">Einladung: Roundtable Lunch - Update on EU Securities issues<\/td><td class=\"column-4\">abgesagt<\/td>\n<\/tr>\n<tr class=\"row-866\">\n\t<td class=\"column-1\">Afore Consulting<\/td><td class=\"column-2\">27.11.12<\/td><td class=\"column-3\">Einladung: Discussing MiFIR and MAR<\/td><td class=\"column-4\">abgesagt<\/td>\n<\/tr>\n<tr class=\"row-867\">\n\t<td class=\"column-1\">Deutscher Verein f\u00fcr \u00f6ffentliche und private F\u00fcrsorge e.V.<\/td><td class=\"column-2\">27.11.12<\/td><td class=\"column-3\">Schriftliche Erkl\u00e4rung zum Europ\u00e4ischen Jahr f\u00fcr die Vereinbarkeit von Beruf und Familie<\/td><td class=\"column-4\"><\/td>\n<\/tr>\n<tr class=\"row-868\">\n\t<td class=\"column-1\">Mettale Pro Klima (Wirtschaftsvereinigung Metalle)<\/td><td class=\"column-2\">27.11.12<\/td><td class=\"column-3\">Einladung: Industrieller Klimaschutz in NRW - Ressourcen- und Energieeffizienz konkret<\/td><td class=\"column-4\">abgesagt<\/td>\n<\/tr>\n<tr class=\"row-869\">\n\t<td class=\"column-1\">Confederation Fiscale Europeenne<\/td><td class=\"column-2\">27.11.12<\/td><td class=\"column-3\">Dinner Invitation<\/td><td class=\"column-4\">abgesagt<\/td>\n<\/tr>\n<tr class=\"row-870\">\n\t<td class=\"column-1\">SOMO Stiching Onderzoek Multinationale Ondernemingen<\/td><td class=\"column-2\">27.11.12<\/td><td class=\"column-3\">Position: MiFiD II<\/td><td class=\"column-4\"><\/td>\n<\/tr>\n<tr class=\"row-871\">\n\t<td class=\"column-1\">La Quadrature du net<\/td><td class=\"column-2\">27.11.12<\/td><td class=\"column-3\">Position: Elements for the reform of copyright<br \/>\nand related cultural policies<\/td><td class=\"column-4\"><\/td>\n<\/tr>\n<tr class=\"row-872\">\n\t<td class=\"column-1\">Italian Banking Insurance and Finance Federation<br \/>\n<br \/>\n<\/td><td class=\"column-2\">22.11.12<\/td><td class=\"column-3\">UCITS V and the  Regulation on the Key Information Documents for investment products<\/td><td class=\"column-4\">abgesagt<\/td>\n<\/tr>\n<tr class=\"row-873\">\n\t<td class=\"column-1\">NABU-Agrarkampagne<\/td><td class=\"column-2\">22.11.12<\/td><td class=\"column-3\">Position zur Ausrichtung der Gemeinsamen Agrarpolitik der EU (GAP)<\/td><td class=\"column-4\"><\/td>\n<\/tr>\n<tr class=\"row-874\">\n\t<td class=\"column-1\">European Association of Public Banks (EAPB)<\/td><td class=\"column-2\">22.11.2012<\/td><td class=\"column-3\">Einladung zum Abendessen<\/td><td class=\"column-4\">abgesagt<\/td>\n<\/tr>\n<tr class=\"row-875\">\n\t<td class=\"column-1\">Handwerkskammer Braunschweig-L\u00fcneburg-Stade<\/td><td class=\"column-2\">22.11.12<\/td><td class=\"column-3\">Position: Anpassung desErneuerbare Energien Gesetz (EEG) f\u00fcr kleine und mittlere Handwerksbetriebe<\/td><td class=\"column-4\"><\/td>\n<\/tr>\n<tr class=\"row-876\">\n\t<td class=\"column-1\">Federation of European Securities Exchanges (FESE)<\/td><td class=\"column-2\">20.11.12<\/td><td class=\"column-3\">Treffen: DG Internal Market on MiFID<\/td><td class=\"column-4\">abgesagt<\/td>\n<\/tr>\n<tr class=\"row-877\">\n\t<td class=\"column-1\">CBI Brussels<br \/>\n<\/td><td class=\"column-2\">20.11.12<\/td><td class=\"column-3\">high-level roundtable event<\/td><td class=\"column-4\">abgesagt<\/td>\n<\/tr>\n<tr class=\"row-878\">\n\t<td class=\"column-1\">Open Grid Europe GmbH - The Gas Wheel<\/td><td class=\"column-2\">19.11.12<\/td><td class=\"column-3\">Position: Energiewende (Erdgas als ideale Br\u00fcckentechnologie)<\/td><td class=\"column-4\"><\/td>\n<\/tr>\n<tr class=\"row-879\">\n\t<td class=\"column-1\">DGB &amp; Verdi<\/td><td class=\"column-2\">19.11.12<\/td><td class=\"column-3\">Treffen: Position zum Wei\u00dfbuch Rente und insbesondere zur angek\u00fcndigten Reform der betrieblichen Alterssicherung<\/td><td class=\"column-4\">abgesagt<\/td>\n<\/tr>\n<tr class=\"row-880\">\n\t<td class=\"column-1\">Dutch Association of Insurers<br \/>\n<\/td><td class=\"column-2\">19.11.12<\/td><td class=\"column-3\">Meeting about IMD2<\/td><td class=\"column-4\"><\/td>\n<\/tr>\n<tr class=\"row-881\">\n\t<td class=\"column-1\">Commerzbank AG<\/td><td class=\"column-2\">19.11.12<\/td><td class=\"column-3\">Einladung: Dialog und Jubil\u00e4umsempfang 35 Jahre Niederlassung und 20 Jahre EU-Verbindungsb\u00fcro Br\u00fcssel<\/td><td class=\"column-4\">abgesagt<\/td>\n<\/tr>\n<tr class=\"row-882\">\n\t<td class=\"column-1\">www.burson-marsteller.be<br \/>\n<br \/>\nICOMP<\/td><td class=\"column-2\">16.11.12<\/td><td class=\"column-3\">brief meeting to DG COMP<\/td><td class=\"column-4\">abgesagt<\/td>\n<\/tr>\n<tr class=\"row-883\">\n\t<td class=\"column-1\">Deutscher Weinbauerverband e.V.<\/td><td class=\"column-2\">16.11.12<\/td><td class=\"column-3\">Position: EU-Kommission \"Verl\u00e4ngerung der Pflanzrechte\"<\/td><td class=\"column-4\"><\/td>\n<\/tr>\n<tr class=\"row-884\">\n\t<td class=\"column-1\">AmCham EU<\/td><td class=\"column-2\">16.11.12<\/td><td class=\"column-3\">position on LIBOR and other<br \/>\nfinancial benchmarks<\/td><td class=\"column-4\"><\/td>\n<\/tr>\n<tr class=\"row-885\">\n\t<td class=\"column-1\">Bundesrechtsanwaltskammer (BRAK) und des Deutschen Anwaltvereins (DAV)<\/td><td class=\"column-2\">16.11.12<\/td><td class=\"column-3\">Position: Errichtung einer Europ\u00e4ischen Staatsanwaltschaft<\/td><td class=\"column-4\"><\/td>\n<\/tr>\n<tr class=\"row-886\">\n\t<td class=\"column-1\">Vertretung des Freistaates Bayern<\/td><td class=\"column-2\">16.11.12<\/td><td class=\"column-3\">Einladung: Abend im Advent<\/td><td class=\"column-4\">abgesagt<\/td>\n<\/tr>\n<tr class=\"row-887\">\n\t<td class=\"column-1\">Deutsches Aktieninstitut e.V.<br \/>\n<\/td><td class=\"column-2\">16.11.12<\/td><td class=\"column-3\">Treffen<\/td><td class=\"column-4\">zugesagt<\/td>\n<\/tr>\n<tr class=\"row-888\">\n\t<td class=\"column-1\">Bundesverband deutscher Banken<\/td><td class=\"column-2\">16.11.12<\/td><td class=\"column-3\">Einladung zum Abschiedstrunk (Nina Friederike Schindler)<\/td><td class=\"column-4\">abgesagt<\/td>\n<\/tr>\n<tr class=\"row-889\">\n\t<td class=\"column-1\">Afore Consulting<\/td><td class=\"column-2\">15.11.12<\/td><td class=\"column-3\">Meeting Request with Peter Randall<\/td><td class=\"column-4\">CEO of Equiduct<\/td>\n<\/tr>\n<tr class=\"row-890\">\n\t<td class=\"column-1\">Unrepresented Nations and Peoples Organization<\/td><td class=\"column-2\">15.11.12<\/td><td class=\"column-3\">Konferenzeinladung: EU Strategies<\/td><td class=\"column-4\">Interventions and Future Prospects for Support to Indeigenous Peoples in Taiwann<\/td>\n<\/tr>\n<tr class=\"row-891\">\n\t<td class=\"column-1\">Gesamtverband der Deutschen Versicherungswirtschaft e.V.<br \/>\n<br \/>\n<\/td><td class=\"column-2\">14.11.12<\/td><td class=\"column-3\">Einladung zum zehnten Assekuranz-Fr\u00fchst\u00fcck<\/td><td class=\"column-4\">abgesagt<\/td>\n<\/tr>\n<tr class=\"row-892\">\n\t<td class=\"column-1\">Deutscher Gewerkschaftsbund (DGB)<\/td><td class=\"column-2\">14.11.12<\/td><td class=\"column-3\">Position: Cercas-Bericht zu Unterrichtung und Anh\u00f6rung von Arbeitnehmern<\/td><td class=\"column-4\">Antizipation und Management von Umstrukturierungen<\/td>\n<\/tr>\n<tr class=\"row-893\">\n\t<td class=\"column-1\">UNICREDIT S.p.A<br \/>\n<br \/>\n<\/td><td class=\"column-2\">14.11.12<\/td><td class=\"column-3\">European Commission\u2019s proposal for a Regulation on Key Information Documents for Investment Products<\/td><td class=\"column-4\">abgesagt<\/td>\n<\/tr>\n<tr class=\"row-894\">\n\t<td class=\"column-1\">European Parliamentary Financial Services Forum<\/td><td class=\"column-2\">13.11.12<\/td><td class=\"column-3\">EPFSF lunch discussion on \u201cRetail Investment Protection Package<\/td><td class=\"column-4\">abgesagt<\/td>\n<\/tr>\n<tr class=\"row-895\">\n\t<td class=\"column-1\">DGB - Deutscher Gewerkschaftsbund<\/td><td class=\"column-2\">13.11.12<\/td><td class=\"column-3\">Parlamentarischer Abend<\/td><td class=\"column-4\">abgesagt<\/td>\n<\/tr>\n<tr class=\"row-896\">\n\t<td class=\"column-1\">Handwerkskammer D\u00fcsseldorf \/ Ordo Socialis \/ ASG Bildungsforum<\/td><td class=\"column-2\">13.11.12<\/td><td class=\"column-3\">Einladung zur Veranstaltung: Werte schaffen Werte<\/td><td class=\"column-4\">abgesagt<\/td>\n<\/tr>\n<tr class=\"row-897\">\n\t<td class=\"column-1\">GdW Bundesverband deutscher Wohnungs-<br \/>\nund Immobilienunternehmen e.V.<br \/>\n<\/td><td class=\"column-2\">13.11.12<\/td><td class=\"column-3\">Parlamentarischer Abend<\/td><td class=\"column-4\">abgesagt<\/td>\n<\/tr>\n<tr class=\"row-898\">\n\t<td class=\"column-1\">Citizens Coaltion (www.cc-re.eu)<\/td><td class=\"column-2\">13.11.12<\/td><td class=\"column-3\">Positionspapier: Hydraulic Fracturing<\/td><td class=\"column-4\"><\/td>\n<\/tr>\n<tr class=\"row-899\">\n\t<td class=\"column-1\">Kangaroo Group<\/td><td class=\"column-2\">13.11.12<\/td><td class=\"column-3\">Lunch-Debate of the Working Group Financial Services<\/td><td class=\"column-4\">abgesagt<\/td>\n<\/tr>\n<tr class=\"row-900\">\n\t<td class=\"column-1\">Handwerskammer D\u00fcsseldorf<\/td><td class=\"column-2\">13.11.12<\/td><td class=\"column-3\">Einladung zum 5. R\u00f6pke Symposium<\/td><td class=\"column-4\">abgesagt<\/td>\n<\/tr>\n<tr class=\"row-901\">\n\t<td class=\"column-1\">AMCHAM EU<\/td><td class=\"column-2\">12.11.12<\/td><td class=\"column-3\">Positionspapier: AmCham EU position on LIBOR and other financial benchmarks<\/td><td class=\"column-4\"><\/td>\n<\/tr>\n<tr class=\"row-902\">\n\t<td class=\"column-1\">Frosta AG<\/td><td class=\"column-2\">12.11.12<\/td><td class=\"column-3\">Positionspapier: Reform der europ\u00e4ischen Firschereipolitik<\/td><td class=\"column-4\"><\/td>\n<\/tr>\n<tr class=\"row-903\">\n\t<td class=\"column-1\">Finanzplatz M\u00fcnchen Initiative (FPMI)<\/td><td class=\"column-2\">12.11.12<\/td><td class=\"column-3\">Einladung Austausch im Rahmen eines Abendessens<\/td><td class=\"column-4\">abgesagt<\/td>\n<\/tr>\n<tr class=\"row-904\">\n\t<td class=\"column-1\">APCO Worldwide<\/td><td class=\"column-2\">08.11.12<\/td><td class=\"column-3\">Einladung: brief discussion<\/td><td class=\"column-4\">abgesagt<\/td>\n<\/tr>\n<tr class=\"row-905\">\n\t<td class=\"column-1\">Vertretung des Freistaates Bayer und die GEMA<\/td><td class=\"column-2\">06.11.12<\/td><td class=\"column-3\">Einladung: Podiumsdiskussion \"Collective goes digital - Die Zukunft der kollektiven Rechtewahrnehmung\"<\/td><td class=\"column-4\">abgesagt<\/td>\n<\/tr>\n<tr class=\"row-906\">\n\t<td class=\"column-1\">Bundesverband deutscher Banken e.V.<\/td><td class=\"column-2\">06.11.12<\/td><td class=\"column-3\">Einladung: Festakt 20 Jahre Ombudsmann der privaten Banken<\/td><td class=\"column-4\">abgesagt<\/td>\n<\/tr>\n<tr class=\"row-907\">\n\t<td class=\"column-1\">DGB<\/td><td class=\"column-2\">06.11.12<\/td><td class=\"column-3\">Position: Richtlinienpaket zur \u00f6ffentlichen Auftragsvergabe (KOM (2011) 896 zur allgemeinen und KOM (2011) 895 zur Sektorrichtlinie) und zur Konzessionsvergabe (KOM (2011) 897)<\/td><td class=\"column-4\"><\/td>\n<\/tr>\n<tr class=\"row-908\">\n\t<td class=\"column-1\">DEKRA e.V.<\/td><td class=\"column-2\">06.11.12<\/td><td class=\"column-3\">Einladung: Lunch-Seminar anl\u00e4sslich der Ver\u00f6ffentlichung des EDKRA Arbeitsmarkt-Reports 2012<\/td><td class=\"column-4\">abgesagt<\/td>\n<\/tr>\n<tr class=\"row-909\">\n\t<td class=\"column-1\">DGB<\/td><td class=\"column-2\">06.11.12<\/td><td class=\"column-3\">Einladung: Parlamentarischer Abend des Deutschen und des \u00d6sterreichischen Gewerkschaftsbundes<\/td><td class=\"column-4\">abgesagt<\/td>\n<\/tr>\n<tr class=\"row-910\">\n\t<td class=\"column-1\">Der Bevollm\u00e4chtigte des Rates der EKD<\/td><td class=\"column-2\">06.11.12<\/td><td class=\"column-3\">Evangelisches Fr\u00fchst\u00fcck \"Der Faktor Religion in der europ\u00e4ischen Au\u00dfenpolitik\"<\/td><td class=\"column-4\">abgesagt<\/td>\n<\/tr>\n<tr class=\"row-911\">\n\t<td class=\"column-1\">Landesvertretung Baden-W\u00fcrttemberg<\/td><td class=\"column-2\">06.11.12<\/td><td class=\"column-3\">Einladung: Phosphor aus sekund\u00e4ren Rohstoffquellen<\/td><td class=\"column-4\">abgesagt<\/td>\n<\/tr>\n<tr class=\"row-912\">\n\t<td class=\"column-1\">Linder Hotel &amp; Resorts<\/td><td class=\"column-2\">06.11.12<\/td><td class=\"column-3\">Position: EASA-Regulierung<\/td><td class=\"column-4\"><\/td>\n<\/tr>\n<tr class=\"row-913\">\n\t<td class=\"column-1\">The Association of Investment Companies<\/td><td class=\"column-2\">05.11.12<\/td><td class=\"column-3\">Position: For a regulation on improving securities settlement in the European Union and on central security depositories and amending Directive 98\/26\/EC<\/td><td class=\"column-4\"><\/td>\n<\/tr>\n<tr class=\"row-914\">\n\t<td class=\"column-1\">Aurubis AG und \"Metalle pro Klima\"<\/td><td class=\"column-2\">05.11.12<\/td><td class=\"column-3\">Einladung zum Unternehmergespr\u00e4ch und Pressegespr\u00e4ch<\/td><td class=\"column-4\">abgesagt<\/td>\n<\/tr>\n<tr class=\"row-915\">\n\t<td class=\"column-1\">Afore Consulting<\/td><td class=\"column-2\">07.11.12<\/td><td class=\"column-3\">Meeting Request with Argus Media 12th-14th November<\/td><td class=\"column-4\">abgesagt<\/td>\n<\/tr>\n<tr class=\"row-916\">\n\t<td class=\"column-1\">SMA AG und Stiebel Eltron<\/td><td class=\"column-2\">05.11.12<\/td><td class=\"column-3\">Einladung: Stand des ZVEI - Zentralverband Elektrotechnik- und Elektronikindustrie e.V. in Hannover<\/td><td class=\"column-4\">abgesagt<\/td>\n<\/tr>\n<tr class=\"row-917\">\n\t<td class=\"column-1\">Crans Montana Forum<\/td><td class=\"column-2\">05.11.12<\/td><td class=\"column-3\">Einladung: Crans Montana Forum on Africa (7th Annual Session)<\/td><td class=\"column-4\">abgesagt<\/td>\n<\/tr>\n<tr class=\"row-918\">\n\t<td class=\"column-1\">DBRS.com<\/td><td class=\"column-2\">02.11.12<\/td><td class=\"column-3\">Positionspapier: The principle of market share should be enshrined in the EU CRA III legislation to protect investors<\/td><td class=\"column-4\"><\/td>\n<\/tr>\n<tr class=\"row-919\">\n\t<td class=\"column-1\"><\/td><td class=\"column-2\"><\/td><td class=\"column-3\"><\/td><td class=\"column-4\"><\/td>\n<\/tr>\n<tr class=\"row-920\">\n\t<td class=\"column-1\">Oktober 2012<\/td><td class=\"column-2\"><\/td><td class=\"column-3\"><\/td><td class=\"column-4\"><\/td>\n<\/tr>\n<tr class=\"row-921\">\n\t<td class=\"column-1\"><\/td><td class=\"column-2\"><\/td><td class=\"column-3\"><\/td><td class=\"column-4\"><\/td>\n<\/tr>\n<tr class=\"row-922\">\n\t<td class=\"column-1\">AVIS &amp; HERTZ<\/td><td class=\"column-2\">30.10.12<\/td><td class=\"column-3\">Treffen: Insurance Mediation Directive<\/td><td class=\"column-4\"><\/td>\n<\/tr>\n<tr class=\"row-923\">\n\t<td class=\"column-1\">Alternative Investment Management Association (AIMA)<\/td><td class=\"column-2\">30.10.12<\/td><td class=\"column-3\">POSITION PAPER<br \/>\nUCITS V<\/td><td class=\"column-4\"><\/td>\n<\/tr>\n<tr class=\"row-924\">\n\t<td class=\"column-1\">Bundesverband deutscher Banken e. V.<\/td><td class=\"column-2\">30.10.12<\/td><td class=\"column-3\">Position: zu den Vorschl\u00e4gen der Europ\u00e4ischen<br \/>\nKommission zur Errichtung einer Europ\u00e4ischen Bankenaufsicht<\/td><td class=\"column-4\"><\/td>\n<\/tr>\n<tr class=\"row-925\">\n\t<td class=\"column-1\">BUSINESSEUROPE.eu<\/td><td class=\"column-2\">30.10.12<\/td><td class=\"column-3\">Position: COMMISSION PROPOSAL ON A GENERAL DATA PROTECTION REGULATION<\/td><td class=\"column-4\"><\/td>\n<\/tr>\n<tr class=\"row-926\">\n\t<td class=\"column-1\">Association for Financial Markets in Europe (AFME)<\/td><td class=\"column-2\">30.10.12<\/td><td class=\"column-3\">Initial Position Paper on Banking Union Issues<\/td><td class=\"column-4\"><\/td>\n<\/tr>\n<tr class=\"row-927\">\n\t<td class=\"column-1\">European Banking Federation<\/td><td class=\"column-2\">30.10.12<\/td><td class=\"column-3\">Position of the European Banking Federation on the proposals for a Single Supervisory Mechanism (SSM)<\/td><td class=\"column-4\"><\/td>\n<\/tr>\n<tr class=\"row-928\">\n\t<td class=\"column-1\">Transparency International<br \/>\n<\/td><td class=\"column-2\">30.10.12<\/td><td class=\"column-3\">Position: Improving the accountability and transparency<br \/>\nof the European Central Bank<\/td><td class=\"column-4\"><\/td>\n<\/tr>\n<tr class=\"row-929\">\n\t<td class=\"column-1\">Bundesverband der Deutschen Volksbanken und Raiffeisenbanken - BVR<\/td><td class=\"column-2\">30.10.12<\/td><td class=\"column-3\">Position: UCITS V-Richtlinie<\/td><td class=\"column-4\"><\/td>\n<\/tr>\n<tr class=\"row-930\">\n\t<td class=\"column-1\">Wirtschaftskammer \u00d6sterreich <br \/>\nBundessparte Bank und Versicherung <br \/>\n<\/td><td class=\"column-2\">30.10.12<\/td><td class=\"column-3\">Position: Richtlinienentwurf, mit dem die RL 1093\/2010 ge\u00e4ndert werden soll<\/td><td class=\"column-4\"><\/td>\n<\/tr>\n<tr class=\"row-931\">\n\t<td class=\"column-1\">European Association of Co-operative Banks<\/td><td class=\"column-2\">30.10.12<\/td><td class=\"column-3\">Position Paper on the UCITS V<\/td><td class=\"column-4\"><\/td>\n<\/tr>\n<tr class=\"row-932\">\n\t<td class=\"column-1\">DBRS (Dominion Bond Rating Service)<\/td><td class=\"column-2\">30.10.12<\/td><td class=\"column-3\">Position: the principle of market share should be enshrined in the EU CRA III legislation to protect investors<\/td><td class=\"column-4\"><\/td>\n<\/tr>\n<tr class=\"row-933\">\n\t<td class=\"column-1\">European Trustee und Depositary Forum<\/td><td class=\"column-2\">30.10.12<\/td><td class=\"column-3\">Meinungsaustausch UCITS V<\/td><td class=\"column-4\">zugesagt<\/td>\n<\/tr>\n<tr class=\"row-934\">\n\t<td class=\"column-1\">Bundesverband der Deutschen Volksbanken und Raiffeisenbanken - BVR<\/td><td class=\"column-2\">30.10.12<\/td><td class=\"column-3\">Abgeordnetenfr\u00fchst\u00fcck zum Thema PRIPs<\/td><td class=\"column-4\">zugesagt<\/td>\n<\/tr>\n<tr class=\"row-935\">\n\t<td class=\"column-1\">Federation of Finnish Financial Services<\/td><td class=\"column-2\">30.10.12<\/td><td class=\"column-3\">Discussion over current issues on investor protection (MiFID<\/td><td class=\"column-4\">IMD<\/td>\n<\/tr>\n<tr class=\"row-936\">\n\t<td class=\"column-1\">kangaroogroup group<\/td><td class=\"column-2\">30.10.12<\/td><td class=\"column-3\">Einladung als Gastredner zum Thema \"Progress towards stabilising the EU financial sector\"<\/td><td class=\"column-4\">abgesagt<\/td>\n<\/tr>\n<tr class=\"row-937\">\n\t<td class=\"column-1\">Currenta GmbH<\/td><td class=\"column-2\">30.10.12<\/td><td class=\"column-3\">Einladung: Parlamentarischer Abend \"5 Jahre Currenta\"<\/td><td class=\"column-4\">abgesagt<\/td>\n<\/tr>\n<tr class=\"row-938\">\n\t<td class=\"column-1\">Handwerkskammer Braunschweig-L\u00fcneburg-Stadt<\/td><td class=\"column-2\">30.10.12<\/td><td class=\"column-3\">Einladung zur Grundsteinlegung des Kompetenentrums Innovative Geb\u00e4udetechnik Stade<\/td><td class=\"column-4\">abgesagt<\/td>\n<\/tr>\n<tr class=\"row-939\">\n\t<td class=\"column-1\">Bundesverband der Deutschen Luft- und Raumfahrtindustrie e.V.<\/td><td class=\"column-2\">30.10.12<\/td><td class=\"column-3\">zum BDLI-Empfang anl\u00e4sslich der Mitgliederversammlung 2012<\/td><td class=\"column-4\">abgesagt<\/td>\n<\/tr>\n<tr class=\"row-940\">\n\t<td class=\"column-1\">Sparkasse Schee\u00dfel<\/td><td class=\"column-2\">30.10.12<\/td><td class=\"column-3\">Einladung: Parlamentarischer Abend (Die Rolle der Sparkassen in der neuen eruop\u00e4ischen Finanzarchitektur: stark<\/td><td class=\"column-4\">stabil und sicher<\/td>\n<\/tr>\n<tr class=\"row-941\">\n\t<td class=\"column-1\">GdW Bundesverband deutscher Wohnungs- und Immobilienunternehmen e.V.<\/td><td class=\"column-2\">30.10.12<\/td><td class=\"column-3\">Einladung: Auftaktveranstaltung \"gerecht wohnen\"<\/td><td class=\"column-4\">abgesagt<\/td>\n<\/tr>\n<tr class=\"row-942\">\n\t<td class=\"column-1\"><\/td><td class=\"column-2\">30.10.12<\/td><td class=\"column-3\">Positionspapier: EU-Initiative zur  Abschlusspr\u00fcfung (Beibehaltung der Regelung des Art. 32 \"Grunds\u00e4tze der \u00f6ffentlichen Aufsicht\" der Abschlusspr\u00fcferrichtlinie aus 2006)<\/td><td class=\"column-4\"><\/td>\n<\/tr>\n<tr class=\"row-943\">\n\t<td class=\"column-1\">Innovationsforum Energiewende<\/td><td class=\"column-2\">30.10.12<\/td><td class=\"column-3\">Einladung: Innovationskongress 2012<\/td><td class=\"column-4\">abgesagt<\/td>\n<\/tr>\n<tr class=\"row-944\">\n\t<td class=\"column-1\">Orace Financial Services<\/td><td class=\"column-2\">30.10.12<\/td><td class=\"column-3\">Einladung: \"Operational Efficiency and Risk Management in the Belgian Banking Sector\"<\/td><td class=\"column-4\">abgesagt<\/td>\n<\/tr>\n<tr class=\"row-945\">\n\t<td class=\"column-1\">Stahlinstitut VDEh Wirtschaftsvereinigung Stahl<\/td><td class=\"column-2\">30.10.12<\/td><td class=\"column-3\">Einladung: Internationaler Stahltag<\/td><td class=\"column-4\">abgesagt<\/td>\n<\/tr>\n<tr class=\"row-946\">\n\t<td class=\"column-1\">British Independent Pharmacy &amp; Wholesale Association (BIPWA)<\/td><td class=\"column-2\">28.10.12<\/td><td class=\"column-3\">Position: Abuse of Competition Law Results in Financial Turmoil for EU Member States<\/td><td class=\"column-4\"><\/td>\n<\/tr>\n<tr class=\"row-947\">\n\t<td class=\"column-1\">Schweizerische Botschaft<\/td><td class=\"column-2\">17.10.12<\/td><td class=\"column-3\">Einladung: Schweizer Abend<\/td><td class=\"column-4\">abgesagt<\/td>\n<\/tr>\n<tr class=\"row-948\">\n\t<td class=\"column-1\">Bundesarbeitgeberverband Chemie e.V.<\/td><td class=\"column-2\">17.10.12<\/td><td class=\"column-3\">Position zur Abstimmung im EMPL Ausschuss \u00fcber Unternehmensumstrukturierung<\/td><td class=\"column-4\"><\/td>\n<\/tr>\n<tr class=\"row-949\">\n\t<td class=\"column-1\">Badischen Stahlwerke Kehl<\/td><td class=\"column-2\">16.10.12<\/td><td class=\"column-3\">Einladung Parlamentarischer Abend<\/td><td class=\"column-4\">abgesagt<\/td>\n<\/tr>\n<tr class=\"row-950\">\n\t<td class=\"column-1\">World Gold Council<\/td><td class=\"column-2\">16.10.12<\/td><td class=\"column-3\">Einladung: A more effective Eurozone monetary policy tool \u2013 gold-backed sovereign debt<\/td><td class=\"column-4\">abgesagt<\/td>\n<\/tr>\n<tr class=\"row-951\">\n\t<td class=\"column-1\">Zeitschrift CAPITAL<\/td><td class=\"column-2\">16.10.12<\/td><td class=\"column-3\">CAPITAL Junge Elite Gipfel 2012<\/td><td class=\"column-4\">abgesagt<\/td>\n<\/tr>\n<tr class=\"row-952\">\n\t<td class=\"column-1\">humebrophy.com<br \/>\n<\/td><td class=\"column-2\">16.10.12<\/td><td class=\"column-3\">meeting request UCITS V<\/td><td class=\"column-4\">abgesagt<\/td>\n<\/tr>\n<tr class=\"row-953\">\n\t<td class=\"column-1\">DBRS (Dominion Bond Rating Service<\/td><td class=\"column-2\">16.10.12<\/td><td class=\"column-3\">meeting regarding to CRA III<\/td><td class=\"column-4\">abgesagt<\/td>\n<\/tr>\n<tr class=\"row-954\">\n\t<td class=\"column-1\">Bundesarbeitgeberverband Chemie (BAVC)<\/td><td class=\"column-2\">16.10.12<\/td><td class=\"column-3\">Gespr\u00e4ch: Different aspects of the White Paper, in particular on the plans of the Commission to strengthen own-capital requirements for Institutions for Occupational Retirement Provision (IORP; \"IORP Directive\"<\/td><td class=\"column-4\">abgesagt<\/td>\n<\/tr>\n<tr class=\"row-955\">\n\t<td class=\"column-1\">Hill + Knowlton Strategies (www.hkstrategies.com)<\/td><td class=\"column-2\">16.10.12<\/td><td class=\"column-3\">Anfrage f\u00fcr ein Treffen<\/td><td class=\"column-4\">abgesagt<\/td>\n<\/tr>\n<tr class=\"row-956\">\n\t<td class=\"column-1\">The Missions of Canada to the European Union<\/td><td class=\"column-2\">16.10.12<\/td><td class=\"column-3\">Einladung: discuss the eurozone debt crisis<\/td><td class=\"column-4\">and Canada-EU economic issues<\/td>\n<\/tr>\n<tr class=\"row-957\">\n\t<td class=\"column-1\">Bundesverband deutscher Banken e.V. <br \/>\n<\/td><td class=\"column-2\">16.10.12<\/td><td class=\"column-3\">Einladung: Austausch zum Thema EU-Krisenmanagement<\/td><td class=\"column-4\">abgesagt<\/td>\n<\/tr>\n<tr class=\"row-958\">\n\t<td class=\"column-1\">Bundesverband der Deutschen<br \/>\nS\u00fc\u00dfwarenindustrie e.V. (BDSI)<\/td><td class=\"column-2\">16.10.12<\/td><td class=\"column-3\">Einladung zum Parlamentarischen Arbeitsessen<br \/>\nmit Vertretern der deutschen S\u00fc\u00dfwarenindustrie<\/td><td class=\"column-4\">abgesagt<\/td>\n<\/tr>\n<tr class=\"row-959\">\n\t<td class=\"column-1\">EPFSF \u2013 European Parliamentary Financial Services Forum<\/td><td class=\"column-2\">16.10.12<\/td><td class=\"column-3\">Einladung: Lunch Disscusion about Retail Investment Protection Package<\/td><td class=\"column-4\">abgesagt<\/td>\n<\/tr>\n<tr class=\"row-960\">\n\t<td class=\"column-1\">Commerzbank<\/td><td class=\"column-2\">16.10.12<\/td><td class=\"column-3\">Einladung: Commerzbank im Dialog und Jubil\u00e4umsempfang der Commerzbank 35 Jahre Niederlassung und 20 Jahre EU-Verbindungsb\u00fcro Br\u00fcssel<\/td><td class=\"column-4\">abgesagt<\/td>\n<\/tr>\n<tr class=\"row-961\">\n\t<td class=\"column-1\">Deutscher Bauernverband<\/td><td class=\"column-2\">15.10.12<\/td><td class=\"column-3\">Position: \u00c4nderungsvorschlag COM(2011) 628 final\/2<\/td><td class=\"column-4\"><\/td>\n<\/tr>\n<tr class=\"row-962\">\n\t<td class=\"column-1\">Verband der Wohnungs- und Immobilienwirtschaft Rheinland Westfalen<\/td><td class=\"column-2\">15.10.12<\/td><td class=\"column-3\">Festakt \"Internationales Jahr der Genossenschaften\" im nordrheinischen Landtag<\/td><td class=\"column-4\">Mitarbeiter Wahlkreisb\u00fcro gehen hin<\/td>\n<\/tr>\n<tr class=\"row-963\">\n\t<td class=\"column-1\">Stiftung Mercator \/ School of Governance<\/td><td class=\"column-2\">15.10.12<\/td><td class=\"column-3\">Policy Brunch in D\u00fcsseldorf \"Repr\u00e4sentation in der Krise\"<\/td><td class=\"column-4\">abgesagt<\/td>\n<\/tr>\n<tr class=\"row-964\">\n\t<td class=\"column-1\">Landesvereinigung der Unternehmensverb\u00e4nde Nordrhein-Westfalen e.V.<\/td><td class=\"column-2\">15.10.12<\/td><td class=\"column-3\">Unternehmertag 2012<\/td><td class=\"column-4\">abgesagt<\/td>\n<\/tr>\n<tr class=\"row-965\">\n\t<td class=\"column-1\">Deutscher Tierschutzbund e.V.<\/td><td class=\"column-2\">15.10.12<\/td><td class=\"column-3\">Einladung zum ECEAE Fr\u00fchst\u00fcckstreffen im Europ\u00e4ischen Parlament<\/td><td class=\"column-4\">abgesagt<\/td>\n<\/tr>\n<tr class=\"row-966\">\n\t<td class=\"column-1\">Rheinisch-Westf\u00e4lischer Genossenschaftsverband e.V.<\/td><td class=\"column-2\">15.10.12<\/td><td class=\"column-3\">Einladung zum Parlamentarischen Abend<\/td><td class=\"column-4\">abgesagt<\/td>\n<\/tr>\n<tr class=\"row-967\">\n\t<td class=\"column-1\">Handwerkskammer zu K\u00f6ln<\/td><td class=\"column-2\">15.10.12<\/td><td class=\"column-3\">Einladung Rheinischer Abend<\/td><td class=\"column-4\">abgesagt<\/td>\n<\/tr>\n<tr class=\"row-968\">\n\t<td class=\"column-1\">Afore Consulting<\/td><td class=\"column-2\">12.10.12<\/td><td class=\"column-3\">Treffen: Aspect of MiFID, regulation or market developments<\/td><td class=\"column-4\">abgesagt<\/td>\n<\/tr>\n<tr class=\"row-969\">\n\t<td class=\"column-1\">Banque de France<\/td><td class=\"column-2\">12.10.12<\/td><td class=\"column-3\">Einladung: Financement de l'\u00e9conomie: le r\u00f4le respectif des banques et des march\u00e9s (15 novembre 2012)<\/td><td class=\"column-4\">abgesagt<\/td>\n<\/tr>\n<tr class=\"row-970\">\n\t<td class=\"column-1\">Bundesverband Deutscher Zeitungsverleger e.V.<br \/>\n<br \/>\n<\/td><td class=\"column-2\">12.10.12<\/td><td class=\"column-3\">Position: MiFID Revision - Chance nutzen f\u00fcr effektiven Verbraucherschutz am Finanzmarkt<\/td><td class=\"column-4\"><\/td>\n<\/tr>\n<tr class=\"row-971\">\n\t<td class=\"column-1\">Europ\u00e4ische Bausparkassen Vereinigung<\/td><td class=\"column-2\">11.10.12<\/td><td class=\"column-3\">Treffen: Thema \"Bankenunion\"<\/td><td class=\"column-4\">zugesagt<\/td>\n<\/tr>\n<tr class=\"row-972\">\n\t<td class=\"column-1\">Chairman of Policy and Resources Committee Mark Boleat<\/td><td class=\"column-2\">11.10.12<\/td><td class=\"column-3\">Einladung: Annual City of London Brussels Reception<\/td><td class=\"column-4\"><\/td>\n<\/tr>\n<tr class=\"row-973\">\n\t<td class=\"column-1\">Bundesverband Dienstleistungswirtschaft BDWi<\/td><td class=\"column-2\">10.10.12<\/td><td class=\"column-3\">Veranstaltung zur \"Bankenunion\"<\/td><td class=\"column-4\">zugesagt; mit eigenem Redebeitrag<\/td>\n<\/tr>\n<tr class=\"row-974\">\n\t<td class=\"column-1\">Bundesverband Deutscher Banken<\/td><td class=\"column-2\">09.10.12<\/td><td class=\"column-3\">Host-Fr\u00fchst\u00fcck \u00fcber \"Bankenunion\"<\/td><td class=\"column-4\">zugesagt<\/td>\n<\/tr>\n<tr class=\"row-975\">\n\t<td class=\"column-1\">Centrum f\u00fcr Europ\u00e4ische Politik  <br \/>\n<br \/>\n<\/td><td class=\"column-2\">08.10.12<\/td><td class=\"column-3\">Position: Arbeitsplatzschaffenden Aufschwung<\/td><td class=\"column-4\"><\/td>\n<\/tr>\n<tr class=\"row-976\">\n\t<td class=\"column-1\">Bundesverband Deutscher Zeitungsverleger e.V.<\/td><td class=\"column-2\">08.10.12<\/td><td class=\"column-3\">Position: Kommissionsvorschl\u00e4gen f\u00fcr eine Verordnung \u00fcber Insider-Gesch\u00e4fte und Marktmanipulation und f\u00fcr eine Richtlinie \u00fcber Strafrechtliche Sanktionen f\u00fcr Insider-Gesch\u00e4fte und Marktmanipulation (McCarthy-Berichte)<\/td><td class=\"column-4\"><\/td>\n<\/tr>\n<tr class=\"row-977\">\n\t<td class=\"column-1\">Fair Trials International<\/td><td class=\"column-2\">09.10.12<\/td><td class=\"column-3\">Einladung: The right to a fair trial - how well is it protected in today`s EU?<\/td><td class=\"column-4\">abgesagt<\/td>\n<\/tr>\n<tr class=\"row-978\">\n\t<td class=\"column-1\">Bundesverband der Deutschen Volksbanken und Raiffeisenbanken<\/td><td class=\"column-2\">09.10.12<\/td><td class=\"column-3\">Position: Stellungnahme yu dem Vorschlag der Europ\u00e4ischen Kommission zu einer \"Regulation on key information documents for investmetn products\"<\/td><td class=\"column-4\"><\/td>\n<\/tr>\n<tr class=\"row-979\">\n\t<td class=\"column-1\">Deutscher Werberat<\/td><td class=\"column-2\">04.10.12<\/td><td class=\"column-3\">Einladung: 40 Jahre Deutscher Werberat<\/td><td class=\"column-4\">abgesagt<\/td>\n<\/tr>\n<tr class=\"row-980\">\n\t<td class=\"column-1\">Bundesverband der Deutschen Volksbanken und Raiffeisenbanken<\/td><td class=\"column-2\">05.10.12<\/td><td class=\"column-3\">Einladung zum parlamentarischen Abend<\/td><td class=\"column-4\">abgesagt<\/td>\n<\/tr>\n<tr class=\"row-981\">\n\t<td class=\"column-1\">DGB - Deutscher Gewerkschaftsbund<\/td><td class=\"column-2\">03.10.12<\/td><td class=\"column-3\">Position: Stellungnahme des DGB zum Vorschlag der EU-Kommission f\u00fcr eine<br \/>\nneue EU-Richtlinie \u00fcber die Konzessionsvergabe (897)<\/td><td class=\"column-4\"><\/td>\n<\/tr>\n<tr class=\"row-982\">\n\t<td class=\"column-1\">Gesamtverband der Deutschen<br \/>\nVersicherungswirtschaft e. V. (GDV)<\/td><td class=\"column-2\">03.10.12<\/td><td class=\"column-3\">Einladung: 9. Internationale Konferenz zu Solvency II<\/td><td class=\"column-4\">abgesagt<\/td>\n<\/tr>\n<tr class=\"row-983\">\n\t<td class=\"column-1\">Financial Future<\/td><td class=\"column-2\">03.10.12<\/td><td class=\"column-3\">Invitation Financial Future workshop<\/td><td class=\"column-4\">abgesagt<\/td>\n<\/tr>\n<tr class=\"row-984\">\n\t<td class=\"column-1\"><\/td><td class=\"column-2\"><\/td><td class=\"column-3\"><\/td><td class=\"column-4\"><\/td>\n<\/tr>\n<tr class=\"row-985\">\n\t<td class=\"column-1\">September 2012<\/td><td class=\"column-2\"><\/td><td class=\"column-3\"><\/td><td class=\"column-4\"><\/td>\n<\/tr>\n<tr class=\"row-986\">\n\t<td class=\"column-1\"><\/td><td class=\"column-2\"><\/td><td class=\"column-3\"><\/td><td class=\"column-4\"><\/td>\n<\/tr>\n<tr class=\"row-987\">\n\t<td class=\"column-1\">Unicredit<\/td><td class=\"column-2\">28.09.12<\/td><td class=\"column-3\">Einladung \"A Bel canto Night\" am 16. Oktober<\/td><td class=\"column-4\">abgesagt<\/td>\n<\/tr>\n<tr class=\"row-988\">\n\t<td class=\"column-1\">Deutscher<br \/>\nGewerkschaftsbund<\/td><td class=\"column-2\">26.09.12<\/td><td class=\"column-3\">Position: zum Vorschlag f\u00fcr eine Verordnung des Europ\u00e4ischen<br \/>\nParlaments und des Rates zum Schutz<br \/>\nnat\u00fcrlicher Personen bei der Verarbeitung personenbezogener<br \/>\nDaten und zum freien Warenverkehr<br \/>\n(Datenschutz-Grundverordnung)<br \/>\n(KOM(2012) 11 endg\u00fcltig)<\/td><td class=\"column-4\"><\/td>\n<\/tr>\n<tr class=\"row-989\">\n\t<td class=\"column-1\">ASF<\/td><td class=\"column-2\">French Association of Specialised Finance Companies<\/td><td class=\"column-3\">26.09.12<\/td><td class=\"column-4\">Work Lunch: revision of the insurance mediation directive<\/td>\n<\/tr>\n<tr class=\"row-990\">\n\t<td class=\"column-1\">Initiative for a competitive online marketplace<\/td><td class=\"column-2\">26.09.12<\/td><td class=\"column-3\">Meeting request on behalf of Hot Maps<\/td><td class=\"column-4\">ICOMP<\/td>\n<\/tr>\n<tr class=\"row-991\">\n\t<td class=\"column-1\">www.cicero-group.com<\/td><td class=\"column-2\">26.09.12<\/td><td class=\"column-3\">Meeting request: World Gold Council<\/td><td class=\"column-4\">abgesagt<\/td>\n<\/tr>\n<\/tbody>\n<\/table>\n<!-- #tablepress-3 from cache -->\n<p>And earlier:<\/p>\n\n<table id=\"tablepress-17\" class=\"tablepress tablepress-id-17\">\n<thead>\n<tr class=\"row-1\">\n\t<th class=\"column-1\">Wer<\/th><th class=\"column-2\">Wann<\/th><th class=\"column-3\">Was<\/th><th class=\"column-4\">Wie<\/th>\n<\/tr>\n<\/thead>\n<tbody class=\"row-striping\">\n<tr class=\"row-2\">\n\t<td class=\"column-1\"><\/td><td class=\"column-2\"><\/td><td class=\"column-3\"><\/td><td class=\"column-4\"><\/td>\n<\/tr>\n<tr class=\"row-3\">\n\t<td class=\"column-1\"><\/td><td class=\"column-2\"><\/td><td class=\"column-3\"><\/td><td class=\"column-4\"><\/td>\n<\/tr>\n<tr class=\"row-4\">\n\t<td class=\"column-1\">September 2014<\/td><td class=\"column-2\"><\/td><td class=\"column-3\"><\/td><td class=\"column-4\"><\/td>\n<\/tr>\n<tr class=\"row-5\">\n\t<td class=\"column-1\">SHS Gesellschaft f\u00fcr Beteiligungsmanagement mbH<\/td><td class=\"column-2\">03.09.2014<\/td><td class=\"column-3\">Hinweis auf Pressemitteilung einer Investition des neuen SHS IV Fonds in Schweizer TRI Dental Implants Int. AG (TRI)<\/td><td class=\"column-4\"><\/td>\n<\/tr>\n<tr class=\"row-6\">\n\t<td class=\"column-1\">eco - Verband der deutschen Internetwirtschaft e.V.<\/td><td class=\"column-2\">03.09.2014<\/td><td class=\"column-3\">Erinnerung: Einladung zum Politikfr\u00fchst\u00fcck<\/td><td class=\"column-4\"><\/td>\n<\/tr>\n<tr class=\"row-7\">\n\t<td class=\"column-1\">pulmonale hypertonie e.v.<\/td><td class=\"column-2\">03.09.2014<\/td><td class=\"column-3\">Gratulation zur Wahl; Selbstvorstellung des pulmonale hypertonie e.v.<\/td><td class=\"column-4\"><\/td>\n<\/tr>\n<tr class=\"row-8\">\n\t<td class=\"column-1\">Hochschulrektorenkonferenz (HRK)<\/td><td class=\"column-2\">02.09.2014<\/td><td class=\"column-3\">Hinweis auf Pressemitteilung zu den unverh\u00e4ltnism\u00e4\u00dfigen K\u00fcrzungsvorschl\u00e4gen des Rates im Bereich Innovation im Zuge der EU-Haushaltsverhandlungen 2015<\/td><td class=\"column-4\"><\/td>\n<\/tr>\n<tr class=\"row-9\">\n\t<td class=\"column-1\">Bundesverband \u00d6ffentlicher Banken Deutschlands e. V.<\/td><td class=\"column-2\">02.09.2014<\/td><td class=\"column-3\">Statement bez\u00fcglich des Einheitlichen Abwicklungsmechanismus und europ\u00e4ischer Abwicklungsfonds (SRM\/SRF), genauer: Bankenabgabe und durchgeleitete F\u00f6rderkredite<\/td><td class=\"column-4\"><\/td>\n<\/tr>\n<tr class=\"row-10\">\n\t<td class=\"column-1\">Commerzbank AG<\/td><td class=\"column-2\">02.09.2014<\/td><td class=\"column-3\">Hinweis auf einen Namensartikel des Vorstandsvorsitzenden der Commerzbank AG, Herrn Martin Blessing, im Handelsblatt vom 03.09.2014 mit einem Pl\u00e4doyer f\u00fcr die koordinierte Einf\u00fchrung von Eurobonds auf der Basis eines klar definierten Rechtsrahmens<\/td><td class=\"column-4\"><\/td>\n<\/tr>\n<tr class=\"row-11\">\n\t<td class=\"column-1\">Vertretung des Landes Baden-W\u00fcrttemberg<\/td><td class=\"column-2\">01.09.2014<\/td><td class=\"column-3\">Erinnerung: Einladung zum EnBW-Sommerfest<\/td><td class=\"column-4\"><\/td>\n<\/tr>\n<tr class=\"row-12\">\n\t<td class=\"column-1\">eco - Verband der deutschen Internetwirtschaft e.V.<\/td><td class=\"column-2\">01.09.2014<\/td><td class=\"column-3\">Einladung zum Politikfr\u00fchst\u00fcck<\/td><td class=\"column-4\"><\/td>\n<\/tr>\n<tr class=\"row-13\">\n\t<td class=\"column-1\">Vertretung des Landes Baden-W\u00fcrttemberg bei der Europ\u00e4ischen Union<\/td><td class=\"column-2\">01.09.2014<\/td><td class=\"column-3\">Einladung zur Lunch-Debate \"Erfolgreicher Breitband-Ausbau in Baden-W\u00fcrttemberg: Synergien nutzen und Kosten senken\"<\/td><td class=\"column-4\"><\/td>\n<\/tr>\n<tr class=\"row-14\">\n\t<td class=\"column-1\">Kurt Kreibohm, Berlin<\/td><td class=\"column-2\">01.09.2014<\/td><td class=\"column-3\">Bemerkung zum falschen Bonhoeffer-Zitat durch Pfarrer Nikolaus Schneider\/Ratsvorsitzender der EKD vom 27. August<\/td><td class=\"column-4\"><\/td>\n<\/tr>\n<tr class=\"row-15\">\n\t<td class=\"column-1\"><\/td><td class=\"column-2\"><\/td><td class=\"column-3\"><\/td><td class=\"column-4\"><\/td>\n<\/tr>\n<tr class=\"row-16\">\n\t<td class=\"column-1\">August 2014<\/td><td class=\"column-2\"><\/td><td class=\"column-3\"><\/td><td class=\"column-4\"><\/td>\n<\/tr>\n<tr class=\"row-17\">\n\t<td class=\"column-1\">Amerikanische Handelskammer in Deutschland (AmCham Germany)<\/td><td class=\"column-2\"><\/td><td class=\"column-3\"><\/td><td class=\"column-4\"><\/td>\n<\/tr>\n<tr class=\"row-18\">\n\t<td class=\"column-1\">Verband der Sparda-Banken e.V.<\/td><td class=\"column-2\">29.08.2014<\/td><td class=\"column-3\">Information \u00fcber neue Spitzenplatzierung, Dank f\u00fcr (etwaige) Unterst\u00fctzung<\/td><td class=\"column-4\"><\/td>\n<\/tr>\n<tr class=\"row-19\">\n\t<td class=\"column-1\">Bundesverband der Deutschen Volksbanken und Raiffeisenbanken e.V. - BVR<\/td><td class=\"column-2\">28.08.2014<\/td><td class=\"column-3\">Statement und \u00dcbersendung Positionspapiere und Pettia bez\u00fcglich Beitragsbemessung zum Abwicklungsfonds<\/td><td class=\"column-4\"><\/td>\n<\/tr>\n<tr class=\"row-20\">\n\t<td class=\"column-1\">The Kangaroo Group<\/td><td class=\"column-2\">27.08.2014<\/td><td class=\"column-3\">Invitation to speak at lunchtime session<\/td><td class=\"column-4\">Abgesagt<\/td>\n<\/tr>\n<tr class=\"row-21\">\n\t<td class=\"column-1\">Amerikanische Handelskammer in Deutschland (AmCham Germany)<\/td><td class=\"column-2\">26.08.2014<\/td><td class=\"column-3\">Einladung zum Parlamentarischen Fr\u00fchst\u00fcck<\/td><td class=\"column-4\"><\/td>\n<\/tr>\n<tr class=\"row-22\">\n\t<td class=\"column-1\">Bundesverband deutscher Banken<\/td><td class=\"column-2\">18.08.2014<\/td><td class=\"column-3\">Einladung zum Abendgespr\u00e4ch<\/td><td class=\"column-4\"><\/td>\n<\/tr>\n<tr class=\"row-23\">\n\t<td class=\"column-1\">Eisenbahn- und Verkehrsgewerkschaft (EVG)<\/td><td class=\"column-2\">15.08.2014<\/td><td class=\"column-3\">\u00dcbersendung von Forderungen ans neue Europ\u00e4ische Parlament<\/td><td class=\"column-4\"><\/td>\n<\/tr>\n<tr class=\"row-24\">\n\t<td class=\"column-1\">Deutschen Schwerh\u00f6rigenbund e.V. (DSB)<\/td><td class=\"column-2\">08.08.2014<\/td><td class=\"column-3\">Einladung zur Internationalen Konferenz des Europ\u00e4ischen Schwerh\u00f6rigenverband EFHOH in Essen 2015<\/td><td class=\"column-4\"><\/td>\n<\/tr>\n<tr class=\"row-25\">\n\t<td class=\"column-1\">EuropeanIssuers and FESE in cooperation with the European Commission's Directorate-General for Enterprise and Industry (DG ENTR).<\/td><td class=\"column-2\">05.08.2014<\/td><td class=\"column-3\">Invitation to European Small and Mid-Cap Awards 2014<\/td><td class=\"column-4\"><\/td>\n<\/tr>\n<tr class=\"row-26\">\n\t<td class=\"column-1\">Verband der Chemischen Industrie e. V., Landesverband Hessen<\/td><td class=\"column-2\">01.08.2014<\/td><td class=\"column-3\">Einladung zum EU-Pharmalunch<\/td><td class=\"column-4\"><\/td>\n<\/tr>\n<tr class=\"row-27\">\n\t<td class=\"column-1\">Deutsches Aktieninstitut e.V.<\/td><td class=\"column-2\">01.08.2014<\/td><td class=\"column-3\">Einladung zum Herbstempfang 2014<\/td><td class=\"column-4\"><\/td>\n<\/tr>\n<tr class=\"row-28\">\n\t<td class=\"column-1\">MEP Elisabetta Gardini &amp; FuelsEurope<\/td><td class=\"column-2\">01.08.2014<\/td><td class=\"column-3\">Invitation to Welcome Cocktail<\/td><td class=\"column-4\"><\/td>\n<\/tr>\n<tr class=\"row-29\">\n\t<td class=\"column-1\"><\/td><td class=\"column-2\"><\/td><td class=\"column-3\"><\/td><td class=\"column-4\"><\/td>\n<\/tr>\n<tr class=\"row-30\">\n\t<td class=\"column-1\">Juli 2014<\/td><td class=\"column-2\"><\/td><td class=\"column-3\"><\/td><td class=\"column-4\"><\/td>\n<\/tr>\n<tr class=\"row-31\">\n\t<td class=\"column-1\">Geopolitical Information Service AG<\/td><td class=\"column-2\">30.07.2014<\/td><td class=\"column-3\">Presentation of Services<\/td><td class=\"column-4\"><\/td>\n<\/tr>\n<tr class=\"row-32\">\n\t<td class=\"column-1\">bpa - Bundesverband privater Anbieter sozialer Dienste e.V.<\/td><td class=\"column-2\">29.07.2014<\/td><td class=\"column-3\">\u00dcbersendung Pressemitteilung<\/td><td class=\"column-4\"><\/td>\n<\/tr>\n<tr class=\"row-33\">\n\t<td class=\"column-1\">Civil Society Contact Group (CSCG)<\/td><td class=\"column-2\">29.07.2014<\/td><td class=\"column-3\">Invitation to participate at European Citizens Summit 2014 Beyond Europe's growth obsession: rights, justice and democracy for all<\/td><td class=\"column-4\"><\/td>\n<\/tr>\n<tr class=\"row-34\">\n\t<td class=\"column-1\">VDE Verband der Elektrotechnik Elektronik Informationstechnik e.V.<\/td><td class=\"column-2\">24.07.2014<\/td><td class=\"column-3\">Invitation to Summer Reception<\/td><td class=\"column-4\"><\/td>\n<\/tr>\n<tr class=\"row-35\">\n\t<td class=\"column-1\">Community Public Affairs<\/td><td class=\"column-2\">23.07.2014<\/td><td class=\"column-3\">Congratulation to Election; Self-Representation<\/td><td class=\"column-4\"><\/td>\n<\/tr>\n<tr class=\"row-36\">\n\t<td class=\"column-1\">Kommission f\u00fcr Verst\u00f6\u00dfe der Psychiatrie gegen Menschenrechte Deutschland e.V.<\/td><td class=\"column-2\">23.07.2014<\/td><td class=\"column-3\">Aufforderung sich f\u00fcr Reformen (\u00dcberarbeitung Antikorruptionsgesetz) einzusetzen<\/td><td class=\"column-4\"><\/td>\n<\/tr>\n<tr class=\"row-37\">\n\t<td class=\"column-1\">French Association of Large Companies (AFEP)<\/td><td class=\"column-2\">22.07.2014<\/td><td class=\"column-3\">Transmission of Statement regarding positions, priorities and proposals of AFEP<\/td><td class=\"column-4\"><\/td>\n<\/tr>\n<tr class=\"row-38\">\n\t<td class=\"column-1\">EMMA (European Magazine Media Association)<\/td><td class=\"column-2\">22.07.2014<\/td><td class=\"column-3\">Invitation to Meeting to present priorities and discuss ideas<\/td><td class=\"column-4\"><\/td>\n<\/tr>\n<tr class=\"row-39\">\n\t<td class=\"column-1\">European Trade Union Confederation (ETUC)<\/td><td class=\"column-2\">19.07.2014<\/td><td class=\"column-3\">Congratulation to Election; Invitation to informal meeting<\/td><td class=\"column-4\"><\/td>\n<\/tr>\n<tr class=\"row-40\">\n\t<td class=\"column-1\">Vertretung der Freien Hansestadt Bremen bei der Europ\u00e4ischen Union<\/td><td class=\"column-2\">18.07.2014<\/td><td class=\"column-3\">Einladung zu R\u00fcckschau auf Wahl und neue Periode mit Bremer Senatorin f\u00fcr Soziales, Kinder, Jugend und Frauen, Anja Stahmann<\/td><td class=\"column-4\"><\/td>\n<\/tr>\n<tr class=\"row-41\">\n\t<td class=\"column-1\">European Consumer Organisation (BEUC)<\/td><td class=\"column-2\">17.07.2014<\/td><td class=\"column-3\">Congratulation to Election; Presentation of their Memorandum<\/td><td class=\"column-4\"><\/td>\n<\/tr>\n<tr class=\"row-42\">\n\t<td class=\"column-1\">EFRAG - European Financial Reporting Advisory Group<\/td><td class=\"column-2\">17.07.2014<\/td><td class=\"column-3\">Presentation of Insider Edition for second half of 2014<\/td><td class=\"column-4\"><\/td>\n<\/tr>\n<tr class=\"row-43\">\n\t<td class=\"column-1\">European Parliamentary Financial Services Forum<\/td><td class=\"column-2\">17.07.2014<\/td><td class=\"column-3\">Invitation to Welcome Reception<\/td><td class=\"column-4\"><\/td>\n<\/tr>\n<tr class=\"row-44\">\n\t<td class=\"column-1\">Bruegel (Think Tank)<\/td><td class=\"column-2\">16.07.2014<\/td><td class=\"column-3\">Invitation to Annual Meeting: \"Europe The Way Ahead\"<\/td><td class=\"column-4\">Absage<\/td>\n<\/tr>\n<tr class=\"row-45\">\n\t<td class=\"column-1\">Deutsche B\u00f6rse AG<\/td><td class=\"column-2\">10.07.2014<\/td><td class=\"column-3\">Zusendung des White Papers \"Wie zentrale Kontrahenten die Sicherheit und Integrit\u00e4t der Finanzm\u00e4rkte st\u00e4rken\"<\/td><td class=\"column-4\"><\/td>\n<\/tr>\n<tr class=\"row-46\">\n\t<td class=\"column-1\">Verband der T\u00dcV e.V. (VdT\u00dcV)<\/td><td class=\"column-2\">09.07.2014<\/td><td class=\"column-3\">Einladung zum Parlamentarischen Abend<\/td><td class=\"column-4\"><\/td>\n<\/tr>\n<tr class=\"row-47\">\n\t<td class=\"column-1\">Union of the Electricity Industry-Eurelectric<\/td><td class=\"column-2\">07.07.2014<\/td><td class=\"column-3\">Welcome Letter after election to Parliament; Overview of priorities over next months<\/td><td class=\"column-4\"><\/td>\n<\/tr>\n<tr class=\"row-48\">\n\t<td class=\"column-1\">Social Economy Europe<\/td><td class=\"column-2\">07.07.2014<\/td><td class=\"column-3\">Congratulations to Re-election; Information about Continuation of Social Economy Intergroup<\/td><td class=\"column-4\"><\/td>\n<\/tr>\n<tr class=\"row-49\">\n\t<td class=\"column-1\">Lufthansa Group<\/td><td class=\"column-2\">04.07.2014<\/td><td class=\"column-3\">Vorstellung des neuen Politikbrief 03\/2014<\/td><td class=\"column-4\"><\/td>\n<\/tr>\n<tr class=\"row-50\">\n\t<td class=\"column-1\">European Insurance and Occupational Pensions Authority<\/td><td class=\"column-2\">04.07.2014<\/td><td class=\"column-3\">Request for a Meeting<\/td><td class=\"column-4\"><\/td>\n<\/tr>\n<tr class=\"row-51\">\n\t<td class=\"column-1\">European Trade Union Committee for Education (ETUCE)<\/td><td class=\"column-2\">03.07.2014<\/td><td class=\"column-3\">Invitation as speaker at roundtable in \"Public Hearing on the Future of Quality Education\"<\/td><td class=\"column-4\">Absage<\/td>\n<\/tr>\n<tr class=\"row-52\">\n\t<td class=\"column-1\">Vertretung des Landes Baden-W\u00fcrttemberg<\/td><td class=\"column-2\">03.07.2014<\/td><td class=\"column-3\">Einladung zum EnBW-Sommerfest<\/td><td class=\"column-4\"><\/td>\n<\/tr>\n<tr class=\"row-53\">\n\t<td class=\"column-1\">SOLIDAR Network<\/td><td class=\"column-2\">03.07.2014<\/td><td class=\"column-3\">Congratulations for Election; Presentation of own organization and recommendations<\/td><td class=\"column-4\"><\/td>\n<\/tr>\n<tr class=\"row-54\">\n\t<td class=\"column-1\">Amnesty International<\/td><td class=\"column-2\">02.07.2014<\/td><td class=\"column-3\">Thank you for pledge to protect people before borders; congratulations for being elected to parliament; recommendation to also sign other pledges<\/td><td class=\"column-4\"><\/td>\n<\/tr>\n<tr class=\"row-55\">\n\t<td class=\"column-1\">Deutsche Post DHL<\/td><td class=\"column-2\">02.07.2014<\/td><td class=\"column-3\">Erinnerung zur Einladung zum \"Sommer-Cocktail\"<\/td><td class=\"column-4\"><\/td>\n<\/tr>\n<tr class=\"row-56\">\n\t<td class=\"column-1\"><\/td><td class=\"column-2\"><\/td><td class=\"column-3\"><\/td><td class=\"column-4\"><\/td>\n<\/tr>\n<tr class=\"row-57\">\n\t<td class=\"column-1\">Juni 2014<\/td><td class=\"column-2\"><\/td><td class=\"column-3\"><\/td><td class=\"column-4\"><\/td>\n<\/tr>\n<tr class=\"row-58\">\n\t<td class=\"column-1\">Foundation Institute for Eastern Studies<\/td><td class=\"column-2\">30.06.2014<\/td><td class=\"column-3\">Einladung zum 24. Wirtschaftsforum in Polen; Bitte um Teilnahme als Diskutant f\u00fcr Veranstaltung \"Is the EU's Banking Union Needed?\".<\/td><td class=\"column-4\">Absage<\/td>\n<\/tr>\n<\/tbody>\n<\/table>\n<!-- #tablepress-17 from cache -->\n","protected":false},"excerpt":{"rendered":"<p>These are all lobby meetings and lobby input before the introduction of LobbyCal. And earlier:<\/p>\n","protected":false},"author":8,"featured_media":0,"parent":0,"menu_order":14,"comment_status":"closed","ping_status":"closed","template":"","meta":{"_acf_changed":false,"footnotes":""},"class_list":["post-39866","page","type-page","status-publish","hentry"],"acf":[],"yoast_head":"<!-- This site is optimized with the Yoast SEO plugin v26.3 - https:\/\/yoast.com\/wordpress\/plugins\/seo\/ -->\n<title>Lobbytransparenz 2009-2016 - Sven Giegold<\/title>\n<meta name=\"robots\" content=\"index, follow, max-snippet:-1, max-image-preview:large, max-video-preview:-1\" \/>\n<link rel=\"canonical\" href=\"https:\/\/sven-giegold.de\/en\/lobbytransparenz-2009-2016\/\" \/>\n<meta property=\"og:locale\" content=\"en_US\" \/>\n<meta property=\"og:type\" content=\"article\" \/>\n<meta property=\"og:title\" content=\"Lobbytransparenz 2009-2016 - Sven Giegold\" \/>\n<meta property=\"og:description\" content=\"These are all lobby meetings and lobby input before the introduction of LobbyCal. And earlier:\" \/>\n<meta property=\"og:url\" content=\"https:\/\/sven-giegold.de\/en\/lobbytransparenz-2009-2016\/\" \/>\n<meta property=\"og:site_name\" content=\"Sven Giegold\" \/>\n<meta property=\"article:modified_time\" content=\"2020-06-22T11:43:06+00:00\" \/>\n<meta name=\"twitter:card\" content=\"summary_large_image\" \/>\n<meta name=\"twitter:site\" content=\"@sven_giegold\" \/>\n<script type=\"application\/ld+json\" class=\"yoast-schema-graph\">{\"@context\":\"https:\/\/schema.org\",\"@graph\":[{\"@type\":\"WebPage\",\"@id\":\"https:\/\/sven-giegold.de\/en\/lobbytransparenz-2009-2016\/\",\"url\":\"https:\/\/sven-giegold.de\/en\/lobbytransparenz-2009-2016\/\",\"name\":\"Lobbytransparenz 2009-2016 - Sven Giegold\",\"isPartOf\":{\"@id\":\"https:\/\/sven-giegold.de\/en\/#website\"},\"datePublished\":\"2020-06-19T19:19:57+00:00\",\"dateModified\":\"2020-06-22T11:43:06+00:00\",\"breadcrumb\":{\"@id\":\"https:\/\/sven-giegold.de\/en\/lobbytransparenz-2009-2016\/#breadcrumb\"},\"inLanguage\":\"en-US\",\"potentialAction\":[{\"@type\":\"ReadAction\",\"target\":[\"https:\/\/sven-giegold.de\/en\/lobbytransparenz-2009-2016\/\"]}]},{\"@type\":\"BreadcrumbList\",\"@id\":\"https:\/\/sven-giegold.de\/en\/lobbytransparenz-2009-2016\/#breadcrumb\",\"itemListElement\":[{\"@type\":\"ListItem\",\"position\":1,\"name\":\"Home\",\"item\":\"https:\/\/sven-giegold.de\/en\/startpage\/\"},{\"@type\":\"ListItem\",\"position\":2,\"name\":\"Lobbytransparenz 2009-2016\"}]},{\"@type\":\"WebSite\",\"@id\":\"https:\/\/sven-giegold.de\/en\/#website\",\"url\":\"https:\/\/sven-giegold.de\/en\/\",\"name\":\"Sven Giegold\",\"description\":\"\",\"publisher\":{\"@id\":\"https:\/\/sven-giegold.de\/en\/#\/schema\/person\/631e73a0c08b7065d4288777b56433c1\"},\"potentialAction\":[{\"@type\":\"SearchAction\",\"target\":{\"@type\":\"EntryPoint\",\"urlTemplate\":\"https:\/\/sven-giegold.de\/en\/?s={search_term_string}\"},\"query-input\":{\"@type\":\"PropertyValueSpecification\",\"valueRequired\":true,\"valueName\":\"search_term_string\"}}],\"inLanguage\":\"en-US\"},{\"@type\":[\"Person\",\"Organization\"],\"@id\":\"https:\/\/sven-giegold.de\/en\/#\/schema\/person\/631e73a0c08b7065d4288777b56433c1\",\"name\":\"Sven\",\"image\":{\"@type\":\"ImageObject\",\"inLanguage\":\"en-US\",\"@id\":\"https:\/\/sven-giegold.de\/en\/#\/schema\/person\/image\/\",\"url\":\"https:\/\/sven-giegold.de\/wp-content\/uploads\/2019\/05\/SvenGiegold_byDominikButzmann_50pc-scaled.jpg\",\"contentUrl\":\"https:\/\/sven-giegold.de\/wp-content\/uploads\/2019\/05\/SvenGiegold_byDominikButzmann_50pc-scaled.jpg\",\"width\":2560,\"height\":1708,\"caption\":\"Sven\"},\"logo\":{\"@id\":\"https:\/\/sven-giegold.de\/en\/#\/schema\/person\/image\/\"},\"sameAs\":[\"https:\/\/sven-giegold.de\"]}]}<\/script>\n<!-- \/ Yoast SEO plugin. -->","yoast_head_json":{"title":"Lobbytransparenz 2009-2016 - Sven Giegold","robots":{"index":"index","follow":"follow","max-snippet":"max-snippet:-1","max-image-preview":"max-image-preview:large","max-video-preview":"max-video-preview:-1"},"canonical":"https:\/\/sven-giegold.de\/en\/lobbytransparenz-2009-2016\/","og_locale":"en_US","og_type":"article","og_title":"Lobbytransparenz 2009-2016 - Sven Giegold","og_description":"These are all lobby meetings and lobby input before the introduction of LobbyCal. And earlier:","og_url":"https:\/\/sven-giegold.de\/en\/lobbytransparenz-2009-2016\/","og_site_name":"Sven Giegold","article_modified_time":"2020-06-22T11:43:06+00:00","twitter_card":"summary_large_image","twitter_site":"@sven_giegold","schema":{"@context":"https:\/\/schema.org","@graph":[{"@type":"WebPage","@id":"https:\/\/sven-giegold.de\/en\/lobbytransparenz-2009-2016\/","url":"https:\/\/sven-giegold.de\/en\/lobbytransparenz-2009-2016\/","name":"Lobbytransparenz 2009-2016 - Sven Giegold","isPartOf":{"@id":"https:\/\/sven-giegold.de\/en\/#website"},"datePublished":"2020-06-19T19:19:57+00:00","dateModified":"2020-06-22T11:43:06+00:00","breadcrumb":{"@id":"https:\/\/sven-giegold.de\/en\/lobbytransparenz-2009-2016\/#breadcrumb"},"inLanguage":"en-US","potentialAction":[{"@type":"ReadAction","target":["https:\/\/sven-giegold.de\/en\/lobbytransparenz-2009-2016\/"]}]},{"@type":"BreadcrumbList","@id":"https:\/\/sven-giegold.de\/en\/lobbytransparenz-2009-2016\/#breadcrumb","itemListElement":[{"@type":"ListItem","position":1,"name":"Home","item":"https:\/\/sven-giegold.de\/en\/startpage\/"},{"@type":"ListItem","position":2,"name":"Lobbytransparenz 2009-2016"}]},{"@type":"WebSite","@id":"https:\/\/sven-giegold.de\/en\/#website","url":"https:\/\/sven-giegold.de\/en\/","name":"Sven Giegold","description":"","publisher":{"@id":"https:\/\/sven-giegold.de\/en\/#\/schema\/person\/631e73a0c08b7065d4288777b56433c1"},"potentialAction":[{"@type":"SearchAction","target":{"@type":"EntryPoint","urlTemplate":"https:\/\/sven-giegold.de\/en\/?s={search_term_string}"},"query-input":{"@type":"PropertyValueSpecification","valueRequired":true,"valueName":"search_term_string"}}],"inLanguage":"en-US"},{"@type":["Person","Organization"],"@id":"https:\/\/sven-giegold.de\/en\/#\/schema\/person\/631e73a0c08b7065d4288777b56433c1","name":"Sven","image":{"@type":"ImageObject","inLanguage":"en-US","@id":"https:\/\/sven-giegold.de\/en\/#\/schema\/person\/image\/","url":"https:\/\/sven-giegold.de\/wp-content\/uploads\/2019\/05\/SvenGiegold_byDominikButzmann_50pc-scaled.jpg","contentUrl":"https:\/\/sven-giegold.de\/wp-content\/uploads\/2019\/05\/SvenGiegold_byDominikButzmann_50pc-scaled.jpg","width":2560,"height":1708,"caption":"Sven"},"logo":{"@id":"https:\/\/sven-giegold.de\/en\/#\/schema\/person\/image\/"},"sameAs":["https:\/\/sven-giegold.de"]}]}},"_links":{"self":[{"href":"https:\/\/sven-giegold.de\/en\/wp-json\/wp\/v2\/pages\/39866","targetHints":{"allow":["GET"]}}],"collection":[{"href":"https:\/\/sven-giegold.de\/en\/wp-json\/wp\/v2\/pages"}],"about":[{"href":"https:\/\/sven-giegold.de\/en\/wp-json\/wp\/v2\/types\/page"}],"author":[{"embeddable":true,"href":"https:\/\/sven-giegold.de\/en\/wp-json\/wp\/v2\/users\/8"}],"replies":[{"embeddable":true,"href":"https:\/\/sven-giegold.de\/en\/wp-json\/wp\/v2\/comments?post=39866"}],"version-history":[{"count":0,"href":"https:\/\/sven-giegold.de\/en\/wp-json\/wp\/v2\/pages\/39866\/revisions"}],"wp:attachment":[{"href":"https:\/\/sven-giegold.de\/en\/wp-json\/wp\/v2\/media?parent=39866"}],"curies":[{"name":"wp","href":"https:\/\/api.w.org\/{rel}","templated":true}]}}